{"id":117,"date":"2020-04-08T16:52:02","date_gmt":"2020-04-08T14:52:02","guid":{"rendered":"https:\/\/entretiensalzheimer.org\/?page_id=117"},"modified":"2026-01-07T11:59:13","modified_gmt":"2026-01-07T10:59:13","slug":"marseille","status":"publish","type":"page","link":"https:\/\/entretiensalzheimer.org\/index.php\/marseille\/","title":{"rendered":"MARSEILLE"},"content":{"rendered":"<div id='av_section_1'  class='avia-section main_color avia-section-huge avia-no-border-styling  avia-full-stretch av-section-color-overlay-active avia-bg-style-scroll  avia-builder-el-0  el_before_av_three_fifth  avia-builder-el-first   container_wrap fullsize' style='background-repeat: no-repeat; background-image: url(https:\/\/entretiensalzheimer.org\/wp-content\/uploads\/2025\/09\/bg-header.jpg);background-attachment: scroll; background-position: top left;  '  data-section-bg-repeat='stretch'><div class='av-section-color-overlay-wrap'><div class='av-section-color-overlay' style='opacity: 0.8; background-color: #8232a7; '><\/div><div class='container' ><main  role=\"main\" itemprop=\"mainContentOfPage\"  class='template-page content  av-content-full alpha units'><div class='post-entry post-entry-type-page post-entry-117'><div class='entry-content-wrapper clearfix'>\n<div class=\"flex_column av_one_full  flex_column_div av-zero-column-padding first  avia-builder-el-1  avia-builder-el-no-sibling  \" style='margin-top:0px; margin-bottom:-30px; border-radius:0px; '><section class=\"av_textblock_section \"  itemscope=\"itemscope\" itemtype=\"https:\/\/schema.org\/CreativeWork\" ><div class='avia_textblock  av_inherit_color '  style='font-size:30px; color:#ffffff; '  itemprop=\"text\" ><p style=\"text-align: center;\">Entretiens Alzheimer<\/p>\n<div  style='height:60px' class='hr hr-invisible   avia-builder-el-3  el_before_av_hr  avia-builder-el-first '><span class='hr-inner ' ><span class='hr-inner-style'><\/span><\/span><\/div>\n<h1 style=\"text-align: center;\"><strong>Marseille<\/strong><\/h1>\n<div  style='height:1px; margin-top:-40px'  class='hr hr-invisible   avia-builder-el-4  el_after_av_hr  el_before_av_hr '><span class='hr-inner ' ><span class='hr-inner-style'><\/span><\/span><\/div>\n<p style=\"text-align: center;\">6<sup>\u00e8me<\/sup> \u00e9dition<\/p>\n<div  style='height:40px' class='hr hr-invisible   avia-builder-el-5  el_after_av_hr  el_before_av_hr '><span class='hr-inner ' ><span class='hr-inner-style'><\/span><\/span><\/div>\n<p style=\"text-align: center;\">Mardi 3 novembre 2026 &#8211; Salle La Major<\/p>\n<div  style='height:40px' class='hr hr-invisible   avia-builder-el-6  el_after_av_hr  avia-builder-el-last '><span class='hr-inner ' ><span class='hr-inner-style'><\/span><\/span><\/div>\n<p style=\"text-align: center;\">Ouverture des inscriptions mi-juin !<\/p>\n<\/div><\/section><\/div>\n<\/div><\/div><\/main><!-- close content main element --><\/div><\/div><\/div><div id='after_section_1'  class='main_color av_default_container_wrap container_wrap fullsize' style=' '  ><div class='container' ><div class='template-page content  av-content-full alpha units'><div class='post-entry post-entry-type-page post-entry-117'><div class='entry-content-wrapper clearfix'>\n<div class=\"flex_column av_three_fifth  flex_column_div first  avia-builder-el-7  el_after_av_section  el_before_av_two_fifth  avia-builder-el-first  \" style='background: #fbf6f3; padding:30px; background-color:#fbf6f3; border-radius:0px; '><\/div><div class=\"flex_column av_two_fifth  flex_column_div av-zero-column-padding   avia-builder-el-8  el_after_av_three_fifth  el_before_av_hr  \" style='border-radius:0px; '><div   class='hr hr-default   avia-builder-el-9  avia-builder-el-no-sibling '><span class='hr-inner ' ><span class='hr-inner-style'><\/span><\/span><\/div><\/div><div  style='height:50px' class='hr hr-invisible   avia-builder-el-10  el_after_av_two_fifth  el_before_av_one_full '><span class='hr-inner ' ><span class='hr-inner-style'><\/span><\/span><\/div><\/p>\n<div class=\"flex_column av_one_full  flex_column_div av-zero-column-padding first  avia-builder-el-11  el_after_av_hr  avia-builder-el-last  \" style='border-radius:0px; '><section class=\"av_textblock_section \"  itemscope=\"itemscope\" itemtype=\"https:\/\/schema.org\/CreativeWork\" ><div class='avia_textblock  '   itemprop=\"text\" ><h2 style=\"text-align: center;\"><strong>Archives\u00a0<\/strong><\/h2>\n<\/div><\/section><br \/>\n<div  class=\"togglecontainer  av-elegant-toggle toggle_close_all  avia-builder-el-13  el_after_av_textblock  avia-builder-el-last \" >\n<section class=\"av_toggle_section\"  itemscope=\"itemscope\" itemtype=\"https:\/\/schema.org\/CreativeWork\"  >    <div role=\"tablist\" class=\"single_toggle\" data-tags=\"{Tout} \"  >        <p data-fake-id=\"#toggle-id-1\" class=\"toggler \"  itemprop=\"headline\"  style='background-color: #8f47ad; '  role=\"tab\" tabindex=\"0\" aria-controls=\"toggle-id-1-container\">Programmes<span class=\"toggle_icon\" >        <span class=\"vert_icon\"><\/span><span class=\"hor_icon\"><\/span><\/span><\/p>        <div id=\"toggle-id-1-container\" class=\"toggle_wrap \"  >            <div class=\"toggle_content invers-color \"  itemprop=\"text\"  style='background-color: #8f47ad; ' ><p>Consultez le programme de l&rsquo;\u00e9dition 2025<\/p>\n<div  class='avia-button-wrap avia-button-center  avia-builder-el-14  el_before_av_button  avia-builder-el-first ' ><a href='https:\/\/entretiensalzheimer.org\/wp-content\/uploads\/2025\/10\/Programme-EA-Marseille-2025-1.pdf'  class='avia-button   avia-icon_select-yes-left-icon avia-color-theme-color avia-size-medium avia-position-center '   ><span class='avia_button_icon avia_button_icon_left ' aria-hidden='true' data-av_icon='\ue84e' data-av_iconfont='entypo-fontello'><\/span><span class='avia_iconbox_title' >Programme 2025<\/span><\/a><\/div>\n<p>Consultez le programme de l&rsquo;\u00e9dition 2024<\/p>\n<div  class='avia-button-wrap avia-button-center  avia-builder-el-15  el_after_av_button  el_before_av_button ' ><a href='https:\/\/entretiensalzheimer.org\/wp-content\/uploads\/2024\/10\/Programme_EA-MARSEILLE_2024-1.pdf'  class='avia-button   avia-icon_select-yes-left-icon avia-color-theme-color avia-size-medium avia-position-center '  target=\"_blank\"   ><span class='avia_button_icon avia_button_icon_left ' aria-hidden='true' data-av_icon='\ue84e' data-av_iconfont='entypo-fontello'><\/span><span class='avia_iconbox_title' >Programme 2024<\/span><\/a><\/div>\n            <\/div>        <\/div>    <\/div><\/section>\n<section class=\"av_toggle_section\"  itemscope=\"itemscope\" itemtype=\"https:\/\/schema.org\/CreativeWork\"  >    <div role=\"tablist\" class=\"single_toggle\" data-tags=\"{Tout} \"  >        <p data-fake-id=\"#toggle-id-2\" class=\"toggler \"  itemprop=\"headline\"  style='background-color: #8f47ad; '  role=\"tab\" tabindex=\"0\" aria-controls=\"toggle-id-2-container\">Podcasts 2025<span class=\"toggle_icon\" >        <span class=\"vert_icon\"><\/span><span class=\"hor_icon\"><\/span><\/span><\/p>        <div id=\"toggle-id-2-container\" class=\"toggle_wrap \"  >            <div class=\"toggle_content invers-color \"  itemprop=\"text\"  style='background-color: #8f47ad; ' >        <div class=\"pmp-container\">\n            <div class=\"pmp-header\">\n                <h1>Marseille 2025<\/h1>\n                <p>6 podcasts disponibles<\/p>\n            <\/div>\n            \n                                    \n            <div class=\"pmp-card\">\n                <div class=\"pmp-content\">\n                    <div class=\"pmp-speakers-images\">\n                                                                                                                                                    <div class=\"pmp-speaker-image\">\n                                                                            <img loading=\"lazy\" decoding=\"async\" width=\"80\" height=\"80\" src=\"https:\/\/entretiensalzheimer.org\/wp-content\/uploads\/2025\/12\/Photo-Lejla-Koric-80x80.jpg\" class=\"attachment-thumbnail size-thumbnail wp-post-image\" alt=\"\" srcset=\"https:\/\/entretiensalzheimer.org\/wp-content\/uploads\/2025\/12\/Photo-Lejla-Koric-80x80.jpg 80w, https:\/\/entretiensalzheimer.org\/wp-content\/uploads\/2025\/12\/Photo-Lejla-Koric-36x36.jpg 36w, https:\/\/entretiensalzheimer.org\/wp-content\/uploads\/2025\/12\/Photo-Lejla-Koric-180x180.jpg 180w\" sizes=\"auto, (max-width: 80px) 100vw, 80px\" \/>                                                                    <\/div>\n                                                                                                            \n                                                <button class=\"pmp-play-button-mini\" data-audio-url=\"https:\/\/entretiensalzheimer.org\/wp-content\/uploads\/2025\/12\/KORIC.mp3\" data-duration=\"\">\n                            <span class=\"pmp-play-icon\">\u25b6<\/span>\n                        <\/button>\n                                            <\/div>\n                    \n                    <div class=\"pmp-info\">\n                        <h2 class=\"pmp-podcast-title\">Actualit\u00e9 de la recherche<\/h2>\n                        \n                                                                                                                                                    <div class=\"pmp-speaker-info\">\n                                    <h3>Dr Lejla KORIC<\/h3>\n                                                                        <div class=\"pmp-speaker-title\">Neurologue, Service Neurologie-Neuropsychologie (Pr Ceccaldi), CHU Timone<\/div>\n                                                                    <\/div>\n                                                                                                            \n                        <div class=\"pmp-description\">\n                                                    <\/div>\n                    <\/div>\n                <\/div>\n                \n                                <div class=\"pmp-audio-player\" data-duration=\"\">\n                    <audio preload=\"metadata\">\n                        <source src=\"https:\/\/entretiensalzheimer.org\/wp-content\/uploads\/2025\/12\/KORIC.mp3\" type=\"audio\/mpeg\">\n                        Votre navigateur ne supporte pas l'audio HTML5.\n                    <\/audio>\n                    \n                    <div class=\"pmp-player-controls\">\n                        <button class=\"pmp-play-pause-btn\">\n                            <span class=\"pmp-play-icon\">\u25b6<\/span>\n                        <\/button>\n                        \n                        <div class=\"pmp-progress-container\">\n                            <span class=\"pmp-time-display\">00:00<\/span>\n                            <div class=\"pmp-progress-bar\">\n                                <div class=\"pmp-progress-fill\"><\/div>\n                            <\/div>\n                            <span class=\"pmp-duration-display\">00:00<\/span>\n                        <\/div>\n                        \n                        <div class=\"pmp-volume-container\">\n                            <span class=\"pmp-volume-icon\">\ud83d\udd0a<\/span>\n                            <div class=\"pmp-volume-bar\">\n                                <div class=\"pmp-volume-fill\"><\/div>\n                            <\/div>\n                        <\/div>\n                    <\/div>\n                <\/div>\n                            <\/div>\n                                    \n            <div class=\"pmp-card\">\n                <div class=\"pmp-content\">\n                    <div class=\"pmp-speakers-images\">\n                                                                                                                                                    <div class=\"pmp-speaker-image\">\n                                                                            <img loading=\"lazy\" decoding=\"async\" width=\"80\" height=\"80\" src=\"https:\/\/entretiensalzheimer.org\/wp-content\/uploads\/2025\/12\/Dr-Caroline-FRANQUI-80x80.jpg\" class=\"attachment-thumbnail size-thumbnail wp-post-image\" alt=\"\" srcset=\"https:\/\/entretiensalzheimer.org\/wp-content\/uploads\/2025\/12\/Dr-Caroline-FRANQUI-80x80.jpg 80w, https:\/\/entretiensalzheimer.org\/wp-content\/uploads\/2025\/12\/Dr-Caroline-FRANQUI-36x36.jpg 36w, https:\/\/entretiensalzheimer.org\/wp-content\/uploads\/2025\/12\/Dr-Caroline-FRANQUI-180x180.jpg 180w\" sizes=\"auto, (max-width: 80px) 100vw, 80px\" \/>                                                                    <\/div>\n                                                                                                            \n                                                <button class=\"pmp-play-button-mini\" data-audio-url=\"https:\/\/entretiensalzheimer.org\/wp-content\/uploads\/2025\/12\/FRANQUI.mp3\" data-duration=\"\">\n                            <span class=\"pmp-play-icon\">\u25b6<\/span>\n                        <\/button>\n                                            <\/div>\n                    \n                    <div class=\"pmp-info\">\n                        <h2 class=\"pmp-podcast-title\">Peut-on pr\u00e9dire la maladie d&#039;Alzheimer ?<\/h2>\n                        \n                                                                                                                                                    <div class=\"pmp-speaker-info\">\n                                    <h3>Dr Caroline FRANQUI<\/h3>\n                                                                        <div class=\"pmp-speaker-title\">M\u00e9decin hospitalier chez Centre G\u00e9rontologique D\u00e9partemental<\/div>\n                                                                    <\/div>\n                                                                                                            \n                        <div class=\"pmp-description\">\n                                                    <\/div>\n                    <\/div>\n                <\/div>\n                \n                                <div class=\"pmp-audio-player\" data-duration=\"\">\n                    <audio preload=\"metadata\">\n                        <source src=\"https:\/\/entretiensalzheimer.org\/wp-content\/uploads\/2025\/12\/FRANQUI.mp3\" type=\"audio\/mpeg\">\n                        Votre navigateur ne supporte pas l'audio HTML5.\n                    <\/audio>\n                    \n                    <div class=\"pmp-player-controls\">\n                        <button class=\"pmp-play-pause-btn\">\n                            <span class=\"pmp-play-icon\">\u25b6<\/span>\n                        <\/button>\n                        \n                        <div class=\"pmp-progress-container\">\n                            <span class=\"pmp-time-display\">00:00<\/span>\n                            <div class=\"pmp-progress-bar\">\n                                <div class=\"pmp-progress-fill\"><\/div>\n                            <\/div>\n                            <span class=\"pmp-duration-display\">00:00<\/span>\n                        <\/div>\n                        \n                        <div class=\"pmp-volume-container\">\n                            <span class=\"pmp-volume-icon\">\ud83d\udd0a<\/span>\n                            <div class=\"pmp-volume-bar\">\n                                <div class=\"pmp-volume-fill\"><\/div>\n                            <\/div>\n                        <\/div>\n                    <\/div>\n                <\/div>\n                            <\/div>\n                                    \n            <div class=\"pmp-card\">\n                <div class=\"pmp-content\">\n                    <div class=\"pmp-speakers-images\">\n                                                                                                                                                    <div class=\"pmp-speaker-image\">\n                                                                            <img loading=\"lazy\" decoding=\"async\" width=\"80\" height=\"80\" src=\"https:\/\/entretiensalzheimer.org\/wp-content\/uploads\/2021\/09\/DE-LADOUCETTE-OLIVIER-\u00a9E.Durand-NotreTemps-80x80.jpg\" class=\"attachment-thumbnail size-thumbnail wp-post-image\" alt=\"\" srcset=\"https:\/\/entretiensalzheimer.org\/wp-content\/uploads\/2021\/09\/DE-LADOUCETTE-OLIVIER-\u00a9E.Durand-NotreTemps-80x80.jpg 80w, https:\/\/entretiensalzheimer.org\/wp-content\/uploads\/2021\/09\/DE-LADOUCETTE-OLIVIER-\u00a9E.Durand-NotreTemps-36x36.jpg 36w, https:\/\/entretiensalzheimer.org\/wp-content\/uploads\/2021\/09\/DE-LADOUCETTE-OLIVIER-\u00a9E.Durand-NotreTemps-180x180.jpg 180w\" sizes=\"auto, (max-width: 80px) 100vw, 80px\" \/>                                                                    <\/div>\n                                                                                                            \n                                                <button class=\"pmp-play-button-mini\" data-audio-url=\"https:\/\/entretiensalzheimer.org\/wp-content\/uploads\/2025\/12\/ODL.mp3\" data-duration=\"\">\n                            <span class=\"pmp-play-icon\">\u25b6<\/span>\n                        <\/button>\n                                            <\/div>\n                    \n                    <div class=\"pmp-info\">\n                        <h2 class=\"pmp-podcast-title\">Alimentation et maladie d&#039;Alzheimer<\/h2>\n                        \n                                                                                                                                                    <div class=\"pmp-speaker-info\">\n                                    <h3>Dr Olivier de LADOUCETTE<\/h3>\n                                                                        <div class=\"pmp-speaker-title\">Psychiatre, g\u00e9riatre, Pr\u00e9sident de la Fondation Recherche Alzheimer<\/div>\n                                                                    <\/div>\n                                                                                                            \n                        <div class=\"pmp-description\">\n                                                    <\/div>\n                    <\/div>\n                <\/div>\n                \n                                <div class=\"pmp-audio-player\" data-duration=\"\">\n                    <audio preload=\"metadata\">\n                        <source src=\"https:\/\/entretiensalzheimer.org\/wp-content\/uploads\/2025\/12\/ODL.mp3\" type=\"audio\/mpeg\">\n                        Votre navigateur ne supporte pas l'audio HTML5.\n                    <\/audio>\n                    \n                    <div class=\"pmp-player-controls\">\n                        <button class=\"pmp-play-pause-btn\">\n                            <span class=\"pmp-play-icon\">\u25b6<\/span>\n                        <\/button>\n                        \n                        <div class=\"pmp-progress-container\">\n                            <span class=\"pmp-time-display\">00:00<\/span>\n                            <div class=\"pmp-progress-bar\">\n                                <div class=\"pmp-progress-fill\"><\/div>\n                            <\/div>\n                            <span class=\"pmp-duration-display\">00:00<\/span>\n                        <\/div>\n                        \n                        <div class=\"pmp-volume-container\">\n                            <span class=\"pmp-volume-icon\">\ud83d\udd0a<\/span>\n                            <div class=\"pmp-volume-bar\">\n                                <div class=\"pmp-volume-fill\"><\/div>\n                            <\/div>\n                        <\/div>\n                    <\/div>\n                <\/div>\n                            <\/div>\n                                    \n            <div class=\"pmp-card\">\n                <div class=\"pmp-content\">\n                    <div class=\"pmp-speakers-images\">\n                                                                                                                                                    <div class=\"pmp-speaker-image\">\n                                                                            <img loading=\"lazy\" decoding=\"async\" width=\"80\" height=\"80\" src=\"https:\/\/entretiensalzheimer.org\/wp-content\/uploads\/2025\/12\/Dr-Caroline-FRANQUI-80x80.jpg\" class=\"attachment-thumbnail size-thumbnail wp-post-image\" alt=\"\" srcset=\"https:\/\/entretiensalzheimer.org\/wp-content\/uploads\/2025\/12\/Dr-Caroline-FRANQUI-80x80.jpg 80w, https:\/\/entretiensalzheimer.org\/wp-content\/uploads\/2025\/12\/Dr-Caroline-FRANQUI-36x36.jpg 36w, https:\/\/entretiensalzheimer.org\/wp-content\/uploads\/2025\/12\/Dr-Caroline-FRANQUI-180x180.jpg 180w\" sizes=\"auto, (max-width: 80px) 100vw, 80px\" \/>                                                                    <\/div>\n                                                                                                                                                            <div class=\"pmp-speaker-image\">\n                                                                            <img loading=\"lazy\" decoding=\"async\" width=\"80\" height=\"80\" src=\"https:\/\/entretiensalzheimer.org\/wp-content\/uploads\/2025\/12\/Photo-Lejla-Koric-80x80.jpg\" class=\"attachment-thumbnail size-thumbnail wp-post-image\" alt=\"\" srcset=\"https:\/\/entretiensalzheimer.org\/wp-content\/uploads\/2025\/12\/Photo-Lejla-Koric-80x80.jpg 80w, https:\/\/entretiensalzheimer.org\/wp-content\/uploads\/2025\/12\/Photo-Lejla-Koric-36x36.jpg 36w, https:\/\/entretiensalzheimer.org\/wp-content\/uploads\/2025\/12\/Photo-Lejla-Koric-180x180.jpg 180w\" sizes=\"auto, (max-width: 80px) 100vw, 80px\" \/>                                                                    <\/div>\n                                                                                                                                                            <div class=\"pmp-speaker-image\">\n                                                                            <img loading=\"lazy\" decoding=\"async\" width=\"80\" height=\"80\" src=\"https:\/\/entretiensalzheimer.org\/wp-content\/uploads\/2021\/09\/DE-LADOUCETTE-OLIVIER-\u00a9E.Durand-NotreTemps-80x80.jpg\" class=\"attachment-thumbnail size-thumbnail wp-post-image\" alt=\"\" srcset=\"https:\/\/entretiensalzheimer.org\/wp-content\/uploads\/2021\/09\/DE-LADOUCETTE-OLIVIER-\u00a9E.Durand-NotreTemps-80x80.jpg 80w, https:\/\/entretiensalzheimer.org\/wp-content\/uploads\/2021\/09\/DE-LADOUCETTE-OLIVIER-\u00a9E.Durand-NotreTemps-36x36.jpg 36w, https:\/\/entretiensalzheimer.org\/wp-content\/uploads\/2021\/09\/DE-LADOUCETTE-OLIVIER-\u00a9E.Durand-NotreTemps-180x180.jpg 180w\" sizes=\"auto, (max-width: 80px) 100vw, 80px\" \/>                                                                    <\/div>\n                                                                                                            \n                                                <button class=\"pmp-play-button-mini\" data-audio-url=\"https:\/\/entretiensalzheimer.org\/wp-content\/uploads\/2025\/12\/TABLE-RONDE-2.mp3\" data-duration=\"\">\n                            <span class=\"pmp-play-icon\">\u25b6<\/span>\n                        <\/button>\n                                            <\/div>\n                    \n                    <div class=\"pmp-info\">\n                        <h2 class=\"pmp-podcast-title\">Table ronde<\/h2>\n                        \n                                                                                                                                                    <div class=\"pmp-speaker-info\">\n                                    <h3>Dr Caroline FRANQUI<\/h3>\n                                                                        <div class=\"pmp-speaker-title\">M\u00e9decin hospitalier chez Centre G\u00e9rontologique D\u00e9partemental<\/div>\n                                                                    <\/div>\n                                                                                                                                                            <div class=\"pmp-speaker-info\">\n                                    <h3>Dr Lejla KORIC<\/h3>\n                                                                        <div class=\"pmp-speaker-title\">Neurologue, Service Neurologie-Neuropsychologie (Pr Ceccaldi), CHU Timone<\/div>\n                                                                    <\/div>\n                                                                                                                                                            <div class=\"pmp-speaker-info\">\n                                    <h3>Dr Olivier de LADOUCETTE<\/h3>\n                                                                        <div class=\"pmp-speaker-title\">Psychiatre, g\u00e9riatre, Pr\u00e9sident de la Fondation Recherche Alzheimer<\/div>\n                                                                    <\/div>\n                                                                                                            \n                        <div class=\"pmp-description\">\n                                                    <\/div>\n                    <\/div>\n                <\/div>\n                \n                                <div class=\"pmp-audio-player\" data-duration=\"\">\n                    <audio preload=\"metadata\">\n                        <source src=\"https:\/\/entretiensalzheimer.org\/wp-content\/uploads\/2025\/12\/TABLE-RONDE-2.mp3\" type=\"audio\/mpeg\">\n                        Votre navigateur ne supporte pas l'audio HTML5.\n                    <\/audio>\n                    \n                    <div class=\"pmp-player-controls\">\n                        <button class=\"pmp-play-pause-btn\">\n                            <span class=\"pmp-play-icon\">\u25b6<\/span>\n                        <\/button>\n                        \n                        <div class=\"pmp-progress-container\">\n                            <span class=\"pmp-time-display\">00:00<\/span>\n                            <div class=\"pmp-progress-bar\">\n                                <div class=\"pmp-progress-fill\"><\/div>\n                            <\/div>\n                            <span class=\"pmp-duration-display\">00:00<\/span>\n                        <\/div>\n                        \n                        <div class=\"pmp-volume-container\">\n                            <span class=\"pmp-volume-icon\">\ud83d\udd0a<\/span>\n                            <div class=\"pmp-volume-bar\">\n                                <div class=\"pmp-volume-fill\"><\/div>\n                            <\/div>\n                        <\/div>\n                    <\/div>\n                <\/div>\n                            <\/div>\n                                    \n            <div class=\"pmp-card\">\n                <div class=\"pmp-content\">\n                    <div class=\"pmp-speakers-images\">\n                                                                                                                                                    <div class=\"pmp-speaker-image\">\n                                                                            <img loading=\"lazy\" decoding=\"async\" width=\"80\" height=\"80\" src=\"https:\/\/entretiensalzheimer.org\/wp-content\/uploads\/2025\/12\/BARDET-Christelle-@Bruno-Klein-80x80.jpg\" class=\"attachment-thumbnail size-thumbnail wp-post-image\" alt=\"\" srcset=\"https:\/\/entretiensalzheimer.org\/wp-content\/uploads\/2025\/12\/BARDET-Christelle-@Bruno-Klein-80x80.jpg 80w, https:\/\/entretiensalzheimer.org\/wp-content\/uploads\/2025\/12\/BARDET-Christelle-@Bruno-Klein-36x36.jpg 36w, https:\/\/entretiensalzheimer.org\/wp-content\/uploads\/2025\/12\/BARDET-Christelle-@Bruno-Klein-180x180.jpg 180w\" sizes=\"auto, (max-width: 80px) 100vw, 80px\" \/>                                                                    <\/div>\n                                                                                                            \n                                                <button class=\"pmp-play-button-mini\" data-audio-url=\"https:\/\/entretiensalzheimer.org\/wp-content\/uploads\/2025\/12\/BARDET.mp3\" data-duration=\"\">\n                            <span class=\"pmp-play-icon\">\u25b6<\/span>\n                        <\/button>\n                                            <\/div>\n                    \n                    <div class=\"pmp-info\">\n                        <h2 class=\"pmp-podcast-title\">T\u00e9moignage et pr\u00e9sentation de l&#039;ouvrage &quot;Quand maman plantait des brosses \u00e0 dents&quot;<\/h2>\n                        \n                                                                                                                                                    <div class=\"pmp-speaker-info\">\n                                    <h3>Christelle BARDET<\/h3>\n                                                                        <div class=\"pmp-speaker-title\">Ancienne aidante, auteur<\/div>\n                                                                    <\/div>\n                                                                                                            \n                        <div class=\"pmp-description\">\n                                                    <\/div>\n                    <\/div>\n                <\/div>\n                \n                                <div class=\"pmp-audio-player\" data-duration=\"\">\n                    <audio preload=\"metadata\">\n                        <source src=\"https:\/\/entretiensalzheimer.org\/wp-content\/uploads\/2025\/12\/BARDET.mp3\" type=\"audio\/mpeg\">\n                        Votre navigateur ne supporte pas l'audio HTML5.\n                    <\/audio>\n                    \n                    <div class=\"pmp-player-controls\">\n                        <button class=\"pmp-play-pause-btn\">\n                            <span class=\"pmp-play-icon\">\u25b6<\/span>\n                        <\/button>\n                        \n                        <div class=\"pmp-progress-container\">\n                            <span class=\"pmp-time-display\">00:00<\/span>\n                            <div class=\"pmp-progress-bar\">\n                                <div class=\"pmp-progress-fill\"><\/div>\n                            <\/div>\n                            <span class=\"pmp-duration-display\">00:00<\/span>\n                        <\/div>\n                        \n                        <div class=\"pmp-volume-container\">\n                            <span class=\"pmp-volume-icon\">\ud83d\udd0a<\/span>\n                            <div class=\"pmp-volume-bar\">\n                                <div class=\"pmp-volume-fill\"><\/div>\n                            <\/div>\n                        <\/div>\n                    <\/div>\n                <\/div>\n                            <\/div>\n                                    \n            <div class=\"pmp-card\">\n                <div class=\"pmp-content\">\n                    <div class=\"pmp-speakers-images\">\n                                                                                                                                                    <div class=\"pmp-speaker-image\">\n                                                                            <img loading=\"lazy\" decoding=\"async\" width=\"80\" height=\"80\" src=\"https:\/\/entretiensalzheimer.org\/wp-content\/uploads\/2025\/12\/ETCHEVERRY-80x80.jpg\" class=\"attachment-thumbnail size-thumbnail wp-post-image\" alt=\"\" srcset=\"https:\/\/entretiensalzheimer.org\/wp-content\/uploads\/2025\/12\/ETCHEVERRY-80x80.jpg 80w, https:\/\/entretiensalzheimer.org\/wp-content\/uploads\/2025\/12\/ETCHEVERRY-36x36.jpg 36w, https:\/\/entretiensalzheimer.org\/wp-content\/uploads\/2025\/12\/ETCHEVERRY-180x180.jpg 180w\" sizes=\"auto, (max-width: 80px) 100vw, 80px\" \/>                                                                    <\/div>\n                                                                                                            \n                                                <button class=\"pmp-play-button-mini\" data-audio-url=\"https:\/\/entretiensalzheimer.org\/wp-content\/uploads\/2025\/12\/LNA.mp3\" data-duration=\"\">\n                            <span class=\"pmp-play-icon\">\u25b6<\/span>\n                        <\/button>\n                                            <\/div>\n                    \n                    <div class=\"pmp-info\">\n                        <h2 class=\"pmp-podcast-title\">Retour d&#039;exp\u00e9rience sur l&#039;exp\u00e9rimentation des tenues civiles en unit\u00e9 prot\u00e9g\u00e9e du personnel soignant et h\u00f4telier<\/h2>\n                        \n                                                                                                                                                    <div class=\"pmp-speaker-info\">\n                                    <h3>Jo\u00eblle ETCHEVERRY<\/h3>\n                                                                        <div class=\"pmp-speaker-title\">Directrice de l\u2019Etablissement Le Mas de la C\u00f4te Bleue - LNA SANTE<\/div>\n                                                                    <\/div>\n                                                                                                            \n                        <div class=\"pmp-description\">\n                                                    <\/div>\n                    <\/div>\n                <\/div>\n                \n                                <div class=\"pmp-audio-player\" data-duration=\"\">\n                    <audio preload=\"metadata\">\n                        <source src=\"https:\/\/entretiensalzheimer.org\/wp-content\/uploads\/2025\/12\/LNA.mp3\" type=\"audio\/mpeg\">\n                        Votre navigateur ne supporte pas l'audio HTML5.\n                    <\/audio>\n                    \n                    <div class=\"pmp-player-controls\">\n                        <button class=\"pmp-play-pause-btn\">\n                            <span class=\"pmp-play-icon\">\u25b6<\/span>\n                        <\/button>\n                        \n                        <div class=\"pmp-progress-container\">\n                            <span class=\"pmp-time-display\">00:00<\/span>\n                            <div class=\"pmp-progress-bar\">\n                                <div class=\"pmp-progress-fill\"><\/div>\n                            <\/div>\n                            <span class=\"pmp-duration-display\">00:00<\/span>\n                        <\/div>\n                        \n                        <div class=\"pmp-volume-container\">\n                            <span class=\"pmp-volume-icon\">\ud83d\udd0a<\/span>\n                            <div class=\"pmp-volume-bar\">\n                                <div class=\"pmp-volume-fill\"><\/div>\n                            <\/div>\n                        <\/div>\n                    <\/div>\n                <\/div>\n                            <\/div>\n                    <\/div>\n        \n            <\/div>        <\/div>    <\/div><\/section>\n<section class=\"av_toggle_section\"  itemscope=\"itemscope\" itemtype=\"https:\/\/schema.org\/CreativeWork\"  >    <div role=\"tablist\" class=\"single_toggle\" data-tags=\"{Tout} \"  >        <p data-fake-id=\"#toggle-id-3\" class=\"toggler \"  itemprop=\"headline\"  style='background-color: #8f47ad; '  role=\"tab\" tabindex=\"0\" aria-controls=\"toggle-id-3-container\">Podcasts 2024<span class=\"toggle_icon\" >        <span class=\"vert_icon\"><\/span><span class=\"hor_icon\"><\/span><\/span><\/p>        <div id=\"toggle-id-3-container\" class=\"toggle_wrap \"  >            <div class=\"toggle_content invers-color \"  itemprop=\"text\"  style='background-color: #8f47ad; ' ><p><img loading=\"lazy\" decoding=\"async\" class=\"size-thumbnail wp-image-13677 alignleft\" src=\"https:\/\/entretiensalzheimer.org\/wp-content\/uploads\/2022\/04\/DUBOIS-BRUNO1-80x80.png\" alt=\"\" width=\"80\" height=\"80\" srcset=\"https:\/\/entretiensalzheimer.org\/wp-content\/uploads\/2022\/04\/DUBOIS-BRUNO1-80x80.png 80w, https:\/\/entretiensalzheimer.org\/wp-content\/uploads\/2022\/04\/DUBOIS-BRUNO1-36x36.png 36w, https:\/\/entretiensalzheimer.org\/wp-content\/uploads\/2022\/04\/DUBOIS-BRUNO1-180x180.png 180w\" sizes=\"auto, (max-width: 80px) 100vw, 80px\" \/><\/p>\n<p>Actualit\u00e9 de la recherche<\/p>\n<p><strong>Pr Bruno DUBOIS,<\/strong> <em>Neurologue, Membre de l\u2019Acad\u00e9mie de M\u00e9decine, Co-fondateur de la Fondation Recherche Alzheimer<\/em><\/p>\n<audio class=\"wp-audio-shortcode\" id=\"audio-117-1\" preload=\"none\" style=\"width: 100%;\" controls=\"controls\"><source type=\"audio\/mpeg\" src=\"https:\/\/entretiensalzheimer.org\/wp-content\/uploads\/2024\/11\/BD-Actualites.mp3?_=1\" \/><a href=\"https:\/\/entretiensalzheimer.org\/wp-content\/uploads\/2024\/11\/BD-Actualites.mp3\">https:\/\/entretiensalzheimer.org\/wp-content\/uploads\/2024\/11\/BD-Actualites.mp3<\/a><\/audio>\n<hr \/>\n<p><img loading=\"lazy\" decoding=\"async\" class=\"size-thumbnail wp-image-20179 alignleft\" src=\"https:\/\/entretiensalzheimer.org\/wp-content\/uploads\/2024\/11\/Dr-Caroline-Trompette-80x80.jpg\" alt=\"\" width=\"80\" height=\"80\" srcset=\"https:\/\/entretiensalzheimer.org\/wp-content\/uploads\/2024\/11\/Dr-Caroline-Trompette-80x80.jpg 80w, https:\/\/entretiensalzheimer.org\/wp-content\/uploads\/2024\/11\/Dr-Caroline-Trompette-36x36.jpg 36w, https:\/\/entretiensalzheimer.org\/wp-content\/uploads\/2024\/11\/Dr-Caroline-Trompette-180x180.jpg 180w\" sizes=\"auto, (max-width: 80px) 100vw, 80px\" \/><\/p>\n<p>Le diagnostic pr\u00e9coce<\/p>\n<p><strong>Dr Caroline TROMPETTE,<\/strong> <em>Neurologue, Chef de Clinique \u2013 Assistant des H\u00f4pitaux (Service de Neurologie et de Neuropsychologie du Pr CECCALDI)<\/em><\/p>\n<audio class=\"wp-audio-shortcode\" id=\"audio-117-2\" preload=\"none\" style=\"width: 100%;\" controls=\"controls\"><source type=\"audio\/mpeg\" src=\"https:\/\/entretiensalzheimer.org\/wp-content\/uploads\/2024\/11\/TROMPETTE-Diagnostic.mp3?_=2\" \/><a href=\"https:\/\/entretiensalzheimer.org\/wp-content\/uploads\/2024\/11\/TROMPETTE-Diagnostic.mp3\">https:\/\/entretiensalzheimer.org\/wp-content\/uploads\/2024\/11\/TROMPETTE-Diagnostic.mp3<\/a><\/audio>\n<hr \/>\n<p><img loading=\"lazy\" decoding=\"async\" class=\"size-thumbnail wp-image-17850 alignleft\" src=\"https:\/\/entretiensalzheimer.org\/wp-content\/uploads\/2022\/11\/Matthieu-de-Stampa-80x80.jpg\" alt=\"\" width=\"80\" height=\"80\" srcset=\"https:\/\/entretiensalzheimer.org\/wp-content\/uploads\/2022\/11\/Matthieu-de-Stampa-80x80.jpg 80w, https:\/\/entretiensalzheimer.org\/wp-content\/uploads\/2022\/11\/Matthieu-de-Stampa-36x36.jpg 36w, https:\/\/entretiensalzheimer.org\/wp-content\/uploads\/2022\/11\/Matthieu-de-Stampa-180x180.jpg 180w\" sizes=\"auto, (max-width: 80px) 100vw, 80px\" \/><\/p>\n<p>Le Burn-out des aidants<\/p>\n<p><strong>Dr Matthieu de STAMPA,<\/strong> <em>G\u00e9riatre, Centre G\u00e9rontologique D\u00e9partemental de Montolivet, Marseille.<\/em><\/p>\n<audio class=\"wp-audio-shortcode\" id=\"audio-117-3\" preload=\"none\" style=\"width: 100%;\" controls=\"controls\"><source type=\"audio\/mpeg\" src=\"https:\/\/entretiensalzheimer.org\/wp-content\/uploads\/2024\/11\/STAMPA-Burnout.mp3?_=3\" \/><a href=\"https:\/\/entretiensalzheimer.org\/wp-content\/uploads\/2024\/11\/STAMPA-Burnout.mp3\">https:\/\/entretiensalzheimer.org\/wp-content\/uploads\/2024\/11\/STAMPA-Burnout.mp3<\/a><\/audio>\n<hr \/>\n<p><img loading=\"lazy\" decoding=\"async\" class=\"size-thumbnail wp-image-20181 alignleft\" src=\"https:\/\/entretiensalzheimer.org\/wp-content\/uploads\/2024\/11\/Clemence-SABATIER-80x80.png\" alt=\"\" width=\"80\" height=\"80\" srcset=\"https:\/\/entretiensalzheimer.org\/wp-content\/uploads\/2024\/11\/Clemence-SABATIER-80x80.png 80w, https:\/\/entretiensalzheimer.org\/wp-content\/uploads\/2024\/11\/Clemence-SABATIER-36x36.png 36w, https:\/\/entretiensalzheimer.org\/wp-content\/uploads\/2024\/11\/Clemence-SABATIER-180x180.png 180w\" sizes=\"auto, (max-width: 80px) 100vw, 80px\" \/><\/p>\n<p>R\u00f4les de l\u2019institution g\u00e9riatrique aupr\u00e8s du sujet atteint d\u2019un syndrome d\u00e9mentiel<\/p>\n<p><strong>Cl\u00e9mence SABATIER,<\/strong> <em>Psychologue sur l\u2019\u00e9tablissement KORIAN PERIER (Marseille 8\u00e8me) &#8211;<\/em> <strong>CLARIANE<\/strong><\/p>\n<audio class=\"wp-audio-shortcode\" id=\"audio-117-4\" preload=\"none\" style=\"width: 100%;\" controls=\"controls\"><source type=\"audio\/mpeg\" src=\"https:\/\/entretiensalzheimer.org\/wp-content\/uploads\/2024\/11\/CLARIANE.mp3?_=4\" \/><a href=\"https:\/\/entretiensalzheimer.org\/wp-content\/uploads\/2024\/11\/CLARIANE.mp3\">https:\/\/entretiensalzheimer.org\/wp-content\/uploads\/2024\/11\/CLARIANE.mp3<\/a><\/audio>\n<hr \/>\n<p><img loading=\"lazy\" decoding=\"async\" class=\"size-thumbnail wp-image-17853 alignleft\" src=\"https:\/\/entretiensalzheimer.org\/wp-content\/uploads\/2022\/11\/ETCHEVERRY.jpg\" alt=\"\" width=\"80\" height=\"80\" srcset=\"https:\/\/entretiensalzheimer.org\/wp-content\/uploads\/2022\/11\/ETCHEVERRY-80x80.jpg 80w, https:\/\/entretiensalzheimer.org\/wp-content\/uploads\/2022\/11\/ETCHEVERRY-36x36.jpg 36w, https:\/\/entretiensalzheimer.org\/wp-content\/uploads\/2022\/11\/ETCHEVERRY-180x180.jpg 180w\" sizes=\"auto, (max-width: 80px) 100vw, 80px\" \/><\/p>\n<p>Pr\u00e9sentation Guide Interventions Non M\u00e9dicamenteuse<\/p>\n<p><strong>Jo\u00eblle ETCHEVERRY,<\/strong> <em>Directrice EHPAD Le Mas de la C\u00f4te Bleue &#8211;<\/em> <strong>LNA SANTE<\/strong><\/p>\n<audio class=\"wp-audio-shortcode\" id=\"audio-117-5\" preload=\"none\" style=\"width: 100%;\" controls=\"controls\"><source type=\"audio\/mpeg\" src=\"https:\/\/entretiensalzheimer.org\/wp-content\/uploads\/2024\/11\/LNA-SANTE.mp3?_=5\" \/><a href=\"https:\/\/entretiensalzheimer.org\/wp-content\/uploads\/2024\/11\/LNA-SANTE.mp3\">https:\/\/entretiensalzheimer.org\/wp-content\/uploads\/2024\/11\/LNA-SANTE.mp3<\/a><\/audio>\n<hr \/>\n<p><img loading=\"lazy\" decoding=\"async\" class=\"size-thumbnail wp-image-16186 alignleft\" src=\"https:\/\/entretiensalzheimer.org\/wp-content\/uploads\/2022\/06\/agathe-marielle-80x80.jpg\" alt=\"\" width=\"80\" height=\"80\" srcset=\"https:\/\/entretiensalzheimer.org\/wp-content\/uploads\/2022\/06\/agathe-marielle-80x80.jpg 80w, https:\/\/entretiensalzheimer.org\/wp-content\/uploads\/2022\/06\/agathe-marielle-36x36.jpg 36w, https:\/\/entretiensalzheimer.org\/wp-content\/uploads\/2022\/06\/agathe-marielle-180x180.jpg 180w\" sizes=\"auto, (max-width: 80px) 100vw, 80px\" \/><\/p>\n<p>T\u00e9moignage<\/p>\n<p><strong>Agathe NATANSON-MARIELLE,<\/strong> <em>Membre du Comit\u00e9 d&rsquo;Organisation de la Fondation et ancienne aidante<\/em><\/p>\n<audio class=\"wp-audio-shortcode\" id=\"audio-117-6\" preload=\"none\" style=\"width: 100%;\" controls=\"controls\"><source type=\"audio\/mpeg\" src=\"https:\/\/entretiensalzheimer.org\/wp-content\/uploads\/2024\/11\/Agathe.mp3?_=6\" \/><a href=\"https:\/\/entretiensalzheimer.org\/wp-content\/uploads\/2024\/11\/Agathe.mp3\">https:\/\/entretiensalzheimer.org\/wp-content\/uploads\/2024\/11\/Agathe.mp3<\/a><\/audio>\n            <\/div>        <\/div>    <\/div><\/section>\n<section class=\"av_toggle_section\"  itemscope=\"itemscope\" itemtype=\"https:\/\/schema.org\/CreativeWork\"  >    <div role=\"tablist\" class=\"single_toggle\" data-tags=\"{Tout} \"  >        <p data-fake-id=\"#toggle-id-4\" class=\"toggler \"  itemprop=\"headline\"  style='background-color: #8f47ad; '  role=\"tab\" tabindex=\"0\" aria-controls=\"toggle-id-4-container\">Guide des aidants<span class=\"toggle_icon\" >        <span class=\"vert_icon\"><\/span><span class=\"hor_icon\"><\/span><\/span><\/p>        <div id=\"toggle-id-4-container\" class=\"toggle_wrap \"  >            <div class=\"toggle_content invers-color \"  itemprop=\"text\"  style='background-color: #8f47ad; ' ><p>T\u00e9l\u00e9chargez le Petit Guide des Aidants de la Fondation<\/p>\n<div  class='avia-button-wrap avia-button-center  avia-builder-el-16  el_after_av_button  avia-builder-el-last ' ><a href='https:\/\/uniscontrealzheimer.fr\/index.php\/le-petit-guide-des-aidants\/' class='avia-button   avia-icon_select-yes-left-icon avia-color-theme-color avia-size-medium avia-position-center ' target=\"_blank\" rel=\"noopener\"><span class='avia_button_icon avia_button_icon_left ' aria-hidden='true' data-av_icon='\ue84e' data-av_iconfont='entypo-fontello'><\/span><span class='avia_iconbox_title' >Guide des aidants<\/span><\/a><\/div>\n            <\/div>        <\/div>    <\/div><\/section>\n<\/div><\/p><\/div>\n","protected":false},"excerpt":{"rendered":"","protected":false},"author":1,"featured_media":0,"parent":0,"menu_order":0,"comment_status":"closed","ping_status":"closed","template":"","meta":{"footnotes":""},"class_list":["post-117","page","type-page","status-publish","hentry"],"_links":{"self":[{"href":"https:\/\/entretiensalzheimer.org\/index.php\/wp-json\/wp\/v2\/pages\/117","targetHints":{"allow":["GET"]}}],"collection":[{"href":"https:\/\/entretiensalzheimer.org\/index.php\/wp-json\/wp\/v2\/pages"}],"about":[{"href":"https:\/\/entretiensalzheimer.org\/index.php\/wp-json\/wp\/v2\/types\/page"}],"author":[{"embeddable":true,"href":"https:\/\/entretiensalzheimer.org\/index.php\/wp-json\/wp\/v2\/users\/1"}],"replies":[{"embeddable":true,"href":"https:\/\/entretiensalzheimer.org\/index.php\/wp-json\/wp\/v2\/comments?post=117"}],"version-history":[{"count":209,"href":"https:\/\/entretiensalzheimer.org\/index.php\/wp-json\/wp\/v2\/pages\/117\/revisions"}],"predecessor-version":[{"id":21983,"href":"https:\/\/entretiensalzheimer.org\/index.php\/wp-json\/wp\/v2\/pages\/117\/revisions\/21983"}],"wp:attachment":[{"href":"https:\/\/entretiensalzheimer.org\/index.php\/wp-json\/wp\/v2\/media?parent=117"}],"curies":[{"name":"wp","href":"https:\/\/api.w.org\/{rel}","templated":true}]}}