{"id":18307,"date":"2023-04-20T12:09:33","date_gmt":"2023-04-20T10:09:33","guid":{"rendered":"https:\/\/entretiensalzheimer.org\/?page_id=18307"},"modified":"2025-09-15T16:07:17","modified_gmt":"2025-09-15T14:07:17","slug":"archives-entretiens-alzheimer","status":"publish","type":"page","link":"https:\/\/entretiensalzheimer.org\/index.php\/archives-entretiens-alzheimer\/","title":{"rendered":"Archives Entretiens Alzheimer"},"content":{"rendered":"<div class=\"flex_column av_one_full  flex_column_div av-zero-column-padding first  avia-builder-el-0  el_before_av_one_full  avia-builder-el-first  \" style='border-radius:0px; '><div  style='padding-bottom:10px; ' class='av-special-heading av-special-heading-h2    avia-builder-el-1  avia-builder-el-no-sibling  '><h2 class='av-special-heading-tag '  itemprop=\"headline\"  >Archives des Entretiens Alzheimer<\/h2><div class='special-heading-border'><div class='special-heading-inner-border' ><\/div><\/div><\/div><\/div>\n<div class=\"flex_column av_one_full  flex_column_div av-zero-column-padding first  avia-builder-el-2  el_after_av_one_full  el_before_av_textblock  column-top-margin\" style='border-radius:0px; '><p><div  style='height:50px' class='hr hr-invisible   avia-builder-el-3  el_before_av_textblock  avia-builder-el-first '><span class='hr-inner ' ><span class='hr-inner-style'><\/span><\/span><\/div><br \/>\n<section class=\"av_textblock_section \"  itemscope=\"itemscope\" itemtype=\"https:\/\/schema.org\/CreativeWork\" ><div class='avia_textblock  '   itemprop=\"text\" ><h3><span style=\"font-weight: 400;\">\u00c9coutez ou r\u00e9\u00e9coutez ici toutes les interventions des <\/span><i><span style=\"font-weight: 400;\">Entretiens Alzheimer<\/span><\/i><span style=\"font-weight: 400;\"> de 2018 \u00e0 2022.<\/span><\/h3>\n<\/div><\/section><br \/>\n<div  style='height:50px' class='hr hr-invisible   avia-builder-el-5  el_after_av_textblock  el_before_av_tab_container '><span class='hr-inner ' ><span class='hr-inner-style'><\/span><\/span><\/div><br \/>\n<div  class=\"tabcontainer   top_tab   avia-builder-el-6  el_after_av_hr  avia-builder-el-last \">\n<section class=\"av_tab_section\"  itemscope=\"itemscope\" itemtype=\"https:\/\/schema.org\/CreativeWork\" ><div aria-controls=\"tab-id-1\" role=\"tab\" tabindex=\"0\" data-fake-id=\"#tab-id-1\" class=\"tab active_tab\"  itemprop=\"headline\" >PARIS<\/div>\n<div id=\"tab-id-1-container\" class=\"tab_content active_tab_content\" aria-hidden=\"false\">\n<div class=\"tab_inner_content invers-color\"  itemprop=\"text\" >\n<p><a name=\"\u201cparis\u201d\"><\/a><\/p>\n<p><div  class='avia-button-wrap avia-button-center  avia-builder-el-7  el_before_av_button  avia-builder-el-first ' ><a href='https:\/\/entretiensalzheimer.org\/wp-content\/uploads\/2020\/04\/Programme_Entretiens_Paris_2018.pdf'  class='avia-button   avia-icon_select-yes-left-icon avia-color-custom avia-size-medium avia-position-center '  target=\"_blank\"  style='background-color:#397ca3; border-color:#397ca3; color:#ffffff; ' ><span class='avia_button_icon avia_button_icon_left ' aria-hidden='true' data-av_icon='\ue84e' data-av_iconfont='entypo-fontello'><\/span><span class='avia_iconbox_title' >T\u00e9l\u00e9chargez le programme 2018<\/span><\/a><\/div><br \/>\n<div  class='avia-button-wrap avia-button-center  avia-builder-el-8  el_after_av_button  el_before_av_button ' ><a href='https:\/\/entretiensalzheimer.org\/wp-content\/uploads\/2020\/04\/Programme_Entretiens-Alz_Paris_2019_BD.pdf'  class='avia-button   avia-icon_select-yes-left-icon avia-color-custom avia-size-medium avia-position-center '  target=\"_blank\"  style='background-color:#397ca3; border-color:#397ca3; color:#ffffff; ' ><span class='avia_button_icon avia_button_icon_left ' aria-hidden='true' data-av_icon='\ue84e' data-av_iconfont='entypo-fontello'><\/span><span class='avia_iconbox_title' >T\u00e9l\u00e9chargez le programme 2019<\/span><\/a><\/div><br \/>\n<div  class='avia-button-wrap avia-button-center  avia-builder-el-9  el_after_av_button  el_before_av_button ' ><a href='https:\/\/entretiensalzheimer.org\/wp-content\/uploads\/2020\/09\/programme-paris-web.pdf'  class='avia-button   avia-icon_select-yes-left-icon avia-color-custom avia-size-medium avia-position-center '  target=\"_blank\"  style='background-color:#397ca3; border-color:#397ca3; color:#ffffff; ' ><span class='avia_button_icon avia_button_icon_left ' aria-hidden='true' data-av_icon='\ue84e' data-av_iconfont='entypo-fontello'><\/span><span class='avia_iconbox_title' >T\u00e9l\u00e9chargez le programme 2020<\/span><\/a><\/div><br \/>\n<div  class='avia-button-wrap avia-button-center  avia-builder-el-10  el_after_av_button  el_before_av_hr ' ><a href='https:\/\/entretiensalzheimer.org\/wp-content\/uploads\/2023\/04\/Programme-Entretiens-Alzheimer-Paris-2021.pdf'  class='avia-button   avia-icon_select-yes-left-icon avia-color-custom avia-size-medium avia-position-center '  target=\"_blank\"  style='background-color:#397ca3; border-color:#397ca3; color:#ffffff; ' ><span class='avia_button_icon avia_button_icon_left ' aria-hidden='true' data-av_icon='\ue84e' data-av_iconfont='entypo-fontello'><\/span><span class='avia_iconbox_title' >T\u00e9l\u00e9chargez le programme 2021<\/span><\/a><\/div><\/p>\n<h3>\u00a0<\/h3>\n<h3>\u00a0<\/h3>\n<h3>Edition 2022<\/h3>\n<p><strong>Olivier de LADOUCETTE<\/strong>, P<em>r\u00e9sident-fondateur de la Fondation Recherche Alzheimer<\/em><\/p>\n<div style=\"width:100%\">\r\n<audio class=\"player\" playsinline controls   >\r\n  \r\n  <source src=\"https:\/\/entretiensalzheimer.org\/wp-content\/uploads\/2022\/06\/Introduction-ODL.mp3\"  type=\"audio\/mp3\"  >\r\n  \r\nYour browser does not support the audio element.\r\n<\/audio>\r\n<\/div>\r\n\r\n<script type=\"text\/javascript\">\r\n\r\n\r\nconst players18315 = Plyr.setup('.player', {\r\n\tcontrols:['play', 'progress', 'duration', 'mute', 'volume','download'],\r\n\t});\r\n<\/script>\r\n\n<p>&#8211;<\/p>\n<p><strong>Actualit\u00e9s de la maladie d&rsquo;Alzheimer<br \/><\/strong><strong>Pr Bruno DUBOIS, <\/strong><em>membre de l&rsquo;Acad\u00e9mie de M\u00e9decine, Directeur scientifique de la Fondation Recherche Alzheimer<\/em><\/p>\n<div style=\"width:100%\">\r\n<audio class=\"player\" playsinline controls   >\r\n  \r\n  <source src=\"https:\/\/entretiensalzheimer.org\/wp-content\/uploads\/2022\/06\/Actualit\u00e9-de-la-Recherche-BD.mp3\"  type=\"audio\/mp3\"  >\r\n  \r\nYour browser does not support the audio element.\r\n<\/audio>\r\n<\/div>\r\n\r\n<script type=\"text\/javascript\">\r\n\r\n\r\nconst players18310 = Plyr.setup('.player', {\r\n\tcontrols:['play', 'progress', 'duration', 'mute', 'volume','download'],\r\n\t});\r\n<\/script>\r\n\n<p>&#8211;<\/p>\n<p><strong>Peut-on voir les l\u00e9sions de la maladie d\u2019Alzheimer chez les patients ?<br \/>Docteur Nicolas VILLAIN, <\/strong><em>Neurologue et chercheur \u00e0 l\u2019IM2A, H\u00f4pital de la Piti\u00e9-Salp\u00eatri\u00e8re Paris<\/em><strong><br \/><\/strong><\/p>\n<div style=\"width:100%\">\r\n<audio class=\"player\" playsinline controls   >\r\n  \r\n  <source src=\"https:\/\/entretiensalzheimer.org\/wp-content\/uploads\/2022\/06\/Les-l\u00e9sions-NV.mp3\"  type=\"audio\/mp3\"  >\r\n  \r\nYour browser does not support the audio element.\r\n<\/audio>\r\n<\/div>\r\n\r\n<script type=\"text\/javascript\">\r\n\r\n\r\nconst players18317 = Plyr.setup('.player', {\r\n\tcontrols:['play', 'progress', 'duration', 'mute', 'volume','download'],\r\n\t});\r\n<\/script>\r\n\n<p><strong>Questions-r\u00e9ponses :<\/strong><\/p>\n<div style=\"width:100%\">\r\n<audio class=\"player\" playsinline controls   >\r\n  \r\n  <source src=\"https:\/\/entretiensalzheimer.org\/wp-content\/uploads\/2022\/06\/Questions-reponses-NV.mp3\"  type=\"audio\/mp3\"  >\r\n  \r\nYour browser does not support the audio element.\r\n<\/audio>\r\n<\/div>\r\n\r\n<script type=\"text\/javascript\">\r\n\r\n\r\nconst players18319 = Plyr.setup('.player', {\r\n\tcontrols:['play', 'progress', 'duration', 'mute', 'volume','download'],\r\n\t});\r\n<\/script>\r\n\n<p>&#8211;<\/p>\n<p><strong>Du domicile \u00e0 l\u2019EHPAD, comment aborder cette difficile d\u00e9cision ?<br \/>Docteur Olivier de LADOUCETTE,\u00a0<\/strong><em>Psychiatre et g\u00e9rontologue Pr\u00e9sident-Fondateur de la Fondation Recherche Alzheimer<\/em><strong><br \/><\/strong><\/p>\n<div style=\"width:100%\">\r\n<audio class=\"player\" playsinline controls   >\r\n  \r\n  <source src=\"https:\/\/entretiensalzheimer.org\/wp-content\/uploads\/2022\/06\/Domicile-\u00e0-lEHPAD-ODL.mp3\"  type=\"audio\/mp3\"  >\r\n  \r\nYour browser does not support the audio element.\r\n<\/audio>\r\n<\/div>\r\n\r\n<script type=\"text\/javascript\">\r\n\r\n\r\nconst players18321 = Plyr.setup('.player', {\r\n\tcontrols:['play', 'progress', 'duration', 'mute', 'volume','download'],\r\n\t});\r\n<\/script>\r\n\n<p>&#8211;<\/p>\n<p><strong>T\u00e9moignage<br \/>Agathe NATANSON-MARIELLE, <\/strong><em>Ancienne aidante et membre du Comit\u00e9 d\u2019Organisation de la Fondation Recherche Alzheimer<\/em><strong><br \/><\/strong><\/p>\n<div style=\"width:100%\">\r\n<audio class=\"player\" playsinline controls   >\r\n  \r\n  <source src=\"https:\/\/entretiensalzheimer.org\/wp-content\/uploads\/2022\/06\/Temoignage-ANM.mp3\"  type=\"audio\/mp3\"  >\r\n  \r\nYour browser does not support the audio element.\r\n<\/audio>\r\n<\/div>\r\n\r\n<script type=\"text\/javascript\">\r\n\r\n\r\nconst players18323 = Plyr.setup('.player', {\r\n\tcontrols:['play', 'progress', 'duration', 'mute', 'volume','download'],\r\n\t});\r\n<\/script>\r\n\n<p>&#8211;<\/p>\n<p><strong>\u00ab Grimpe \u00e0 tout \u00e2ge \u00bb : Escalader avec Alzheimer pour gravir des nouveaux sommets et repousser les limites de notre imaginationNabila SIDHOUM,\u00a0<\/strong><em>Directrice des Villas d\u2019\u00c9pidaure de Garches et de La Celle-Saint-Cloud\u00a0<\/em>\u2013\u00a0LNA SANT\u00c9<strong><br \/>Steven PLANTEVIN,\u00a0<\/strong><em>Enseignant en activit\u00e9s\u00a0physiques adapt\u00e9es et sant\u00e9\u00a0<\/em>\u2013\u00a0LNA SANT\u00c9<strong><br \/><\/strong><\/p>\n<div style=\"width:100%\">\r\n<audio class=\"player\" playsinline controls   >\r\n  \r\n  <source src=\"https:\/\/entretiensalzheimer.org\/wp-content\/uploads\/2022\/06\/LNA-SANTE.mp3\"  type=\"audio\/mp3\"  >\r\n  \r\nYour browser does not support the audio element.\r\n<\/audio>\r\n<\/div>\r\n\r\n<script type=\"text\/javascript\">\r\n\r\n\r\nconst players18325 = Plyr.setup('.player', {\r\n\tcontrols:['play', 'progress', 'duration', 'mute', 'volume','download'],\r\n\t});\r\n<\/script>\r\n\n<p>&#8211;<\/p>\n<p><strong>Allo Alzheimer : de 2009 \u00e0 2021, \u00e9volution des appels<br \/><\/strong><strong>Eric SANCHEZ<\/strong>,\u00a0<em>directeur des Particuliers \u00e0 la Direction des Activit\u00e9s Sociales\u00a0<\/em><strong><em>\u2013<\/em>\u00a0AG2R LA MONDIALE<\/strong><\/p>\n<div style=\"width:100%\">\r\n<audio class=\"player\" playsinline controls   >\r\n  \r\n  <source src=\"https:\/\/entretiensalzheimer.org\/wp-content\/uploads\/2022\/06\/AG2R.mp3\"  type=\"audio\/mp3\"  >\r\n  \r\nYour browser does not support the audio element.\r\n<\/audio>\r\n<\/div>\r\n\r\n<script type=\"text\/javascript\">\r\n\r\n\r\nconst players18327 = Plyr.setup('.player', {\r\n\tcontrols:['play', 'progress', 'duration', 'mute', 'volume','download'],\r\n\t});\r\n<\/script>\r\n\n<p>&#8211;<\/p>\n<p><strong>Revue de presse critique de l\u2019actualit\u00e9 scientifique<\/strong><\/p>\n<p><strong> Docteur Olivier de LADOUCETTE,\u00a0<\/strong><em>Psychiatre et g\u00e9riatre Pr\u00e9sident-Fondateur de la Fondation Recherche Alzheimer<\/em><strong><br \/><\/strong><\/p>\n<div style=\"width:100%\">\r\n<audio class=\"player\" playsinline controls   >\r\n  \r\n  <source src=\"https:\/\/entretiensalzheimer.org\/wp-content\/uploads\/2022\/06\/revue-de-presse-critique-ODL.mp3\"  type=\"audio\/mp3\"  >\r\n  \r\nYour browser does not support the audio element.\r\n<\/audio>\r\n<\/div>\r\n\r\n<script type=\"text\/javascript\">\r\n\r\n\r\nconst players18329 = Plyr.setup('.player', {\r\n\tcontrols:['play', 'progress', 'duration', 'mute', 'volume','download'],\r\n\t});\r\n<\/script>\r\n\n<p>&#8211;<\/p>\n<div  style=' margin-top:30px; margin-bottom:30px;'  class='hr hr-custom hr-left hr-icon-no   avia-builder-el-11  el_after_av_button  el_before_av_hr '><span class='hr-inner   inner-border-av-border-fat' style=' width:100%; border-color:#ec407a;' ><span class='hr-inner-style'><\/span><\/span><\/div>\n<h3>\u00a0<\/h3>\n<h3><strong>\u00c9dition<\/strong> 2021<\/h3>\n<p><b>Pr\u00e9sentation de l\u2019apr\u00e8s-midi et mots de bienvenue<\/b><b><br \/><\/b><strong>Agn\u00e8s DUPERRIN<\/strong>,\u00a0<em>cheffe du Service Sant\u00e9 du magazine<\/em>\u00a0<em>Notre Temps<\/em><\/p>\n<div style=\"width:100%\">\r\n<audio class=\"player\" playsinline controls   >\r\n  \r\n  <source src=\"https:\/\/entretiensalzheimer.org\/wp-content\/uploads\/2021\/06\/PARIS-2021_Introduction_Agn\u00e8s-DUPERRIN-et-OdL.mp3\"  type=\"audio\/mp3\"  >\r\n  \r\nYour browser does not support the audio element.\r\n<\/audio>\r\n<\/div>\r\n\r\n<script type=\"text\/javascript\">\r\n\r\n\r\nconst players6493 = Plyr.setup('.player', {\r\n\tcontrols:['play', 'progress', 'duration', 'mute', 'volume','download'],\r\n\t});\r\n<\/script>\r\n\n<p>&#8211;<\/p>\n<p><strong>Actualit\u00e9s de la maladie d&rsquo;Alzheimer<br \/><\/strong><strong>Pr Bruno DUBOIS, <\/strong><em>neurologue \u00e0 l&rsquo;H\u00f4pital de la Piti\u00e9-Salp\u00eatri\u00e8re, directeur scientifique de la Fondation Recherche Alzheimer<\/em><\/p>\n<div style=\"width:100%\">\r\n<audio class=\"player\" playsinline controls   >\r\n  \r\n  <source src=\"https:\/\/entretiensalzheimer.org\/wp-content\/uploads\/2021\/06\/PARIS-2021_Bruno-DUBOIS.mp3\"  type=\"audio\/mp3\"  >\r\n  \r\nYour browser does not support the audio element.\r\n<\/audio>\r\n<\/div>\r\n\r\n<script type=\"text\/javascript\">\r\n\r\n\r\nconst players16106 = Plyr.setup('.player', {\r\n\tcontrols:['play', 'progress', 'duration', 'mute', 'volume','download'],\r\n\t});\r\n<\/script>\r\n\n<p>&#8211;<\/p>\n<p><strong>Les facteurs de risque de la maladie d&rsquo;Alzheimer : des g\u00e8nes dominants aux g\u00e8nes de risque<br \/><\/strong><strong>Florence CLAVAGUERA, <\/strong><em>chercheuse en neurobiologie \u2013 H\u00f4pital de la Piti\u00e9-Salp\u00eatri\u00e8re<\/em><\/p>\n<div style=\"width:100%\">\r\n<audio class=\"player\" playsinline controls   >\r\n  \r\n  <source src=\"https:\/\/entretiensalzheimer.org\/wp-content\/uploads\/2021\/06\/PARIS-2021_Florence-CLAVAGUERA.mp3\"  type=\"audio\/mp3\"  >\r\n  \r\nYour browser does not support the audio element.\r\n<\/audio>\r\n<\/div>\r\n\r\n<script type=\"text\/javascript\">\r\n\r\n\r\nconst players16119 = Plyr.setup('.player', {\r\n\tcontrols:['play', 'progress', 'duration', 'mute', 'volume','download'],\r\n\t});\r\n<\/script>\r\n\n<p>&#8211;<\/p>\n<p><strong>Vieillir en m\u00e9ditant : un rempart contre Alzheimer ?<br \/><\/strong><strong>Dr Ga\u00ebl CH\u00c9TELAT, <\/strong><em>directrice de recherche \u00e0 l\u2019INSERM, UMR-S U1237 PhIND \u2013 Caen<\/em><\/p>\n<div style=\"width:100%\">\r\n<audio class=\"player\" playsinline controls   >\r\n  \r\n  <source src=\"https:\/\/entretiensalzheimer.org\/wp-content\/uploads\/2021\/06\/PARIS-2021_Ga\u00ebl-CHETELAT.mp3\"  type=\"audio\/mp3\"  >\r\n  \r\nYour browser does not support the audio element.\r\n<\/audio>\r\n<\/div>\r\n\r\n<script type=\"text\/javascript\">\r\n\r\n\r\nconst players16126 = Plyr.setup('.player', {\r\n\tcontrols:['play', 'progress', 'duration', 'mute', 'volume','download'],\r\n\t});\r\n<\/script>\r\n\n<p>&#8211;<\/p>\n<p><strong>Le mus\u00e9e vient \u00e0 vous<br \/><\/strong><strong>Eric SANCHEZ<\/strong>, <em>directeur des Particuliers \u00e0 la Direction des Activit\u00e9s Sociales <\/em><strong><em>\u2013<\/em> AG2R LA MONDIALE<br \/>Cindy BAROTTE<\/strong>, <em>fondatrice et directrice de l\u2019association ARTZ (Action Culturelle Alzheimer)<\/em><\/p>\n<div style=\"width:100%\">\r\n<audio class=\"player\" playsinline controls   >\r\n  \r\n  <source src=\"https:\/\/entretiensalzheimer.org\/wp-content\/uploads\/2021\/06\/PARIS-2021_AG2R_Cindy-BAROTTE.mp3\"  type=\"audio\/mp3\"  >\r\n  \r\nYour browser does not support the audio element.\r\n<\/audio>\r\n<\/div>\r\n\r\n<script type=\"text\/javascript\">\r\n\r\n\r\nconst players16130 = Plyr.setup('.player', {\r\n\tcontrols:['play', 'progress', 'duration', 'mute', 'volume','download'],\r\n\t});\r\n<\/script>\r\n\n<p>&#8211;<\/p>\n<p><strong>Le r\u00f4le des phytomicronutriments dans la pr\u00e9vention du d\u00e9clin cognitif<br \/><\/strong><strong>David GAUDOUT, <\/strong><em>co-Founder et Chief Innovation Officer de <\/em><strong>ACTIV\u2019INSIDE<\/strong><\/p>\n<div style=\"width:100%\">\r\n<audio class=\"player\" playsinline controls   >\r\n  \r\n  <source src=\"https:\/\/entretiensalzheimer.org\/wp-content\/uploads\/2021\/06\/PARIS-2021_ACTIVINSIDE_David-Gaudout.mp3\"  type=\"audio\/mp3\"  >\r\n  \r\nYour browser does not support the audio element.\r\n<\/audio>\r\n<\/div>\r\n\r\n<script type=\"text\/javascript\">\r\n\r\n\r\nconst players16135 = Plyr.setup('.player', {\r\n\tcontrols:['play', 'progress', 'duration', 'mute', 'volume','download'],\r\n\t});\r\n<\/script>\r\n\n<p>&#8211;<\/p>\n<p><strong>Empathie, mode d&#8217;emploi de la relation aidant-aid\u00e9<br \/><\/strong><strong>Sarah NICAISE, <\/strong>p<em>sychoth\u00e9rapeute \u2013<\/em><strong>\u00a0AUDIENS<\/strong><\/p>\n<div style=\"width:100%\">\r\n<audio class=\"player\" playsinline controls   >\r\n  \r\n  <source src=\"https:\/\/entretiensalzheimer.org\/wp-content\/uploads\/2021\/06\/PARIS-2021_AUDIENS_Sarah-NICAISE.mp3\"  type=\"audio\/mp3\"  >\r\n  \r\nYour browser does not support the audio element.\r\n<\/audio>\r\n<\/div>\r\n\r\n<script type=\"text\/javascript\">\r\n\r\n\r\nconst players16139 = Plyr.setup('.player', {\r\n\tcontrols:['play', 'progress', 'duration', 'mute', 'volume','download'],\r\n\t});\r\n<\/script>\r\n\n<p>&#8211;<\/p>\n<p><strong>Exp\u00e9rimentation d\u2019un PASA \u00ab itin\u00e9rant \u00bb<br \/><\/strong><strong>Dr Laure JOUATEL, <\/strong><em>m\u00e9decin coordonnateur \u2013 R\u00e9sidence Les Nymph\u00e9as <\/em>\u2013 <strong>LNA SANT\u00c9<br \/>Violaine de SAINT HILAIRE, <\/strong><em>psychomotricienne &#8211; Villas d\u2019Epidaure <\/em>\u2013 <strong>LNA SANT\u00c9<\/strong><\/p>\n<div style=\"width:100%\">\r\n<audio class=\"player\" playsinline controls   >\r\n  \r\n  <source src=\"https:\/\/entretiensalzheimer.org\/wp-content\/uploads\/2021\/06\/PARIS-2021_LNA-SANTE_Dr-JOUATEL-et-Violaine-de-ST-HILAIRE.mp3\"  type=\"audio\/mp3\"  >\r\n  \r\nYour browser does not support the audio element.\r\n<\/audio>\r\n<\/div>\r\n\r\n<script type=\"text\/javascript\">\r\n\r\n\r\nconst players16143 = Plyr.setup('.player', {\r\n\tcontrols:['play', 'progress', 'duration', 'mute', 'volume','download'],\r\n\t});\r\n<\/script>\r\n\n<p>&#8211;<\/p>\n<p style=\"text-align: left;\"><b>Conclusion et remerciements<br \/><\/b><strong>Isabelle AZ\u00c9MA, <\/strong><em>responsable du r\u00e9seau b\u00e9n\u00e9voles de la Fondation\u00a0Recherche Alzheimer<br \/><\/em> <strong>Olivier de LADOUCETTE<\/strong>, <em>pr\u00e9sident-fondateur de la Fondation Recherche Alzheimer<\/em><\/p>\n<div style=\"width:100%\">\r\n<audio class=\"player\" playsinline controls   >\r\n  \r\n  <source src=\"https:\/\/entretiensalzheimer.org\/wp-content\/uploads\/2021\/06\/PARIS-2021_LNA-SANTE_Dr-JOUATEL-et-Violaine-de-ST-HILAIRE.mp3\"  type=\"audio\/mp3\"  >\r\n  \r\nYour browser does not support the audio element.\r\n<\/audio>\r\n<\/div>\r\n\r\n<script type=\"text\/javascript\">\r\n\r\n\r\nconst players16143 = Plyr.setup('.player', {\r\n\tcontrols:['play', 'progress', 'duration', 'mute', 'volume','download'],\r\n\t});\r\n<\/script>\r\n\n<p>&#8211;<\/p>\n<div  style=' margin-top:30px; margin-bottom:30px;'  class='hr hr-custom hr-left hr-icon-no   avia-builder-el-12  el_after_av_hr  el_before_av_hr '><span class='hr-inner   inner-border-av-border-fat' style=' width:100%; border-color:#ec407a;' ><span class='hr-inner-style'><\/span><\/span><\/div>\n<h3><strong>\u00c9dition 2020<\/strong><\/h3>\n<p><b>Pr\u00e9sentation de l\u2019apr\u00e8s-midi et mots de bienvenue<br \/><\/b><span style=\"font-weight: 400;\">Agn\u00e8s DUPERRIN, <\/span><span style=\"font-weight: 400;\">chef du Service Sant\u00e9 du magazine <\/span><span style=\"font-weight: 400;\"><em>Notre Temps<\/em><br \/>Olivier de LADOUCETTE,\u00a0psychiatre, g\u00e9rontologue et\u00a0pr\u00e9sident-fondateur de la Fondation Recherche Alzheimer<br \/><\/span><\/p>\n<div style=\"width:100%\">\r\n<audio class=\"player\" playsinline controls   >\r\n  \r\n  <source src=\"https:\/\/entretiensalzheimer.org\/wp-content\/uploads\/2020\/10\/Intro_Agn\u00e8s-D.-et-OdL.mp3\"  type=\"audio\/mp3\"  >\r\n  \r\nYour browser does not support the audio element.\r\n<\/audio>\r\n<\/div>\r\n\r\n<script type=\"text\/javascript\">\r\n\r\n\r\nconst players3105 = Plyr.setup('.player', {\r\n\tcontrols:['play', 'progress', 'duration', 'mute', 'volume','download'],\r\n\t});\r\n<\/script>\r\n\n<p>&#8211;<\/p>\n<p><b>Actualit\u00e9s de la maladie d\u2019Alzheimer<br \/><\/b><span style=\"font-weight: 400;\">Pr Bruno DUBOIS,<\/span><span style=\"font-weight: 400;\"> neurologue \u00e0 l\u2019h\u00f4pital de la Piti\u00e9-Salp\u00eatri\u00e8re, directeur de l\u2019Institut de la M\u00e9moire et de la Maladie d\u2019Alzheimer (IM2A), Directeur Scientifique de la Fondation pour la Recherche sur Alzheimer<br \/><\/span><\/p>\n<div style=\"width:100%\">\r\n<audio class=\"player\" playsinline controls   >\r\n  \r\n  <source src=\"https:\/\/entretiensalzheimer.org\/wp-content\/uploads\/2020\/10\/Paris-2020_DUBOIS-Bruno.mp3\"  type=\"audio\/mp3\"  >\r\n  \r\nYour browser does not support the audio element.\r\n<\/audio>\r\n<\/div>\r\n\r\n<script type=\"text\/javascript\">\r\n\r\n\r\nconst players3114 = Plyr.setup('.player', {\r\n\tcontrols:['play', 'progress', 'duration', 'mute', 'volume','download'],\r\n\t});\r\n<\/script>\r\n\n<p>&#8211;<\/p>\n<p><b><strong>Maladie d\u2019Alzheimer du sujet jeune : une maladie singuli\u00e8re<\/strong><br \/><\/b><span style=\"font-weight: 400;\">Dr St\u00e9phanie BOMBOIS<\/span><span style=\"font-weight: 400;\">,\u00a0<\/span><span style=\"font-weight: 400;\">neurologue, directrice du Centre National \u2018Malades Alzheimer Jeunes\u2019 \u2013\u00a0H\u00f4pital de la Piti\u00e9-Salp\u00eatri\u00e8re<br \/><\/span><\/p>\n<div style=\"width:100%\">\r\n<audio class=\"player\" playsinline controls   >\r\n  \r\n  <source src=\"https:\/\/entretiensalzheimer.org\/wp-content\/uploads\/2020\/10\/Paris-2020_BOMBOIS-St\u00e9phanie.mp3\"  type=\"audio\/mp3\"  >\r\n  \r\nYour browser does not support the audio element.\r\n<\/audio>\r\n<\/div>\r\n\r\n<script type=\"text\/javascript\">\r\n\r\n\r\nconst players3116 = Plyr.setup('.player', {\r\n\tcontrols:['play', 'progress', 'duration', 'mute', 'volume','download'],\r\n\t});\r\n<\/script>\r\n\n<p>&#8211;<\/p>\n<p><strong>Ces pens\u00e9es qui nous freinent : les pens\u00e9es dysfonctionnelles\u00a0chez les aidants<br \/><\/strong><i><\/i>Anna METCALFE,\u00a0psychologue \u00e0 l\u2019Institut de la M\u00e9moire (IM\u00b2A)\u00a0\u2013 H\u00f4pital de la Piti\u00e9-Salp\u00eatri\u00e8re<\/p>\n<p><span style=\"font-weight: 400;\"><div style=\"width:100%\">\r\n<audio class=\"player\" playsinline controls   >\r\n  \r\n  <source src=\"https:\/\/entretiensalzheimer.org\/wp-content\/uploads\/2020\/10\/Paris-2020_METCALFE-Annamp3.mp3\"  type=\"audio\/mp3\"  >\r\n  \r\nYour browser does not support the audio element.\r\n<\/audio>\r\n<\/div>\r\n\r\n<script type=\"text\/javascript\">\r\n\r\n\r\nconst players3118 = Plyr.setup('.player', {\r\n\tcontrols:['play', 'progress', 'duration', 'mute', 'volume','download'],\r\n\t});\r\n<\/script>\r\n<\/span><\/p>\n<p>&#8211;<\/p>\n<p><span style=\"font-weight: 400;\"><strong>T\u00e9moignage<\/strong> d\u2019Agathe CHARNET, dont la maman, professeur de philosophie, a \u00e9t\u00e9 diagnostiqu\u00e9e malade Alzheimer Jeune \u00e0 53 ans.<br \/><div style=\"width:100%\">\r\n<audio class=\"player\" playsinline controls   >\r\n  \r\n  <source src=\"https:\/\/entretiensalzheimer.org\/wp-content\/uploads\/2020\/10\/Paris-2020_CHARNET-Agathe.mp3\"  type=\"audio\/mp3\"  >\r\n  \r\nYour browser does not support the audio element.\r\n<\/audio>\r\n<\/div>\r\n\r\n<script type=\"text\/javascript\">\r\n\r\n\r\nconst players3120 = Plyr.setup('.player', {\r\n\tcontrols:['play', 'progress', 'duration', 'mute', 'volume','download'],\r\n\t});\r\n<\/script>\r\n<br \/><\/span><\/p>\n<p><em>En 2020, elle\u00a0r\u00e9alise le documentaire audio \u00ab Face \u00e0 l\u2019Oubli \u00bb sur les personnes jeunes atteintes de la maladie d\u2019Alzheimer produit par Binge Audio en partenariat avec le projet PLACES de l\u2019EHESS.<\/em><\/p>\n<p><strong><i class=\"wp-svg-headphones headphones\"><\/i>\u00a0<a class=\"mfp-iframe lightbox-added\" href=\"https:\/\/www.youtube.com\/watch?v=nBi7t-elTg8\">\u00ab Face \u00e0 l\u2019Oubli \u00bb<\/a>,<\/strong>\u00a0\u00e9pisode 1<br \/><strong><i class=\"wp-svg-headphones headphones\"><\/i>\u00a0<\/strong><strong><a class=\"mfp-iframe lightbox-added\" href=\"https:\/\/www.youtube.com\/watch?v=S2j3qauMoBM\">\u00ab Face \u00e0 l\u2019Oubli \u00bb<\/a>,<\/strong>\u00a0\u00e9pisode 2<br \/><strong><i class=\"wp-svg-headphones headphones\"><\/i>\u00a0<\/strong><strong><a class=\"mfp-iframe lightbox-added\" href=\"https:\/\/www.youtube.com\/watch?v=r2G5qpFidog\">\u00ab Face \u00e0 l\u2019Oubli \u00bb<\/a>,<\/strong>\u00a0\u00e9pisode 3<br \/><strong><i class=\"wp-svg-headphones headphones\"><\/i><\/strong>\u00a0<strong><a class=\"mfp-iframe lightbox-added\" href=\"https:\/\/www.youtube.com\/watch?v=vDdk1Y6guFA\">\u00ab Face \u00e0 l\u2019Oubli \u00bb<\/a>,<\/strong>\u00a0\u00e9pisode 4<\/p>\n<p>&#8211;<\/p>\n<p><span style=\"font-weight: 400;\"><strong>PING4ALZHEIMER : une th\u00e9rapie sportive simple et innovante<br \/><\/strong><\/span>Renato WALKOWIAK,\u00a0directeur du LSC Tennis de Table et fondateur du programme <strong><a href=\"http:\/\/www.Ping4Alzheimer.com\">Ping4Alzheimer<\/a><\/strong><\/p>\n<div id=\"mep_5\" class=\"mejs-container mejs-container-keyboard-inactive wp-audio-shortcode mejs-audio\" tabindex=\"0\" role=\"application\" aria-label=\"Lecteur audio\">\n<div class=\"mejs-inner\">\n<div style=\"width:100%\">\r\n<audio class=\"player\" playsinline controls   >\r\n  \r\n  <source src=\"https:\/\/entretiensalzheimer.org\/wp-content\/uploads\/2020\/10\/Paris-2020_WALKOWIAK-Renato.mp3\"  type=\"audio\/mp3\"  >\r\n  \r\nYour browser does not support the audio element.\r\n<\/audio>\r\n<\/div>\r\n\r\n<script type=\"text\/javascript\">\r\n\r\n\r\nconst players3122 = Plyr.setup('.player', {\r\n\tcontrols:['play', 'progress', 'duration', 'mute', 'volume','download'],\r\n\t});\r\n<\/script>\r\n\n<\/div>\n<\/div>\n<p>&#8211;<\/p>\n<p><span style=\"font-weight: 400;\"><strong>Les r\u00e9sultats de la recherche appliqu\u00e9e Tai chi chuan et maladie d\u2019Alzheimer<br \/><\/strong><\/span>\u00c9ric SANCHEZ,\u00a0directeur de la valorisation et des initiatives sociales chez\u00a0AG2R\u00a0LA MONDIALE<i><\/i><\/p>\n<div style=\"width:100%\">\r\n<audio class=\"player\" playsinline controls   >\r\n  \r\n  <source src=\"https:\/\/entretiensalzheimer.org\/wp-content\/uploads\/2020\/10\/Paris-2020_SANCHEZ-Eric.mp3\"  type=\"audio\/mp3\"  >\r\n  \r\nYour browser does not support the audio element.\r\n<\/audio>\r\n<\/div>\r\n\r\n<script type=\"text\/javascript\">\r\n\r\n\r\nconst players3124 = Plyr.setup('.player', {\r\n\tcontrols:['play', 'progress', 'duration', 'mute', 'volume','download'],\r\n\t});\r\n<\/script>\r\n\n<p>&#8211;<\/p>\n<p><b><strong>Pr\u00e9sentation du documentaire \u00ab\u00a0Prendre soin\u00a0\u00bb<\/strong><br \/><\/b><span style=\"font-weight: 400;\">Nabila HOUBI, <\/span><span style=\"font-weight: 400;\">directrice des Villas d\u2019\u00c9pidaure<\/span><span style=\"font-weight: 400;\">\u00a0<\/span><span style=\"font-weight: 400;\">\u2013 <\/span><span style=\"font-weight: 400;\">LNA Sant\u00e9<br \/><\/span>Lika,\u00a0soignante aux\u00a0Villas d\u2019\u00c9pidaure\u00a0<span style=\"font-weight: 400;\">\u2013 <\/span><span style=\"font-weight: 400;\">LNA Sant\u00e9<\/span><\/p>\n<div style=\"width:100%\">\r\n<audio class=\"player\" playsinline controls   >\r\n  \r\n  <source src=\"https:\/\/entretiensalzheimer.org\/wp-content\/uploads\/2020\/10\/Paris-2020_HOUBI-Nabila_LNA-SANTE.mp3\"  type=\"audio\/mp3\"  >\r\n  \r\nYour browser does not support the audio element.\r\n<\/audio>\r\n<\/div>\r\n\r\n<script type=\"text\/javascript\">\r\n\r\n\r\nconst players3126 = Plyr.setup('.player', {\r\n\tcontrols:['play', 'progress', 'duration', 'mute', 'volume','download'],\r\n\t});\r\n<\/script>\r\n\n<div tabindex=\"0\" role=\"application\" aria-label=\"Lecteur audio\">&#8211;<\/div>\n<div>\u00a0<\/div>\n<div id=\"mep_7\" class=\"mejs-container mejs-container-keyboard-inactive wp-audio-shortcode mejs-audio\" tabindex=\"0\" role=\"application\" aria-label=\"Lecteur audio\">\u00a0<\/div>\n<p><span style=\"font-weight: 400;\"><strong>Protection des majeurs\u00a0vuln\u00e9rables<br \/><\/strong><\/span>\u00c9ric DUBREUIL,\u00a0mandataire judiciaire \u2013 AUDIENS<\/p>\n<p><span style=\"font-weight: 400;\"><div style=\"width:100%\">\r\n<audio class=\"player\" playsinline controls   >\r\n  \r\n  <source src=\"https:\/\/entretiensalzheimer.org\/wp-content\/uploads\/2020\/10\/Paris-2020_DUBREUIL-Eric_AUDIENS.mp3\"  type=\"audio\/mp3\"  >\r\n  \r\nYour browser does not support the audio element.\r\n<\/audio>\r\n<\/div>\r\n\r\n<script type=\"text\/javascript\">\r\n\r\n\r\nconst players3128 = Plyr.setup('.player', {\r\n\tcontrols:['play', 'progress', 'duration', 'mute', 'volume','download'],\r\n\t});\r\n<\/script>\r\n<\/span><\/p>\n<p>&#8211;<\/p>\n<p><b>Conclusion et remerciements<br \/><\/b><span style=\"font-weight: 400;\">Docteur Olivier de LADOUCETTE<\/span><i><span style=\"font-weight: 400;\">, <\/span><\/i><span style=\"font-weight: 400;\">psychiatre, g\u00e9rontologue et Pr\u00e9sident de la Fondation Recherche Alzheimer<\/span><i><span style=\"font-weight: 400;\"><br \/><\/span><\/i><\/p>\n<p><div style=\"width:100%\">\r\n<audio class=\"player\" playsinline controls   >\r\n  \r\n  <source src=\"https:\/\/entretiensalzheimer.org\/wp-content\/uploads\/2020\/10\/Paris-2020_DUBREUIL-Eric_AUDIENS.mp3\"  type=\"audio\/mp3\"  >\r\n  \r\nYour browser does not support the audio element.\r\n<\/audio>\r\n<\/div>\r\n\r\n<script type=\"text\/javascript\">\r\n\r\n\r\nconst players3128 = Plyr.setup('.player', {\r\n\tcontrols:['play', 'progress', 'duration', 'mute', 'volume','download'],\r\n\t});\r\n<\/script>\r\n<br \/>\n<div  style=' margin-top:30px; margin-bottom:30px;'  class='hr hr-custom hr-left hr-icon-no   avia-builder-el-13  el_after_av_hr  el_before_av_hr '><span class='hr-inner   inner-border-av-border-fat' style=' width:100%; border-color:#ec407a;' ><span class='hr-inner-style'><\/span><\/span><\/div><\/p>\n<h3><strong>\u00c9dition 2019<\/strong><\/h3>\n<p><b>Pr\u00e9sentation de l\u2019apr\u00e8s-midi <\/b><b><br \/><\/b><span style=\"font-weight: 400;\">Agn\u00e8s DUPERRIN, <\/span><span style=\"font-weight: 400;\">chef du Service Sant\u00e9 du magazine <\/span><span style=\"font-weight: 400;\"><em>Notre Temps<\/em><br \/><div style=\"width:100%\">\r\n<audio class=\"player\" playsinline controls   >\r\n  \r\n  <source src=\"https:\/\/entretiensalzheimer.org\/wp-content\/uploads\/2020\/04\/10-paris2019-agnes.mp3\"  type=\"audio\/mp3\"  >\r\n  \r\nYour browser does not support the audio element.\r\n<\/audio>\r\n<\/div>\r\n\r\n<script type=\"text\/javascript\">\r\n\r\n\r\nconst players508 = Plyr.setup('.player', {\r\n\tcontrols:['play', 'progress', 'duration', 'mute', 'volume','download'],\r\n\t});\r\n<\/script>\r\n<br \/><\/span><\/p>\n<p>&#8211;<\/p>\n<p><b>Introduction<\/b><b><br \/><\/b><span style=\"font-weight: 400;\">Docteur Olivier de LADOUCETTE<\/span><span style=\"font-weight: 400;\">, psychiatre, g\u00e9rontologue et Pr\u00e9sident de la Fondation Recherche Alzheimer<\/span><i><span style=\"font-weight: 400;\"><br \/><div style=\"width:100%\">\r\n<audio class=\"player\" playsinline controls   >\r\n  \r\n  <source src=\"https:\/\/entretiensalzheimer.org\/wp-content\/uploads\/2020\/04\/11-paris2019-intro.mp3\"  type=\"audio\/mp3\"  >\r\n  \r\nYour browser does not support the audio element.\r\n<\/audio>\r\n<\/div>\r\n\r\n<script type=\"text\/javascript\">\r\n\r\n\r\nconst players509 = Plyr.setup('.player', {\r\n\tcontrols:['play', 'progress', 'duration', 'mute', 'volume','download'],\r\n\t});\r\n<\/script>\r\n<br \/><\/span><\/i><\/p>\n<p>&#8211;<\/p>\n<p><b>Comprendre le cerveau pour comprendre la maladie d\u2019Alzheimer<\/b><b><br \/><\/b><span style=\"font-weight: 400;\">Professeur Bruno DUBOIS,<\/span><span style=\"font-weight: 400;\"> neurologue \u00e0 l\u2019h\u00f4pital de la Piti\u00e9-Salp\u00eatri\u00e8re, directeur de l\u2019Institut de la M\u00e9moire et de la Maladie d\u2019Alzheimer (IM\u00b2A), Directeur Scientifique de la Fondation Recherche Alzheimer<\/span><span style=\"font-weight: 400;\"><br \/><\/span><i><span style=\"font-weight: 400;\"> <div style=\"width:100%\">\r\n<audio class=\"player\" playsinline controls   >\r\n  \r\n  <source src=\"https:\/\/entretiensalzheimer.org\/wp-content\/uploads\/2020\/04\/12-paris2019-questions.mp3\"  type=\"audio\/mp3\"  >\r\n  \r\nYour browser does not support the audio element.\r\n<\/audio>\r\n<\/div>\r\n\r\n<script type=\"text\/javascript\">\r\n\r\n\r\nconst players569 = Plyr.setup('.player', {\r\n\tcontrols:['play', 'progress', 'duration', 'mute', 'volume','download'],\r\n\t});\r\n<\/script>\r\n<br \/><\/span><\/i><\/p>\n<p>&#8211;<\/p>\n<p><b>Pourquoi et comment l\u2019\u00e9tude du cerveau permet-elle de mieux comprendre le v\u00e9cu d\u2019un malade souffrant de la maladie d\u2019Alzheimer ?<\/b><b><br \/><\/b><span style=\"font-weight: 400;\">Professeur Lionel NACCACHE<\/span><span style=\"font-weight: 400;\">, neurologue, professeur \u00e0 Sorbonne Universit\u00e9, chercheur \u00e0 l\u2019ICM<\/span><span style=\"font-weight: 400;\"><br \/><\/span><i><span style=\"font-weight: 400;\"> <div style=\"width:100%\">\r\n<audio class=\"player\" playsinline controls   >\r\n  \r\n  <source src=\"https:\/\/entretiensalzheimer.org\/wp-content\/uploads\/2020\/04\/13-paris2019-ln.mp3\"  type=\"audio\/mp3\"  >\r\n  \r\nYour browser does not support the audio element.\r\n<\/audio>\r\n<\/div>\r\n\r\n<script type=\"text\/javascript\">\r\n\r\n\r\nconst players570 = Plyr.setup('.player', {\r\n\tcontrols:['play', 'progress', 'duration', 'mute', 'volume','download'],\r\n\t});\r\n<\/script>\r\n<br \/><\/span><\/i><\/p>\n<p>&#8211;<\/p>\n<p><b>Int\u00e9r\u00eat et apport des biomarqueurs dans la maladie d\u2019Alzheimer<\/b><b><br \/><\/b><span style=\"font-weight: 400;\">Professeur Claire PAQUET, <\/span><span style=\"font-weight: 400;\">neurologue, chef du service du Centre de Neurologie Cognitive, Lariboisi\u00e8re, universit\u00e9 de Paris<\/span><span style=\"font-weight: 400;\"><br \/><\/span><i><span style=\"font-weight: 400;\"> <div style=\"width:100%\">\r\n<audio class=\"player\" playsinline controls   >\r\n  \r\n  <source src=\"https:\/\/entretiensalzheimer.org\/wp-content\/uploads\/2020\/04\/14-paris2019-cp.mp3\"  type=\"audio\/mp3\"  >\r\n  \r\nYour browser does not support the audio element.\r\n<\/audio>\r\n<\/div>\r\n\r\n<script type=\"text\/javascript\">\r\n\r\n\r\nconst players571 = Plyr.setup('.player', {\r\n\tcontrols:['play', 'progress', 'duration', 'mute', 'volume','download'],\r\n\t});\r\n<\/script>\r\n<br \/><\/span><\/i><\/p>\n<p>&#8211;<\/p>\n<p><b>Questions \u2013 r\u00e9ponses avec le public<\/b><b><br \/><\/b><span style=\"font-weight: 400;\">Professeur Lionel NACCACHE et Professeur Claire PAQUET<br \/><div style=\"width:100%\">\r\n<audio class=\"player\" playsinline controls   >\r\n  \r\n  <source src=\"https:\/\/entretiensalzheimer.org\/wp-content\/uploads\/2020\/04\/15-paris2019-questions-cp-ln.mp3\"  type=\"audio\/mp3\"  >\r\n  \r\nYour browser does not support the audio element.\r\n<\/audio>\r\n<\/div>\r\n\r\n<script type=\"text\/javascript\">\r\n\r\n\r\nconst players572 = Plyr.setup('.player', {\r\n\tcontrols:['play', 'progress', 'duration', 'mute', 'volume','download'],\r\n\t});\r\n<\/script>\r\n<br \/><\/span><\/p>\n<p>&#8211;<\/p>\n<p><b>Partage d\u2019exp\u00e9rience sur l\u2019accompagnement d\u2019un proche malade d\u2019Alzheimer<\/b> <span style=\"font-weight: 400;\"><br \/><\/span><span style=\"font-weight: 400;\">Christelle BARDET, <\/span><span style=\"font-weight: 400;\">auteure du livre \u00ab\u00a0<\/span><span style=\"font-weight: 400;\">Quand maman plantait des brosses \u00e0 dents\u00a0\u00bb<br \/><div style=\"width:100%\">\r\n<audio class=\"player\" playsinline controls   >\r\n  \r\n  <source src=\"https:\/\/entretiensalzheimer.org\/wp-content\/uploads\/2020\/04\/16-paris2019-cbardet.mp3\"  type=\"audio\/mp3\"  >\r\n  \r\nYour browser does not support the audio element.\r\n<\/audio>\r\n<\/div>\r\n\r\n<script type=\"text\/javascript\">\r\n\r\n\r\nconst players573 = Plyr.setup('.player', {\r\n\tcontrols:['play', 'progress', 'duration', 'mute', 'volume','download'],\r\n\t});\r\n<\/script>\r\n<br \/><\/span><\/p>\n<p>&#8211;<\/p>\n<p><b>La pr\u00e9vention de la maladie d\u2019Alzheimer<\/b><b><br \/><\/b><span style=\"font-weight: 400;\">Docteur Olivier de LADOUCETTE<\/span><span style=\"font-weight: 400;\">, psychiatre, g\u00e9rontologue et Pr\u00e9sident de la Fondation Recherche Alzheimer<\/span><span style=\"font-weight: 400;\"><br \/><\/span><i><span style=\"font-weight: 400;\"> <div style=\"width:100%\">\r\n<audio class=\"player\" playsinline controls   >\r\n  \r\n  <source src=\"https:\/\/entretiensalzheimer.org\/wp-content\/uploads\/2020\/04\/17-paris2019-odl-prevention.mp3\"  type=\"audio\/mp3\"  >\r\n  \r\nYour browser does not support the audio element.\r\n<\/audio>\r\n<\/div>\r\n\r\n<script type=\"text\/javascript\">\r\n\r\n\r\nconst players574 = Plyr.setup('.player', {\r\n\tcontrols:['play', 'progress', 'duration', 'mute', 'volume','download'],\r\n\t});\r\n<\/script>\r\n<br \/><\/span><\/i><\/p>\n<p>&#8211;<\/p>\n<p><b>Voyages et m\u00e9moire<\/b><b><br \/><\/b><span style=\"font-weight: 400;\">Nabila HOUBI, <\/span><span style=\"font-weight: 400;\">directrice des Villas d\u2019Epidaure et <\/span><span style=\"font-weight: 400;\">Violaine de SAINT HILAIRE, <\/span><span style=\"font-weight: 400;\">psychomotricienne \u00e0 la Villa d\u2019Epidaure \u2013 <\/span><span style=\"font-weight: 400;\">LNA SANT\u00c9<br \/><div style=\"width:100%\">\r\n<audio class=\"player\" playsinline controls   >\r\n  \r\n  <source src=\"https:\/\/entretiensalzheimer.org\/wp-content\/uploads\/2020\/04\/18-paris2019-lna.mp3\"  type=\"audio\/mp3\"  >\r\n  \r\nYour browser does not support the audio element.\r\n<\/audio>\r\n<\/div>\r\n\r\n<script type=\"text\/javascript\">\r\n\r\n\r\nconst players575 = Plyr.setup('.player', {\r\n\tcontrols:['play', 'progress', 'duration', 'mute', 'volume','download'],\r\n\t});\r\n<\/script>\r\n<br \/><\/span><\/p>\n<p>&#8211;<\/p>\n<p><b>Un nouveau regard sur la gestion du quotidien d\u2019un malade Alzheimer<\/b><b><br \/><\/b><span style=\"font-weight: 400;\">Colette ROUMANOFF, <\/span><span style=\"font-weight: 400;\">metteur en sc\u00e8ne, \u00e9crivaine et directrice de compagnie th\u00e9\u00e2trale<\/span><span style=\"font-weight: 400;\"> \u2013 AUDIENS<br \/><div style=\"width:100%\">\r\n<audio class=\"player\" playsinline controls   >\r\n  \r\n  <source src=\"https:\/\/entretiensalzheimer.org\/wp-content\/uploads\/2020\/04\/19-paris2019-croumanoff.mp3\"  type=\"audio\/mp3\"  >\r\n  \r\nYour browser does not support the audio element.\r\n<\/audio>\r\n<\/div>\r\n\r\n<script type=\"text\/javascript\">\r\n\r\n\r\nconst players577 = Plyr.setup('.player', {\r\n\tcontrols:['play', 'progress', 'duration', 'mute', 'volume','download'],\r\n\t});\r\n<\/script>\r\n<br \/><\/span><\/p>\n<p>&#8211;<\/p>\n<p><b>Des vieux et des hommes<\/b><b><br \/><\/b><span style=\"font-weight: 400;\">Gilles PADIE, <\/span><span style=\"font-weight: 400;\">directeur de la Compagnie du Bout du Nez<\/span><span style=\"font-weight: 400;\"> et Anthony DARRAGI, <\/span><span style=\"font-weight: 400;\">charg\u00e9 des missions nationales<\/span><span style=\"font-weight: 400;\"> \u2013 AG2R LA MONDIALE<br \/><div style=\"width:100%\">\r\n<audio class=\"player\" playsinline controls   >\r\n  \r\n  <source src=\"https:\/\/entretiensalzheimer.org\/wp-content\/uploads\/2020\/04\/20-paris2019-ag2r.mp3\"  type=\"audio\/mp3\"  >\r\n  \r\nYour browser does not support the audio element.\r\n<\/audio>\r\n<\/div>\r\n\r\n<script type=\"text\/javascript\">\r\n\r\n\r\nconst players578 = Plyr.setup('.player', {\r\n\tcontrols:['play', 'progress', 'duration', 'mute', 'volume','download'],\r\n\t});\r\n<\/script>\r\n<br \/><\/span><\/p>\n<p>&#8211;<\/p>\n<p><b>Questions du public<\/b> <span style=\"font-weight: 400;\"><br \/><\/span><span style=\"font-weight: 400;\">Docteur Olivier de LADOUCETTE<\/span><span style=\"font-weight: 400;\">, psychiatre, g\u00e9rontologue et Pr\u00e9sident de la Fondation pour la Recherche sur Alzheimer<\/span><i><span style=\"font-weight: 400;\"><br \/><div style=\"width:100%\">\r\n<audio class=\"player\" playsinline controls   >\r\n  \r\n  <source src=\"https:\/\/entretiensalzheimer.org\/wp-content\/uploads\/2020\/04\/21-paris2019-questions-fin.mp3\"  type=\"audio\/mp3\"  >\r\n  \r\nYour browser does not support the audio element.\r\n<\/audio>\r\n<\/div>\r\n\r\n<script type=\"text\/javascript\">\r\n\r\n\r\nconst players579 = Plyr.setup('.player', {\r\n\tcontrols:['play', 'progress', 'duration', 'mute', 'volume','download'],\r\n\t});\r\n<\/script>\r\n<\/span><\/i><\/p>\n<div  style=' margin-top:30px; margin-bottom:30px;'  class='hr hr-custom hr-left hr-icon-no   avia-builder-el-14  el_after_av_hr  el_before_av_button '><span class='hr-inner   inner-border-av-border-fat' style=' width:100%; border-color:#ec407a;' ><span class='hr-inner-style'><\/span><\/span><\/div>\n<h3><strong>\u00c9dition\u00a0<\/strong><strong>2018<\/strong><\/h3>\n<p><b>Pr\u00e9sentation de l\u2019apr\u00e8s-midi<br \/><\/b><span style=\"font-weight: 400;\">Agn\u00e8s Duperrin, <\/span><span style=\"font-weight: 400;\">Chef du Service Sant\u00e9 du magazine <em>Notre Temps<\/em><\/span><br \/><div style=\"width:100%\">\r\n<audio class=\"player\" playsinline controls   >\r\n  \r\n  <source src=\"https:\/\/entretiensalzheimer.org\/wp-content\/uploads\/2020\/04\/01-Intro-aprem.mp3\"  type=\"audio\/mp3\"  >\r\n  \r\nYour browser does not support the audio element.\r\n<\/audio>\r\n<\/div>\r\n\r\n<script type=\"text\/javascript\">\r\n\r\n\r\nconst players477 = Plyr.setup('.player', {\r\n\tcontrols:['play', 'progress', 'duration', 'mute', 'volume','download'],\r\n\t});\r\n<\/script>\r\n<\/p>\n<p>&#8211;<\/p>\n<p><b>Introduction<br \/><\/b><span style=\"font-weight: 400;\">Docteur Olivier de LADOUCETTE<\/span><span style=\"font-weight: 400;\">, psychiatre, g\u00e9rontologue et Pr\u00e9sident de la Fondation Recherche Alzheimer<br \/><\/span><div style=\"width:100%\">\r\n<audio class=\"player\" playsinline controls   >\r\n  \r\n  <source src=\"https:\/\/entretiensalzheimer.org\/wp-content\/uploads\/2020\/04\/02-intro-olivier.mp3\"  type=\"audio\/mp3\"  >\r\n  \r\nYour browser does not support the audio element.\r\n<\/audio>\r\n<\/div>\r\n\r\n<script type=\"text\/javascript\">\r\n\r\n\r\nconst players482 = Plyr.setup('.player', {\r\n\tcontrols:['play', 'progress', 'duration', 'mute', 'volume','download'],\r\n\t});\r\n<\/script>\r\n<\/p>\n<p>&#8211;<\/p>\n<p><b>Vers une approche pr\u00e9ventive du traitement de la maladie d\u2019Alzheimer<br \/><\/b><span style=\"font-weight: 400;\">Bruno DUBOIS,<\/span><span style=\"font-weight: 400;\"> Professeur en neurologie \u00e0 l\u2019h\u00f4pital de la Piti\u00e9-Salp\u00eatri\u00e8re, directeur de l\u2019Institut de la M\u00e9moire et de la Maladie d\u2019Alzheimer (IM\u00b2A), pr\u00e9sident du Comit\u00e9 Scientifique de la Fondation Recherche Alzheimer<\/span><span style=\"font-weight: 400;\"><br \/><\/span><i><span style=\"font-weight: 400;\"> <div style=\"width:100%\">\r\n<audio class=\"player\" playsinline controls   >\r\n  \r\n  <source src=\"https:\/\/entretiensalzheimer.org\/wp-content\/uploads\/2020\/04\/03-bruno-dubois-echanges.mp3\"  type=\"audio\/mp3\"  >\r\n  \r\nYour browser does not support the audio element.\r\n<\/audio>\r\n<\/div>\r\n\r\n<script type=\"text\/javascript\">\r\n\r\n\r\nconst players488 = Plyr.setup('.player', {\r\n\tcontrols:['play', 'progress', 'duration', 'mute', 'volume','download'],\r\n\t});\r\n<\/script>\r\n<br \/><\/span><\/i><\/p>\n<p>&#8211;<\/p>\n<p><b>Les troubles du sommeil : facteur de risque de la maladie d\u2019Alzheimer ? examen de la r\u00e9tine : nouveau d\u00e9pistage pr\u00e9coce de la maladie d\u2019Alzheimer ?<br \/><\/b><span style=\"font-weight: 400;\">Nicolas VILLAIN<\/span><span style=\"font-weight: 400;\">, neurologue, chercheur \u00e0 l\u2019IM\u00b2A, H\u00f4pital de la Piti\u00e9-Salp\u00eatri\u00e8re<br \/><\/span><div style=\"width:100%\">\r\n<audio class=\"player\" playsinline controls   >\r\n  \r\n  <source src=\"https:\/\/entretiensalzheimer.org\/wp-content\/uploads\/2020\/04\/04-paris2018-nicolas.mp3\"  type=\"audio\/mp3\"  >\r\n  \r\nYour browser does not support the audio element.\r\n<\/audio>\r\n<\/div>\r\n\r\n<script type=\"text\/javascript\">\r\n\r\n\r\nconst players493 = Plyr.setup('.player', {\r\n\tcontrols:['play', 'progress', 'duration', 'mute', 'volume','download'],\r\n\t});\r\n<\/script>\r\n<\/p>\n<p>&#8211;<\/p>\n<p><b>Voyage au c\u0153ur de la socio-esth\u00e9tique, une approche de bien-\u00eatre m\u00e9connue au service des malades Alzheimer et des \u00e9quipes soignantes \u2013<\/b><span style=\"font-weight: 400;\"> Corinne PRAT, socio-esth\u00e9ticienne au CODES, Cours d\u2019Esth\u00e9tique \u00e0 option Humaniste et Sociale et Sophie VASSEUR, responsable communication, Direction des activit\u00e9s sociales \u2013 AG2R LA MONDIALE<br \/><div style=\"width:100%\">\r\n<audio class=\"player\" playsinline controls   >\r\n  \r\n  <source src=\"https:\/\/entretiensalzheimer.org\/wp-content\/uploads\/2020\/04\/05-paris2018-Corinne.mp3\"  type=\"audio\/mp3\"  >\r\n  \r\nYour browser does not support the audio element.\r\n<\/audio>\r\n<\/div>\r\n\r\n<script type=\"text\/javascript\">\r\n\r\n\r\nconst players494 = Plyr.setup('.player', {\r\n\tcontrols:['play', 'progress', 'duration', 'mute', 'volume','download'],\r\n\t});\r\n<\/script>\r\n<br \/><\/span><\/p>\n<p>&#8211;<\/p>\n<p><b>Retour d\u2019exp\u00e9rience sur une cr\u00e9ation th\u00e9\u00e2trale jou\u00e9e par des r\u00e9sidents atteints de la maladie d\u2019Alzheimer<br \/><\/b><span style=\"font-weight: 400;\">Nabila HOUBI, Directrice des Villas d\u2019Epidaure<\/span><span style=\"font-weight: 400;\"> et <\/span><span style=\"font-weight: 400;\">Emmanuela BARBONE, <\/span><span style=\"font-weight: 400;\">drama-th\u00e9rapeute \u2013 <\/span><span style=\"font-weight: 400;\">LNA SANT\u00c9<br \/><div style=\"width:100%\">\r\n<audio class=\"player\" playsinline controls   >\r\n  \r\n  <source src=\"https:\/\/entretiensalzheimer.org\/wp-content\/uploads\/2020\/04\/06-paris2018-lna-post-video.mp3\"  type=\"audio\/mp3\"  >\r\n  \r\nYour browser does not support the audio element.\r\n<\/audio>\r\n<\/div>\r\n\r\n<script type=\"text\/javascript\">\r\n\r\n\r\nconst players498 = Plyr.setup('.player', {\r\n\tcontrols:['play', 'progress', 'duration', 'mute', 'volume','download'],\r\n\t});\r\n<\/script>\r\n<br \/><div style=\"width:100%\">\r\n<audio class=\"player\" playsinline controls   >\r\n  \r\n  <source src=\"https:\/\/entretiensalzheimer.org\/wp-content\/uploads\/2020\/04\/07-paris2018-nabila-pre-video.mp3\"  type=\"audio\/mp3\"  >\r\n  \r\nYour browser does not support the audio element.\r\n<\/audio>\r\n<\/div>\r\n\r\n<script type=\"text\/javascript\">\r\n\r\n\r\nconst players499 = Plyr.setup('.player', {\r\n\tcontrols:['play', 'progress', 'duration', 'mute', 'volume','download'],\r\n\t});\r\n<\/script>\r\n<\/span><\/p>\n<p>&#8211;<\/p>\n<p><b>Atelier Art Emotions : temps de ressourcement et de cr\u00e9ativit\u00e9 pour nourrir la relation aidant\/aid\u00e9<br \/><\/b><span style=\"font-weight: 400;\">Christelle DELETOILLE, art-th\u00e9rapeute \u2013 AUDIENS<br \/><\/span><div style=\"width:100%\">\r\n<audio class=\"player\" playsinline controls   >\r\n  \r\n  <source src=\"https:\/\/entretiensalzheimer.org\/wp-content\/uploads\/2020\/04\/08-paris2018-christelle.mp3\"  type=\"audio\/mp3\"  >\r\n  \r\nYour browser does not support the audio element.\r\n<\/audio>\r\n<\/div>\r\n\r\n<script type=\"text\/javascript\">\r\n\r\n\r\nconst players502 = Plyr.setup('.player', {\r\n\tcontrols:['play', 'progress', 'duration', 'mute', 'volume','download'],\r\n\t});\r\n<\/script>\r\n<br \/>&#8211;<\/p>\n<p><b>Revue de presse critique de l\u2019actualit\u00e9 scientifique<br \/><\/b><span style=\"font-weight: 400;\">Olivier de LADOUCETTE, Bruno DUBOIS \u2013 anim\u00e9e par Agn\u00e8s DUPERRIN<br \/><div style=\"width:100%\">\r\n<audio class=\"player\" playsinline controls   >\r\n  \r\n  <source src=\"https:\/\/entretiensalzheimer.org\/wp-content\/uploads\/2020\/04\/09-paris2018-revue-presse.mp3\"  type=\"audio\/mp3\"  >\r\n  \r\nYour browser does not support the audio element.\r\n<\/audio>\r\n<\/div>\r\n\r\n<script type=\"text\/javascript\">\r\n\r\n\r\nconst players503 = Plyr.setup('.player', {\r\n\tcontrols:['play', 'progress', 'duration', 'mute', 'volume','download'],\r\n\t});\r\n<\/script>\r\n<br \/><\/span><\/p>\n\n<\/div>\n<\/div>\n<\/section>\n<section class=\"av_tab_section\"  itemscope=\"itemscope\" itemtype=\"https:\/\/schema.org\/CreativeWork\" ><div aria-controls=\"tab-id-2\" role=\"tab\" tabindex=\"0\" data-fake-id=\"#tab-id-2\" class=\"tab \"  itemprop=\"headline\" >LYON<\/div>\n<div id=\"tab-id-2-container\" class=\"tab_content \" aria-hidden=\"true\">\n<div class=\"tab_inner_content invers-color\"  itemprop=\"text\" >\n<p><a name=\"\u201clyon\u201d\"><\/a><\/p>\n<p><div  class='avia-button-wrap avia-button-center  avia-builder-el-15  el_after_av_hr  el_before_av_button ' ><a href='https:\/\/entretiensalzheimer.org\/wp-content\/uploads\/2020\/04\/programme-lyon-web.pdf'  class='avia-button   avia-icon_select-yes-left-icon avia-color-custom avia-size-medium avia-position-center '  target=\"_blank\"  style='background-color:#397ca3; border-color:#397ca3; color:#ffffff; ' ><span class='avia_button_icon avia_button_icon_left ' aria-hidden='true' data-av_icon='\ue84e' data-av_iconfont='entypo-fontello'><\/span><span class='avia_iconbox_title' >T\u00e9l\u00e9chargez le programme 2019<\/span><\/a><\/div><br \/>\n<div  class='avia-button-wrap avia-button-center  avia-builder-el-16  el_after_av_button  el_before_av_button ' ><a href='https:\/\/entretiensalzheimer.org\/wp-content\/uploads\/2020\/09\/Programme-Entretiens-Alzheimer-de-Lyon-2020_web.pdf'  class='avia-button   avia-icon_select-yes-left-icon avia-color-custom avia-size-medium avia-position-center '  target=\"_blank\"  style='background-color:#397ca3; border-color:#397ca3; color:#ffffff; ' ><span class='avia_button_icon avia_button_icon_left ' aria-hidden='true' data-av_icon='\ue84e' data-av_iconfont='entypo-fontello'><\/span><span class='avia_iconbox_title' >T\u00e9l\u00e9chargez le programme 2020<\/span><\/a><\/div><\/p>\n<p><strong>Edition 2022<\/strong><\/p>\n<p><strong>Olivier de LADOUCETTE<\/strong>, P<em>r\u00e9sident-fondateur de la Fondation Recherche Alzheimer<br \/><\/em><strong>Mme Pascale CHAPEAU<\/strong>, <em>Conseill\u00e8re du D\u00e9partement du Rh\u00f4ne<\/em><\/p>\n<div style=\"width:100%\">\r\n<audio class=\"player\" playsinline controls   >\r\n  \r\n  <source src=\"https:\/\/entretiensalzheimer.org\/wp-content\/uploads\/2022\/12\/intro-EA-Lyon-2022.mp3\"  type=\"audio\/mp3\"  >\r\n  \r\nYour browser does not support the audio element.\r\n<\/audio>\r\n<\/div>\r\n\r\n<script type=\"text\/javascript\">\r\n\r\n\r\nconst players18334 = Plyr.setup('.player', {\r\n\tcontrols:['play', 'progress', 'duration', 'mute', 'volume','download'],\r\n\t});\r\n<\/script>\r\n\n<p>&#8211;<\/p>\n<p><strong>Actualit\u00e9s de la maladie d&rsquo;Alzheimer<br \/>Pr Bruno DUBOIS, <\/strong><em>membre de l&rsquo;Acad\u00e9mie de M\u00e9decine, Directeur scientifique de la Fondation Recherche Alzheimer<\/em><\/p>\n<div style=\"width:100%\">\r\n<audio class=\"player\" playsinline controls   >\r\n  \r\n  <source src=\"https:\/\/entretiensalzheimer.org\/wp-content\/uploads\/2022\/12\/BD-actualite-EA-Lyon-2022.mp3\"  type=\"audio\/mp3\"  >\r\n  \r\nYour browser does not support the audio element.\r\n<\/audio>\r\n<\/div>\r\n\r\n<script type=\"text\/javascript\">\r\n\r\n\r\nconst players18336 = Plyr.setup('.player', {\r\n\tcontrols:['play', 'progress', 'duration', 'mute', 'volume','download'],\r\n\t});\r\n<\/script>\r\n\n<p>&#8211;<\/p>\n<p><strong>Peut-on voir les l\u00e9sions de la maladie d\u2019Alzheimer chez les patients ?<br \/>Pr Bruno DUBOIS, <\/strong><em>membre de l&rsquo;Acad\u00e9mie de M\u00e9decine, Directeur scientifique de la Fondation Recherche Alzheimer<\/em><\/p>\n<div style=\"width:100%\">\r\n<audio class=\"player\" playsinline controls   >\r\n  \r\n  <source src=\"https:\/\/entretiensalzheimer.org\/wp-content\/uploads\/2022\/12\/BD-lesions-EA-Lyon-2022.mp3\"  type=\"audio\/mp3\"  >\r\n  \r\nYour browser does not support the audio element.\r\n<\/audio>\r\n<\/div>\r\n\r\n<script type=\"text\/javascript\">\r\n\r\n\r\nconst players18338 = Plyr.setup('.player', {\r\n\tcontrols:['play', 'progress', 'duration', 'mute', 'volume','download'],\r\n\t});\r\n<\/script>\r\n\n<p>&#8211;<\/p>\n<p><strong>Du domicile \u00e0 l\u2019EHPAD, comment aborder cette difficile d\u00e9cision ?<br \/>Docteur Olivier de LADOUCETTE,\u00a0<\/strong><em>Psychiatre et g\u00e9rontologue Pr\u00e9sident-Fondateur de la Fondation Recherche Alzheimer<\/em><\/p>\n<div style=\"width:100%\">\r\n<audio class=\"player\" playsinline controls   >\r\n  \r\n  <source src=\"https:\/\/entretiensalzheimer.org\/wp-content\/uploads\/2022\/12\/ODL-ehpad-EA-Lyon-2022.mp3\"  type=\"audio\/mp3\"  >\r\n  \r\nYour browser does not support the audio element.\r\n<\/audio>\r\n<\/div>\r\n\r\n<script type=\"text\/javascript\">\r\n\r\n\r\nconst players18340 = Plyr.setup('.player', {\r\n\tcontrols:['play', 'progress', 'duration', 'mute', 'volume','download'],\r\n\t});\r\n<\/script>\r\n\n<p>&#8211;<\/p>\n<p><strong>Partage d\u2019exp\u00e9rience sur l\u2019accompagnement d\u2019un proche malade<br \/>Sophie BELVISI, <\/strong><em>Ancienne aidante<\/em><\/p>\n<div style=\"width:100%\">\r\n<audio class=\"player\" playsinline controls   >\r\n  \r\n  <source src=\"https:\/\/entretiensalzheimer.org\/wp-content\/uploads\/2022\/12\/temoignage-sophie-belvisi-EA-Lyon-2022.mp3\"  type=\"audio\/mp3\"  >\r\n  \r\nYour browser does not support the audio element.\r\n<\/audio>\r\n<\/div>\r\n\r\n<script type=\"text\/javascript\">\r\n\r\n\r\nconst players18342 = Plyr.setup('.player', {\r\n\tcontrols:['play', 'progress', 'duration', 'mute', 'volume','download'],\r\n\t});\r\n<\/script>\r\n\n<p>&#8211;<\/p>\n<p><strong>Pr\u00e9sentation de l\u2019Espace de r\u00e9pit PAUSE AIMANTS de l\u2019h\u00f4pital de Fourvi\u00e8re<br \/>Nathalie GATEAU, <\/strong><em>Directrice de l\u2019action sociale Retraite du Groupe APICIL<br \/><\/em><strong>Emmanuelle FIORENTINI, <\/strong><em>Conseill\u00e8re Conjugale et Familial \u00e0 l\u2019H\u00f4pital de Fourvi\u00e8re<br \/><\/em><strong>Nathalie GAILLARD, <\/strong><em>M\u00e9decin G\u00e9riatre \u00e0 l\u2019H\u00f4pital de Fourvi\u00e8re<\/em><\/p>\n<div style=\"width:100%\">\r\n<audio class=\"player\" playsinline controls   >\r\n  \r\n  <source src=\"https:\/\/entretiensalzheimer.org\/wp-content\/uploads\/2022\/12\/apicil-EA-Lyon-2022.mp3\"  type=\"audio\/mp3\"  >\r\n  \r\nYour browser does not support the audio element.\r\n<\/audio>\r\n<\/div>\r\n\r\n<script type=\"text\/javascript\">\r\n\r\n\r\nconst players18344 = Plyr.setup('.player', {\r\n\tcontrols:['play', 'progress', 'duration', 'mute', 'volume','download'],\r\n\t});\r\n<\/script>\r\n\n<p>&#8211;<\/p>\n<p><strong>Le r\u00f4le des phytomicronutriments dans la pr\u00e9vention du d\u00e9clin cognitif<br \/>David GAUDOUT, <\/strong><em>Co-Founder et Chief Innovation Officer de ACTIV\u2019INSIDE<\/em><\/p>\n<div style=\"width:100%\">\r\n<audio class=\"player\" playsinline controls   >\r\n  \r\n  <source src=\"https:\/\/entretiensalzheimer.org\/wp-content\/uploads\/2022\/12\/activ-inside-EA-Lyon-2022.mp3\"  type=\"audio\/mp3\"  >\r\n  \r\nYour browser does not support the audio element.\r\n<\/audio>\r\n<\/div>\r\n\r\n<script type=\"text\/javascript\">\r\n\r\n\r\nconst players18346 = Plyr.setup('.player', {\r\n\tcontrols:['play', 'progress', 'duration', 'mute', 'volume','download'],\r\n\t});\r\n<\/script>\r\n\n<p>&#8211;<\/p>\n<p><strong>Co-construire un territoire aidant aux aidants : un enjeu de pr\u00e9vention, de reconnaissance et de coh\u00e9rence du parcours de l\u2019aidant<br \/>Claire TALOWSKI, <\/strong><em>Responsable du d\u00e9veloppement des activit\u00e9s sociales Auvergne Rh\u00f4ne-Alpes d\u2019AG2R LA MONDIALE<\/em><strong><br \/>Andr\u00e9 SIMMONET, <\/strong><em>Co-directeur de l\u2019association DanaeCare portant l\u2019Escale des aidants AG2R LA MONDIALE<\/em><\/p>\n<div style=\"width:100%\">\r\n<audio class=\"player\" playsinline controls   >\r\n  \r\n  <source src=\"https:\/\/entretiensalzheimer.org\/wp-content\/uploads\/2022\/12\/ag2r-EA-Lyon-2022.mp3\"  type=\"audio\/mp3\"  >\r\n  \r\nYour browser does not support the audio element.\r\n<\/audio>\r\n<\/div>\r\n\r\n<script type=\"text\/javascript\">\r\n\r\n\r\nconst players18348 = Plyr.setup('.player', {\r\n\tcontrols:['play', 'progress', 'duration', 'mute', 'volume','download'],\r\n\t});\r\n<\/script>\r\n\n<h3><strong>\u00c9dition\u00a0<\/strong><strong>2020<\/strong><\/h3>\n<p><span style=\"font-weight: 400;\"><b>Pr\u00e9sentation de l\u2019apr\u00e8s-midi et mots de bienvenue<\/b><b><br \/><\/b>Agn\u00e8s DUPERRIN,\u00a0chef du Service Sant\u00e9 du magazine\u00a0<em>Notre Temps<\/em><br \/>C\u00e9line de LAURENS,\u00a0adjointe au maire de Lyon d\u00e9l\u00e9gu\u00e9e \u00e0 la sant\u00e9, pr\u00e9vention et sant\u00e9 environnementale<br \/>Alexandre CHEVALIER,\u00a0adjoint au Maire de Lyon d\u00e9l\u00e9gu\u00e9 Lien interg\u00e9n\u00e9rationnel et qualit\u00e9 de vie des a\u00een\u00e9.es<br \/>Olivier de LADOUCETTE,\u00a0pr\u00e9sident-fondateur de la Fondation Recherche Alzheimer<\/span><\/p>\n<div style=\"width:100%\">\r\n<audio class=\"player\" playsinline controls   >\r\n  \r\n  <source src=\"https:\/\/entretiensalzheimer.org\/wp-content\/uploads\/2020\/10\/lyon-2020_Introduction_Mot-de-bienvenue-Adjoints-et-Odl.mp3\"  type=\"audio\/mp3\"  >\r\n  \r\nYour browser does not support the audio element.\r\n<\/audio>\r\n<\/div>\r\n\r\n<script type=\"text\/javascript\">\r\n\r\n\r\nconst players3135 = Plyr.setup('.player', {\r\n\tcontrols:['play', 'progress', 'duration', 'mute', 'volume','download'],\r\n\t});\r\n<\/script>\r\n\n<p>&#8211;<\/p>\n<p><span style=\"font-weight: 400;\"><strong>Enfin un traitement qui pourrait modifier l\u2019\u00e9volution de la maladie d\u2019Alzheimer !<br \/><\/strong><\/span>Pr Pierre KROLAK-SALMON, neurologue et g\u00e9riatre, professeur \u00e0 la facult\u00e9 de m\u00e9decine de Lyon, directeur de l\u2019Institut du Vieillissement et du Centre M\u00e9moire Ressource, Recherche de Lyon, pr\u00e9sident de la F\u00e9d\u00e9ration des Centres M\u00e9moire<\/p>\n<div style=\"width:100%\">\r\n<audio class=\"player\" playsinline controls   >\r\n  \r\n  <source src=\"https:\/\/entretiensalzheimer.org\/wp-content\/uploads\/2020\/10\/lyon-2020_KROLAK-SALMON-Pierre.mp3\"  type=\"audio\/mp3\"  >\r\n  \r\nYour browser does not support the audio element.\r\n<\/audio>\r\n<\/div>\r\n\r\n<script type=\"text\/javascript\">\r\n\r\n\r\nconst players3137 = Plyr.setup('.player', {\r\n\tcontrols:['play', 'progress', 'duration', 'mute', 'volume','download'],\r\n\t});\r\n<\/script>\r\n\n<p>&#8211;<\/p>\n<p><span style=\"font-weight: 400;\"><strong>Enjeux de la prise en charge des patients jeunes<br \/><\/strong><\/span>Pr Virginie DESESTRET,\u00a0chef de service adjoint du Service de neuro-cognition et neuro-ophtalmologie de l\u2019H\u00f4pital Pierre Wertheimer \u00e0 Lyon<\/p>\n<div style=\"width:100%\">\r\n<audio class=\"player\" playsinline controls   >\r\n  \r\n  <source src=\"https:\/\/entretiensalzheimer.org\/wp-content\/uploads\/2020\/10\/lyon-2020_DESESTRET-Virginie.mp3\"  type=\"audio\/mp3\"  >\r\n  \r\nYour browser does not support the audio element.\r\n<\/audio>\r\n<\/div>\r\n\r\n<script type=\"text\/javascript\">\r\n\r\n\r\nconst players3139 = Plyr.setup('.player', {\r\n\tcontrols:['play', 'progress', 'duration', 'mute', 'volume','download'],\r\n\t});\r\n<\/script>\r\n\n<p>&#8211;<\/p>\n<p><span style=\"font-weight: 400;\"><strong>Imagerie et maladie d\u2019Alzheimer<br \/><\/strong><\/span>Dr Nicolas VILLAIN, chef de clinique des universit\u00e9s-assistant des h\u00f4pitaux \u00e0 l\u2019Institut de la M\u00e9moire et de la Maladie d\u2019Alzheimer (H\u00f4pital de la Piti\u00e9-Salp\u00eatri\u00e8re \u00e0 Paris)<strong><br \/><\/strong><\/p>\n<div id=\"mep_3\" class=\"mejs-container mejs-container-keyboard-inactive wp-audio-shortcode mejs-audio\" tabindex=\"0\" role=\"application\" aria-label=\"Lecteur audio\">\n<div class=\"mejs-inner\"><div style=\"width:100%\">\r\n<audio class=\"player\" playsinline controls   >\r\n  \r\n  <source src=\"https:\/\/entretiensalzheimer.org\/wp-content\/uploads\/2020\/10\/lyon-2020_VILLAIN-Nicolas.mp3\"  type=\"audio\/mp3\"  >\r\n  \r\nYour browser does not support the audio element.\r\n<\/audio>\r\n<\/div>\r\n\r\n<script type=\"text\/javascript\">\r\n\r\n\r\nconst players3141 = Plyr.setup('.player', {\r\n\tcontrols:['play', 'progress', 'duration', 'mute', 'volume','download'],\r\n\t});\r\n<\/script>\r\n<\/div>\n<\/div>\n<p>&#8211;<\/p>\n<p><span style=\"font-weight: 400;\"><strong>PING4ALZHEIMER : une th\u00e9rapie sportive simple et innovante<br \/><\/strong><\/span>Renato WALKOWIAK,\u00a0directeur du LSC Tennis de Table et fondateur du programme Ping4Alzheimer \u2013\u00a0<a href=\"http:\/\/www.ping4alzheimer.com\/\">www.ping4alzheimer.com<\/a><\/p>\n<div style=\"width:100%\">\r\n<audio class=\"player\" playsinline controls   >\r\n  \r\n  <source src=\"https:\/\/entretiensalzheimer.org\/wp-content\/uploads\/2020\/10\/lyon-2020_WALKOWIAK-Renato.mp3\"  type=\"audio\/mp3\"  >\r\n  \r\nYour browser does not support the audio element.\r\n<\/audio>\r\n<\/div>\r\n\r\n<script type=\"text\/javascript\">\r\n\r\n\r\nconst players3143 = Plyr.setup('.player', {\r\n\tcontrols:['play', 'progress', 'duration', 'mute', 'volume','download'],\r\n\t});\r\n<\/script>\r\n\n<p>&#8211;<\/p>\n<p><strong>Douleur chronique, vieillissement cognitif et maladie d\u2019Alzheimer : mieux comprendre le lien douleur cognition et am\u00e9liorer la prise en charge de la douleur chronique<br \/><\/strong>Introduction par\u00a0Yves FOURNIER,\u00a0pr\u00e9sident du Groupe APICIL<br \/>Dr Isabelle ROUCH,\u00a0praticien hospitalier au Centre M\u00e9moire de Ressource et de Recherche, du CHU de Saint Etienne (service de neurologie), responsable de la Cellule R\u00e9gionale d\u2019Observation de la maladie d\u2019Alzheimer en AuRA<\/p>\n<div id=\"mep_5\" class=\"mejs-container mejs-container-keyboard-inactive wp-audio-shortcode mejs-audio\" tabindex=\"0\" role=\"application\" aria-label=\"Lecteur audio\">\n<div class=\"mejs-inner\"><div style=\"width:100%\">\r\n<audio class=\"player\" playsinline controls   >\r\n  \r\n  <source src=\"https:\/\/entretiensalzheimer.org\/wp-content\/uploads\/2020\/10\/lyon-2020_ROUCH-Isabelle-APICIL.mp3\"  type=\"audio\/mp3\"  >\r\n  \r\nYour browser does not support the audio element.\r\n<\/audio>\r\n<\/div>\r\n\r\n<script type=\"text\/javascript\">\r\n\r\n\r\nconst players3145 = Plyr.setup('.player', {\r\n\tcontrols:['play', 'progress', 'duration', 'mute', 'volume','download'],\r\n\t});\r\n<\/script>\r\n<\/div>\n<\/div>\n<p>&#8211;<\/p>\n<p><span style=\"font-weight: 400;\"><strong>Accompagnement \u2018Alimentation et bien-\u00eatre\u2019 pour les aidants des personnes \u00e2g\u00e9es et\/ou fragiles<br \/><\/strong><\/span>Introduction par\u00a0Jacky BILLON-GRAND,\u00a0responsable du d\u00e9veloppement de l\u2019action sociale Rh\u00f4ne Auvergne pour AG2R LA MONDIALE<br \/>C\u00e9line PATOIS,\u00a0\u00a0Chef de projet au Centre de Recherche de l\u2019Institut Paul Bocuse<\/p>\n<div style=\"width:100%\">\r\n<audio class=\"player\" playsinline controls   >\r\n  \r\n  <source src=\"https:\/\/entretiensalzheimer.org\/wp-content\/uploads\/2020\/10\/lyon-2020_PATOIS-C\u00e9line-AG2R.mp3\"  type=\"audio\/mp3\"  >\r\n  \r\nYour browser does not support the audio element.\r\n<\/audio>\r\n<\/div>\r\n\r\n<script type=\"text\/javascript\">\r\n\r\n\r\nconst players3147 = Plyr.setup('.player', {\r\n\tcontrols:['play', 'progress', 'duration', 'mute', 'volume','download'],\r\n\t});\r\n<\/script>\r\n\n<p>&#8211;<\/p>\n<p><span style=\"font-weight: 400;\"><b>Pr\u00e9sentation<\/b><strong style=\"font-weight: 400;\">\u00a0de Bulle d\u2019air : un service innovant de r\u00e9pit \u00e0 domicile<br \/><\/strong><\/span>Elsa BONFILS, responsable d\u2019entit\u00e9 Bulle d\u2019air et Itin\u00e9raires de sant\u00e9<br \/>soutenu par AUDIENS<\/p>\n<div id=\"mep_7\" class=\"mejs-container mejs-container-keyboard-inactive wp-audio-shortcode mejs-audio\" tabindex=\"0\" role=\"application\" aria-label=\"Lecteur audio\">\n<div class=\"mejs-inner\"><div style=\"width:100%\">\r\n<audio class=\"player\" playsinline controls   >\r\n  \r\n  <source src=\"https:\/\/entretiensalzheimer.org\/wp-content\/uploads\/2020\/10\/lyon-2020_BONFILS-Elsa-AUDIENS.mp3\"  type=\"audio\/mp3\"  >\r\n  \r\nYour browser does not support the audio element.\r\n<\/audio>\r\n<\/div>\r\n\r\n<script type=\"text\/javascript\">\r\n\r\n\r\nconst players3149 = Plyr.setup('.player', {\r\n\tcontrols:['play', 'progress', 'duration', 'mute', 'volume','download'],\r\n\t});\r\n<\/script>\r\n<\/div>\n<\/div>\n<p>&#8211;<\/p>\n<p><strong>Conclusion\u00a0<\/strong><br \/>Olivier de Ladoucette,\u00a0pr\u00e9sident-fondateur de la Fondation Recherche Alzheimer<\/p>\n<div style=\"width:100%\">\r\n<audio class=\"player\" playsinline controls   >\r\n  \r\n  <source src=\"https:\/\/entretiensalzheimer.org\/wp-content\/uploads\/2020\/10\/lyon-2020_Conclusion_OdL.mp3\"  type=\"audio\/mp3\"  >\r\n  \r\nYour browser does not support the audio element.\r\n<\/audio>\r\n<\/div>\r\n\r\n<script type=\"text\/javascript\">\r\n\r\n\r\nconst players3151 = Plyr.setup('.player', {\r\n\tcontrols:['play', 'progress', 'duration', 'mute', 'volume','download'],\r\n\t});\r\n<\/script>\r\n\n<h3><strong>\u00c9dition\u00a0<\/strong><strong>2019<\/strong><\/h3>\n<p><b>Mot d\u2019accueil<\/b><span style=\"font-weight: 400;\"><br \/><\/span><span style=\"font-weight: 400;\">Madame Fran\u00e7oise RIVOIRE<\/span><i><span style=\"font-weight: 400;\">, Adjointe au Maire de Lyon d\u00e9l\u00e9gu\u00e9e aux Liens interg\u00e9n\u00e9rationnels et aux personnes \u00e2g\u00e9es<\/span><\/i><br \/><div style=\"width:100%\">\r\n<audio class=\"player\" playsinline controls   >\r\n  \r\n  <source src=\"https:\/\/entretiensalzheimer.org\/wp-content\/uploads\/2020\/04\/01-lyon2019-intro.mp3\"  type=\"audio\/mp3\"  >\r\n  \r\nYour browser does not support the audio element.\r\n<\/audio>\r\n<\/div>\r\n\r\n<script type=\"text\/javascript\">\r\n\r\n\r\nconst players580 = Plyr.setup('.player', {\r\n\tcontrols:['play', 'progress', 'duration', 'mute', 'volume','download'],\r\n\t});\r\n<\/script>\r\n<\/p>\n<p>&#8211;<\/p>\n<p><b>Introduction<\/b><b><br \/><\/b><span style=\"font-weight: 400;\">Docteur Olivier de LADOUCETTE<\/span><i><span style=\"font-weight: 400;\">, psychiatre, g\u00e9rontologue et Pr\u00e9sident de la Fondation pour la Recherche sur Alzheimer<\/span><\/i><br \/><div style=\"width:100%\">\r\n<audio class=\"player\" playsinline controls   >\r\n  \r\n  <source src=\"https:\/\/entretiensalzheimer.org\/wp-content\/uploads\/2020\/04\/02-lyon2019-olivier-de-ladoucette.mp3\"  type=\"audio\/mp3\"  >\r\n  \r\nYour browser does not support the audio element.\r\n<\/audio>\r\n<\/div>\r\n\r\n<script type=\"text\/javascript\">\r\n\r\n\r\nconst players581 = Plyr.setup('.player', {\r\n\tcontrols:['play', 'progress', 'duration', 'mute', 'volume','download'],\r\n\t});\r\n<\/script>\r\n<\/p>\n<p>&#8211;<\/p>\n<p><b>Comprendre le cerveau pour comprendre la maladie d\u2019Alzheimer<\/b><b><br \/><\/b><span style=\"font-weight: 400;\">Professeur Bruno DUBOIS,<\/span><i><span style=\"font-weight: 400;\"> neurologue \u00e0 l\u2019h\u00f4pital de la Piti\u00e9-Salp\u00eatri\u00e8re, directeur de l\u2019Institut de la M\u00e9moire et de la Maladie d\u2019Alzheimer (IM2A), Directeur Scientifique de la Fondation pour la Recherche sur Alzheimer<\/span><\/i><br \/><div style=\"width:100%\">\r\n<audio class=\"player\" playsinline controls   >\r\n  \r\n  <source src=\"https:\/\/entretiensalzheimer.org\/wp-content\/uploads\/2020\/04\/03-lyon2019-bruno-dubois.mp3\"  type=\"audio\/mp3\"  >\r\n  \r\nYour browser does not support the audio element.\r\n<\/audio>\r\n<\/div>\r\n\r\n<script type=\"text\/javascript\">\r\n\r\n\r\nconst players582 = Plyr.setup('.player', {\r\n\tcontrols:['play', 'progress', 'duration', 'mute', 'volume','download'],\r\n\t});\r\n<\/script>\r\n<\/p>\n<p>&#8211;<\/p>\n<p><b>Quelle pr\u00e9vention du d\u00e9clin cognitif en 2019 ?<\/b><span style=\"font-weight: 400;\"><br \/><\/span><span style=\"font-weight: 400;\">Professeur Pierre KROLAK-SALMON<\/span><i><span style=\"font-weight: 400;\">, neurologue et g\u00e9riatre, professeur \u00e0 la facult\u00e9 de m\u00e9decine de Lyon, directeur de l\u2019Institut du Vieillissement et du Centre M\u00e9moire Ressource, Recherche de Lyon, pr\u00e9sident de la F\u00e9d\u00e9ration des Centres M\u00e9moire<\/span><\/i><br \/><div style=\"width:100%\">\r\n<audio class=\"player\" playsinline controls   >\r\n  \r\n  <source src=\"https:\/\/entretiensalzheimer.org\/wp-content\/uploads\/2020\/04\/04-lyon2019-krolak-salmon.mp3\"  type=\"audio\/mp3\"  >\r\n  \r\nYour browser does not support the audio element.\r\n<\/audio>\r\n<\/div>\r\n\r\n<script type=\"text\/javascript\">\r\n\r\n\r\nconst players583 = Plyr.setup('.player', {\r\n\tcontrols:['play', 'progress', 'duration', 'mute', 'volume','download'],\r\n\t});\r\n<\/script>\r\n<\/p>\n<p>&#8211;<\/p>\n<p><b>Humour et Alzheimer, un oxymore ?<\/b><b><br \/><\/b><span style=\"font-weight: 400;\">Docteur Bernard CROISILE, <\/span><i><span style=\"font-weight: 400;\">neurologue, Chef de service de neuropsychologie des Hospices civils de Lyon<\/span><\/i><br \/><div style=\"width:100%\">\r\n<audio class=\"player\" playsinline controls   >\r\n  \r\n  <source src=\"https:\/\/entretiensalzheimer.org\/wp-content\/uploads\/2020\/04\/05-lyon2019-bernard-croisile.mp3\"  type=\"audio\/mp3\"  >\r\n  \r\nYour browser does not support the audio element.\r\n<\/audio>\r\n<\/div>\r\n\r\n<script type=\"text\/javascript\">\r\n\r\n\r\nconst players584 = Plyr.setup('.player', {\r\n\tcontrols:['play', 'progress', 'duration', 'mute', 'volume','download'],\r\n\t});\r\n<\/script>\r\n<\/p>\n<p>&#8211;<\/p>\n<p><b>Questions \u2013 r\u00e9ponses avec le public<\/b><b><br \/><\/b><span style=\"font-weight: 400;\">Docteur Olivier de LADOUCETTE, Professeur Bruno DUBOIS, Professeur Pierre KROLAK-SALMON et Docteur Bernard CROISILE<\/span><br \/><div style=\"width:100%\">\r\n<audio class=\"player\" playsinline controls   >\r\n  \r\n  <source src=\"https:\/\/entretiensalzheimer.org\/wp-content\/uploads\/2020\/04\/06-lyon2019-questions.mp3\"  type=\"audio\/mp3\"  >\r\n  \r\nYour browser does not support the audio element.\r\n<\/audio>\r\n<\/div>\r\n\r\n<script type=\"text\/javascript\">\r\n\r\n\r\nconst players585 = Plyr.setup('.player', {\r\n\tcontrols:['play', 'progress', 'duration', 'mute', 'volume','download'],\r\n\t});\r\n<\/script>\r\n<\/p>\n<p>&#8211;<\/p>\n<p><b>Partage d\u2019exp\u00e9rience sur l\u2019accompagnement d\u2019un proche malade d\u2019Alzheimer<\/b><span style=\"font-weight: 400;\"><br \/><\/span><span style=\"font-weight: 400;\">Christelle BARDET, <\/span><i><span style=\"font-weight: 400;\">auteure du livre \u00ab <\/span><\/i><span style=\"font-weight: 400;\">Quand maman plantait des brosses \u00e0 dents<\/span><i><span style=\"font-weight: 400;\"> \u00bb<\/span><\/i><br \/><div style=\"width:100%\">\r\n<audio class=\"player\" playsinline controls   >\r\n  \r\n  <source src=\"https:\/\/entretiensalzheimer.org\/wp-content\/uploads\/2020\/04\/07-lyon2019-christelle.mp3\"  type=\"audio\/mp3\"  >\r\n  \r\nYour browser does not support the audio element.\r\n<\/audio>\r\n<\/div>\r\n\r\n<script type=\"text\/javascript\">\r\n\r\n\r\nconst players586 = Plyr.setup('.player', {\r\n\tcontrols:['play', 'progress', 'duration', 'mute', 'volume','download'],\r\n\t});\r\n<\/script>\r\n<\/p>\n<p>&#8211;<\/p>\n<p><b>Comment faire face aux troubles du comportement d\u2019un malade Alzheimer ?<\/b><b><br \/><\/b><span style=\"font-weight: 400;\">Docteur Olivier de LADOUCETTE<\/span><i><span style=\"font-weight: 400;\">, psychiatre, g\u00e9rontologue et Pr\u00e9sident de la Fondation pour la Recherche sur Alzheimer<\/span><\/i><br \/><div style=\"width:100%\">\r\n<audio class=\"player\" playsinline controls   >\r\n  \r\n  <source src=\"https:\/\/entretiensalzheimer.org\/wp-content\/uploads\/2020\/04\/08-lyon2019-olivier.mp3\"  type=\"audio\/mp3\"  >\r\n  \r\nYour browser does not support the audio element.\r\n<\/audio>\r\n<\/div>\r\n\r\n<script type=\"text\/javascript\">\r\n\r\n\r\nconst players587 = Plyr.setup('.player', {\r\n\tcontrols:['play', 'progress', 'duration', 'mute', 'volume','download'],\r\n\t});\r\n<\/script>\r\n<\/p>\n<p>&#8211;<\/p>\n<p><b>L\u2019innovation digitale au service de la pr\u00e9vention : Quand pr\u00e9venir rime avec agir !<\/b><b><br \/><\/b><span style=\"font-weight: 400;\">Professeur Pierre KROLAK-SALMON<\/span><i><span style=\"font-weight: 400;\">, neurologue<\/span><\/i><span style=\"font-weight: 400;\"> et Vincent Th\u00e9ry, c<\/span><i><span style=\"font-weight: 400;\">o-fondateur LILI SMART<\/span><\/i><br \/><div style=\"width:100%\">\r\n<audio class=\"player\" playsinline controls   >\r\n  \r\n  <source src=\"https:\/\/entretiensalzheimer.org\/wp-content\/uploads\/2020\/04\/09-lyon2019-krolak.mp3\"  type=\"audio\/mp3\"  >\r\n  \r\nYour browser does not support the audio element.\r\n<\/audio>\r\n<\/div>\r\n\r\n<script type=\"text\/javascript\">\r\n\r\n\r\nconst players588 = Plyr.setup('.player', {\r\n\tcontrols:['play', 'progress', 'duration', 'mute', 'volume','download'],\r\n\t});\r\n<\/script>\r\n<\/p>\n<p>&#8211;<\/p>\n<p><b>Le Groupe de Pairs Soutien (GPS), un outil au service des personnes atteintes de la maladie d\u2019Alzheimer \u00e0 un stade d\u00e9butant<\/b><b><br \/><\/b><span style=\"font-weight: 400;\">Aline DAZZAN-HEBERT, <\/span><i><span style=\"font-weight: 400;\">psychologue clinicienne et Doctorante en psychologie clinique <\/span><\/i><span style=\"font-weight: 400;\">et Jacky BILLON-GRAND, <\/span><i><span style=\"font-weight: 400;\">responsable du d\u00e9veloppement de l\u2019action sociale Rh\u00f4ne Auvergne pour AG2R LA MONDIALE<\/span><\/i><br \/><div style=\"width:100%\">\r\n<audio class=\"player\" playsinline controls   >\r\n  \r\n  <source src=\"https:\/\/entretiensalzheimer.org\/wp-content\/uploads\/2020\/04\/10-lyon2019-dazzan.mp3\"  type=\"audio\/mp3\"  >\r\n  \r\nYour browser does not support the audio element.\r\n<\/audio>\r\n<\/div>\r\n\r\n<script type=\"text\/javascript\">\r\n\r\n\r\nconst players589 = Plyr.setup('.player', {\r\n\tcontrols:['play', 'progress', 'duration', 'mute', 'volume','download'],\r\n\t});\r\n<\/script>\r\n<\/p>\n<p>&#8211;<\/p>\n<p><b>Le R\u00e9seau Alo\u00efs : philosophie, int\u00e9r\u00eat d\u2019un diagnostic pr\u00e9coce, pr\u00e9sentation de l\u2019exp\u00e9rimentation PASSCOG (parcours Ambulatoire pour SeniorS avec troubles COGnitifs)<\/b><b><br \/><\/b><span style=\"font-weight: 400;\">Agathe MIDEY-ALLIROL, <\/span><i><span style=\"font-weight: 400;\">Psychologue-Neuropsychologue au R\u00e9seau M\u00e9moire Alo\u00efs <\/span><\/i><span style=\"font-weight: 400;\">et Nathalie GATEAU, <\/span><i><span style=\"font-weight: 400;\">Directrice RSE et M\u00e9c\u00e9nat Social, en charge de l\u2019action sociale du Groupe APICIL<\/span><\/i><br \/><div style=\"width:100%\">\r\n<audio class=\"player\" playsinline controls   >\r\n  \r\n  <source src=\"https:\/\/entretiensalzheimer.org\/wp-content\/uploads\/2020\/04\/11-lyon2019-midey.mp3\"  type=\"audio\/mp3\"  >\r\n  \r\nYour browser does not support the audio element.\r\n<\/audio>\r\n<\/div>\r\n\r\n<script type=\"text\/javascript\">\r\n\r\n\r\nconst players590 = Plyr.setup('.player', {\r\n\tcontrols:['play', 'progress', 'duration', 'mute', 'volume','download'],\r\n\t});\r\n<\/script>\r\n<\/p>\n<p>&#8211;<\/p>\n<p><b>Questions du public<\/b><span style=\"font-weight: 400;\"><br \/><\/span><span style=\"font-weight: 400;\">Docteur Olivier de LADOUCETTE<\/span><i><span style=\"font-weight: 400;\">,<\/span><\/i><span style=\"font-weight: 400;\"> Professeur Pierre KROLAK-SALMON et Docteur Bernard CROISILE<br \/><\/span><div style=\"width:100%\">\r\n<audio class=\"player\" playsinline controls   >\r\n  \r\n  <source src=\"https:\/\/entretiensalzheimer.org\/wp-content\/uploads\/2020\/04\/12-lyon2019-questions.mp3\"  type=\"audio\/mp3\"  >\r\n  \r\nYour browser does not support the audio element.\r\n<\/audio>\r\n<\/div>\r\n\r\n<script type=\"text\/javascript\">\r\n\r\n\r\nconst players591 = Plyr.setup('.player', {\r\n\tcontrols:['play', 'progress', 'duration', 'mute', 'volume','download'],\r\n\t});\r\n<\/script>\r\n<\/p>\n\n<\/div>\n<\/div>\n<\/section>\n<section class=\"av_tab_section\"  itemscope=\"itemscope\" itemtype=\"https:\/\/schema.org\/CreativeWork\" ><div aria-controls=\"tab-id-3\" role=\"tab\" tabindex=\"0\" data-fake-id=\"#tab-id-3\" class=\"tab \"  itemprop=\"headline\" >NANTES<\/div>\n<div id=\"tab-id-3-container\" class=\"tab_content \" aria-hidden=\"true\">\n<div class=\"tab_inner_content invers-color\"  itemprop=\"text\" >\n<p><a name=\"\u201cnantes\u201d\"><\/a><\/p>\n<p><div  class='avia-button-wrap avia-button-center  avia-builder-el-17  el_after_av_button  el_before_av_button ' ><a href='https:\/\/entretiensalzheimer.org\/wp-content\/uploads\/2020\/04\/Programme-Entretiens-2018-Nantes.pdf'  class='avia-button   avia-icon_select-yes-left-icon avia-color-custom avia-size-medium avia-position-center '  target=\"_blank\"  style='background-color:#397ca3; border-color:#397ca3; color:#ffffff; ' ><span class='avia_button_icon avia_button_icon_left ' aria-hidden='true' data-av_icon='\ue84e' data-av_iconfont='entypo-fontello'><\/span><span class='avia_iconbox_title' >T\u00e9l\u00e9chargez le programme 2018<\/span><\/a><\/div><br \/>\n<div  class='avia-button-wrap avia-button-center  avia-builder-el-18  el_after_av_button  el_before_av_button ' ><a href='https:\/\/entretiensalzheimer.org\/wp-content\/uploads\/2020\/04\/Programme-Entretiens-Alz.-Nantes-2019-web.pdf'  class='avia-button   avia-icon_select-yes-left-icon avia-color-custom avia-size-medium avia-position-center '  target=\"_blank\"  style='background-color:#397ca3; border-color:#397ca3; color:#ffffff; ' ><span class='avia_button_icon avia_button_icon_left ' aria-hidden='true' data-av_icon='\ue84e' data-av_iconfont='entypo-fontello'><\/span><span class='avia_iconbox_title' >T\u00e9l\u00e9chargez le programme 2019<\/span><\/a><\/div><br \/>\n<div  class='avia-button-wrap avia-button-center  avia-builder-el-19  el_after_av_button  el_before_av_hr ' ><a href='https:\/\/entretiensalzheimer.org\/wp-content\/uploads\/2020\/10\/Programme-Entretiens-Alzheimer-Nantes-2020.pdf'  class='avia-button   avia-icon_select-yes-left-icon avia-color-custom avia-size-medium avia-position-center '  target=\"_blank\"  style='background-color:#397ca3; border-color:#397ca3; color:#ffffff; ' ><span class='avia_button_icon avia_button_icon_left ' aria-hidden='true' data-av_icon='\ue84e' data-av_iconfont='entypo-fontello'><\/span><span class='avia_iconbox_title' >T\u00e9l\u00e9chargez le programme 2020<\/span><\/a><\/div><\/p>\n<h3><strong>\u00c9dition\u00a0<\/strong><strong>2020<\/strong><\/h3>\n<p><span style=\"font-weight: 400;\"><b>Pr\u00e9sentation de l\u2019apr\u00e8s-midi et mots de bienvenue<\/b><b><br \/><\/b>Brigitte-Fanny COHEN,\u00a0journaliste Sant\u00e9<\/span><\/p>\n<div style=\"width:100%\">\r\n<audio class=\"player\" playsinline controls   >\r\n  \r\n  <source src=\"https:\/\/entretiensalzheimer.org\/wp-content\/uploads\/2020\/10\/Nantes-2020_Intro.mp3\"  type=\"audio\/mp3\"  >\r\n  \r\nYour browser does not support the audio element.\r\n<\/audio>\r\n<\/div>\r\n\r\n<script type=\"text\/javascript\">\r\n\r\n\r\nconst players3157 = Plyr.setup('.player', {\r\n\tcontrols:['play', 'progress', 'duration', 'mute', 'volume','download'],\r\n\t});\r\n<\/script>\r\n\n<p>&#8211;<\/p>\n<p><span style=\"font-weight: 400;\"><b>L\u2019 Aducanumab, un anticorps porteur d\u2019espoir pour les patients atteints de la maladie d\u2019Alzheimer ?<br \/><\/b>Dr Guillaume CHAPELET,\u00a0Ma\u00eetre de conf\u00e9rences des Universit\u00e9s, Praticien hospitalier dans le p\u00f4le universitaire de G\u00e9rontologie Clinique, Chercheur Unit\u00e9 Inserm, U1235, Universit\u00e9 de Nantes.<\/span><\/p>\n<p><span style=\"font-weight: 400;\"><div style=\"width:100%\">\r\n<audio class=\"player\" playsinline controls   >\r\n  \r\n  <source src=\"https:\/\/entretiensalzheimer.org\/wp-content\/uploads\/2020\/10\/Nantes-2020_CHAPELET-G..mp3\"  type=\"audio\/mp3\"  >\r\n  \r\nYour browser does not support the audio element.\r\n<\/audio>\r\n<\/div>\r\n\r\n<script type=\"text\/javascript\">\r\n\r\n\r\nconst players3159 = Plyr.setup('.player', {\r\n\tcontrols:['play', 'progress', 'duration', 'mute', 'volume','download'],\r\n\t});\r\n<\/script>\r\n<\/span><\/p>\n<p>&#8211;<\/p>\n<p><span style=\"font-weight: 400;\"><strong>Quand la maladie d\u2019Alzheimer arrive avant 65 ans : les particularit\u00e9s des \u00ab malades jeunes \u00bb<br \/><\/strong><\/span>Dr H\u00e9l\u00e8ne Courtemanche,\u00a0Neurologue au Centre M\u00e9moire Ressource et Recherche du CHU de Nantes.<\/p>\n<p><span style=\"font-weight: 400;\"><div style=\"width:100%\">\r\n<audio class=\"player\" playsinline controls   >\r\n  \r\n  <source src=\"https:\/\/entretiensalzheimer.org\/wp-content\/uploads\/2020\/10\/Nantes-2020_COURTEMANCHE-H..mp3\"  type=\"audio\/mp3\"  >\r\n  \r\nYour browser does not support the audio element.\r\n<\/audio>\r\n<\/div>\r\n\r\n<script type=\"text\/javascript\">\r\n\r\n\r\nconst players3161 = Plyr.setup('.player', {\r\n\tcontrols:['play', 'progress', 'duration', 'mute', 'volume','download'],\r\n\t});\r\n<\/script>\r\n<\/span><\/p>\n<p>&#8211;<\/p>\n<p><span style=\"font-weight: 400;\"><strong>Le num\u00e9rique au service du parcours de prise en charge des malades Alzheimer<br \/><\/strong><\/span><span style=\"font-weight: 400;\">Laurence Browaeys, Directrice de l\u2019Appui \u00e0 la Transformation et de l\u2019Accompagnement, ARS Pays de la Loire.<br \/>Jean-Pierre Poirier, Directeur EHPAD \u00ab Notre Dame de Bon Secours \u00bb.<br \/>Dr Brice GIVEL, M\u00e9decin Coordonnateur EHPAD \u00ab Notre Dame de Bon Secours \u00bb \u2013 <em>via une visioconf\u00e9rence<\/em><\/span><\/p>\n<div style=\"width:100%\">\r\n<audio class=\"player\" playsinline controls   >\r\n  \r\n  <source src=\"https:\/\/entretiensalzheimer.org\/wp-content\/uploads\/2020\/10\/Nantes-2020_ARS.mp3\"  type=\"audio\/mp3\"  >\r\n  \r\nYour browser does not support the audio element.\r\n<\/audio>\r\n<\/div>\r\n\r\n<script type=\"text\/javascript\">\r\n\r\n\r\nconst players3163 = Plyr.setup('.player', {\r\n\tcontrols:['play', 'progress', 'duration', 'mute', 'volume','download'],\r\n\t});\r\n<\/script>\r\n\n<p>&#8211;<\/p>\n<p><span style=\"font-weight: 400;\"><strong>PING4ALZHEIMER : une th\u00e9rapie sportive simple et innovante<br \/><\/strong>Renato WALKOWIAK, directeur du LSC Tennis de Table et fondateur du programme <strong><a href=\"https:\/\/www.ping4alzheimer.com\/\">Ping4Alzheimer<\/a><\/strong><br \/><\/span><\/p>\n<div style=\"width:100%\">\r\n<audio class=\"player\" playsinline controls   >\r\n  \r\n  <source src=\"https:\/\/entretiensalzheimer.org\/wp-content\/uploads\/2020\/10\/Nantes-2020_WALKOWIAK-R.mp3\"  type=\"audio\/mp3\"  >\r\n  \r\nYour browser does not support the audio element.\r\n<\/audio>\r\n<\/div>\r\n\r\n<script type=\"text\/javascript\">\r\n\r\n\r\nconst players3165 = Plyr.setup('.player', {\r\n\tcontrols:['play', 'progress', 'duration', 'mute', 'volume','download'],\r\n\t});\r\n<\/script>\r\n\n<p>&#8211;<\/p>\n<p><span style=\"font-weight: 400;\"><strong>Et si la COVID nous avait fait grandir ?<br \/><\/strong>Audrey BOCKELEE, Directrice de l\u2019EHPAD Villa Am\u00e9lie \u2013 LNA SANT\u00c9<br \/>Dr Laure JOUATEL, M\u00e9decin coordonnateur \u2013 R\u00e9sidence Les Nymph\u00e9as \u2013 LNA SANT\u00c9<br \/><\/span><\/p>\n<div style=\"width:100%\">\r\n<audio class=\"player\" playsinline controls   >\r\n  \r\n  <source src=\"https:\/\/entretiensalzheimer.org\/wp-content\/uploads\/2020\/10\/Nantes-2020_LNA-SANTE..mp3\"  type=\"audio\/mp3\"  >\r\n  \r\nYour browser does not support the audio element.\r\n<\/audio>\r\n<\/div>\r\n\r\n<script type=\"text\/javascript\">\r\n\r\n\r\nconst players3167 = Plyr.setup('.player', {\r\n\tcontrols:['play', 'progress', 'duration', 'mute', 'volume','download'],\r\n\t});\r\n<\/script>\r\n\n<p>&#8211;<\/p>\n<p><span style=\"font-weight: 400;\"><strong>Protection des majeurs\u00a0vuln\u00e9rables<br \/><\/strong><\/span>\u00c9ric DUBREUIL, mandataire judiciaire \u2013 AUDIENS<\/p>\n<div style=\"width:100%\">\r\n<audio class=\"player\" playsinline controls   >\r\n  \r\n  <source src=\"https:\/\/entretiensalzheimer.org\/wp-content\/uploads\/2020\/10\/Nantes-2020_AUDIENS.mp3\"  type=\"audio\/mp3\"  >\r\n  \r\nYour browser does not support the audio element.\r\n<\/audio>\r\n<\/div>\r\n\r\n<script type=\"text\/javascript\">\r\n\r\n\r\nconst players3169 = Plyr.setup('.player', {\r\n\tcontrols:['play', 'progress', 'duration', 'mute', 'volume','download'],\r\n\t});\r\n<\/script>\r\n\n<p>&#8211;<\/p>\n<p><span style=\"font-weight: 400;\"><strong>La Maison des aidants, un lieu ressource et de r\u00e9pit<br \/><\/strong>Emmanuelle CHARBONNEAU, Responsable de la Maison des Aidants<br \/><div style=\"width:100%\">\r\n<audio class=\"player\" playsinline controls   >\r\n  \r\n  <source src=\"https:\/\/entretiensalzheimer.org\/wp-content\/uploads\/2020\/10\/Nantes-2020_MAISON-DES-AIDANTS.mp3\"  type=\"audio\/mp3\"  >\r\n  \r\nYour browser does not support the audio element.\r\n<\/audio>\r\n<\/div>\r\n\r\n<script type=\"text\/javascript\">\r\n\r\n\r\nconst players3171 = Plyr.setup('.player', {\r\n\tcontrols:['play', 'progress', 'duration', 'mute', 'volume','download'],\r\n\t});\r\n<\/script>\r\n<br \/><\/span><\/p>\n<p><i class=\"wp-svg-play play\"><\/i> D\u00e9couvrez le t\u00e9moignage de Martine, aidante de son conjoint, qui a r\u00e9guli\u00e8rement recours \u00e0 la \u00ab\u00a0halte-r\u00e9pit\u00a0\u00bb,\u00a0<a class=\"mfp-iframe lightbox-added\" href=\"https:\/\/www.youtube.com\/watch?v=wPyfD09OF6E&amp;list=PLHBq00Ikltc90NwZtoAdHss8KRfYtP8Zj\"><strong>en cliquant ici<\/strong><\/a><br \/><i class=\"wp-svg-play play\"><\/i> D\u00e9couvrez le t\u00e9moignage de Paul, aidant de son \u00e9pouse atteinte de la maladie d\u2019Alzheimer,\u00a0<a class=\"mfp-iframe lightbox-added\" href=\"https:\/\/www.youtube.com\/watch?v=Iutzqe3v7TE&amp;list=PLHBq00Ikltc90NwZtoAdHss8KRfYtP8Zj&amp;index=2\"><strong>en cliquant ici<\/strong><\/a><br \/><i class=\"wp-svg-play play\"><\/i> En tant qu\u2019aidante, Pascale a partag\u00e9 des moments de complicit\u00e9 avec ses parents au sein de la Maison des aidants en participant \u00e0 des ateliers de rigologie et de chant., d\u00e9couvrez son t\u00e9moignage\u00a0<a class=\"mfp-iframe lightbox-added\" href=\"https:\/\/www.youtube.com\/watch?v=aqylsE-iV_Q&amp;list=PLHBq00Ikltc90NwZtoAdHss8KRfYtP8Zj&amp;index=3\"><strong>en cliquant ici<\/strong><\/a><br \/><i class=\"wp-svg-play play\"><\/i> Une minute avec Sol\u00e8ne Evrard, psychologue de la Maison des aidants\u00a0<a class=\"mfp-iframe lightbox-added\" href=\"https:\/\/www.youtube.com\/watch?v=MS36mOFEsKQ&amp;list=PLHBq00Ikltc90NwZtoAdHss8KRfYtP8Zj&amp;index=4\"><strong>en cliquant ici<\/strong><\/a><\/p>\n<p>&#8211;<\/p>\n<p><span style=\"font-weight: 400;\"><b>Conclusion<br \/><\/b><\/span>Elisabeth LEFRANC, Conseill\u00e8re municipale d\u00e9l\u00e9gu\u00e9e aux Personnes \u00e2g\u00e9es, aux seniors , \u00e0 la long\u00e9vit\u00e9<br \/>Jean-Luc ANGELIS, Directeur de la Fondation Recherche Alzheimer<\/p>\n<p><div style=\"width:100%\">\r\n<audio class=\"player\" playsinline controls   >\r\n  \r\n  <source src=\"https:\/\/entretiensalzheimer.org\/wp-content\/uploads\/2020\/10\/Nantes-2020_Conclu.mp3\"  type=\"audio\/mp3\"  >\r\n  \r\nYour browser does not support the audio element.\r\n<\/audio>\r\n<\/div>\r\n\r\n<script type=\"text\/javascript\">\r\n\r\n\r\nconst players3173 = Plyr.setup('.player', {\r\n\tcontrols:['play', 'progress', 'duration', 'mute', 'volume','download'],\r\n\t});\r\n<\/script>\r\n<br \/>\n<div  style=' margin-top:30px; margin-bottom:30px;'  class='hr hr-custom hr-left hr-icon-no   avia-builder-el-20  el_after_av_button  el_before_av_hr '><span class='hr-inner   inner-border-av-border-fat' style=' width:100%; border-color:#ec407a;' ><span class='hr-inner-style'><\/span><\/span><\/div><\/p>\n<h3><strong>\u00c9dition\u00a0<\/strong><strong>2019<\/strong><\/h3>\n<p><b>Introduction<\/b><b><br \/><\/b><span style=\"font-weight: 400;\">Docteur Olivier de LADOUCETTE, psychiatre, g\u00e9rontologue et Pr\u00e9sident de la Fondation pour la Recherche sur Alzheimer<br \/><div style=\"width:100%\">\r\n<audio class=\"player\" playsinline controls   >\r\n  \r\n  <source src=\"https:\/\/entretiensalzheimer.org\/wp-content\/uploads\/2020\/04\/01-nantes2019-intro.mp3\"  type=\"audio\/mp3\"  >\r\n  \r\nYour browser does not support the audio element.\r\n<\/audio>\r\n<\/div>\r\n\r\n<script type=\"text\/javascript\">\r\n\r\n\r\nconst players734 = Plyr.setup('.player', {\r\n\tcontrols:['play', 'progress', 'duration', 'mute', 'volume','download'],\r\n\t});\r\n<\/script>\r\n<br \/><\/span><\/p>\n<p>&#8211;<\/p>\n<p><span style=\"font-weight: 400;\">Patrick LEFEBVRE, Responsable de la communication ENGIE Pays de la Loire<br \/><div style=\"width:100%\">\r\n<audio class=\"player\" playsinline controls   >\r\n  \r\n  <source src=\"https:\/\/entretiensalzheimer.org\/wp-content\/uploads\/2020\/04\/02-nantes2019-intro-engie.mp3\"  type=\"audio\/mp3\"  >\r\n  \r\nYour browser does not support the audio element.\r\n<\/audio>\r\n<\/div>\r\n\r\n<script type=\"text\/javascript\">\r\n\r\n\r\nconst players735 = Plyr.setup('.player', {\r\n\tcontrols:['play', 'progress', 'duration', 'mute', 'volume','download'],\r\n\t});\r\n<\/script>\r\n<br \/><\/span><\/p>\n<p>&#8211;<\/p>\n<p><b>La maladie d\u2019Alzheimer dans la Cit\u00e9<\/b><b><br \/><\/b><span style=\"font-weight: 400;\">Professeur Jean-Fran\u00e7ois DARTIGUES, chercheur et membre de l\u2019\u00e9quipe psycho-\u00e9pid\u00e9miologie du vieillissement et des maladies chroniques au sein du Centre de recherche Inserm U 1219 (Universit\u00e9 de Bordeaux)<br \/><div style=\"width:100%\">\r\n<audio class=\"player\" playsinline controls   >\r\n  \r\n  <source src=\"https:\/\/entretiensalzheimer.org\/wp-content\/uploads\/2020\/04\/03-nantes2019-dartigue.mp3\"  type=\"audio\/mp3\"  >\r\n  \r\nYour browser does not support the audio element.\r\n<\/audio>\r\n<\/div>\r\n\r\n<script type=\"text\/javascript\">\r\n\r\n\r\nconst players736 = Plyr.setup('.player', {\r\n\tcontrols:['play', 'progress', 'duration', 'mute', 'volume','download'],\r\n\t});\r\n<\/script>\r\n<br \/><\/span><\/p>\n<p>&#8211;<\/p>\n<p><b>Questions \u2013 r\u00e9ponses<\/b><span style=\"font-weight: 400;\"> avec le Professeur Jean-Fran\u00e7ois DARTIGUES<br \/><div style=\"width:100%\">\r\n<audio class=\"player\" playsinline controls   >\r\n  \r\n  <source src=\"https:\/\/entretiensalzheimer.org\/wp-content\/uploads\/2020\/04\/04-nantes2019-questions.mp3\"  type=\"audio\/mp3\"  >\r\n  \r\nYour browser does not support the audio element.\r\n<\/audio>\r\n<\/div>\r\n\r\n<script type=\"text\/javascript\">\r\n\r\n\r\nconst players737 = Plyr.setup('.player', {\r\n\tcontrols:['play', 'progress', 'duration', 'mute', 'volume','download'],\r\n\t});\r\n<\/script>\r\n<br \/><\/span><\/p>\n<p>&#8211;<\/p>\n<p><b>O\u00f9 en est la recherche th\u00e9rapeutique sur la maladie d\u2019Alzheimer ?<\/b><span style=\"font-weight: 400;\"><br \/><\/span><span style=\"font-weight: 400;\">Docteur Serge Belliard, MD-PhD, Docteur, Chef du service de neurologie CHU Rennes, CMRR Haute Bretagne<br \/><div style=\"width:100%\">\r\n<audio class=\"player\" playsinline controls   >\r\n  \r\n  <source src=\"https:\/\/entretiensalzheimer.org\/wp-content\/uploads\/2020\/04\/05-nantes2019-belliard.mp3\"  type=\"audio\/mp3\"  >\r\n  \r\nYour browser does not support the audio element.\r\n<\/audio>\r\n<\/div>\r\n\r\n<script type=\"text\/javascript\">\r\n\r\n\r\nconst players738 = Plyr.setup('.player', {\r\n\tcontrols:['play', 'progress', 'duration', 'mute', 'volume','download'],\r\n\t});\r\n<\/script>\r\n<br \/><\/span><\/p>\n<p>&#8211;<\/p>\n<p><b>Comprendre la maladie d\u2019Alzheimer ? Aux confins des r\u00e9seaux neuronaux\u2026<\/b><b><br \/><\/b><span style=\"font-weight: 400;\">Docteur Nicolas VILLAIN, Chef de clinique des universit\u00e9s-assistant des h\u00f4pitaux \u00e0 l\u2019Institut de la M\u00e9moire et de la Maladie d\u2019Alzheimer (H\u00f4pital de la Piti\u00e9-Salp\u00eatri\u00e8re \u00e0 Paris)<br \/><div style=\"width:100%\">\r\n<audio class=\"player\" playsinline controls   >\r\n  \r\n  <source src=\"https:\/\/entretiensalzheimer.org\/wp-content\/uploads\/2020\/04\/06-nantes2019-villain.mp3\"  type=\"audio\/mp3\"  >\r\n  \r\nYour browser does not support the audio element.\r\n<\/audio>\r\n<\/div>\r\n\r\n<script type=\"text\/javascript\">\r\n\r\n\r\nconst players739 = Plyr.setup('.player', {\r\n\tcontrols:['play', 'progress', 'duration', 'mute', 'volume','download'],\r\n\t});\r\n<\/script>\r\n<\/span><span style=\"font-weight: 400;\"><br \/><\/span><\/p>\n<p>&#8211;<\/p>\n<p><b>Partage d\u2019exp\u00e9rience sur l\u2019accompagnement d\u2019un proche malade d\u2019Alzheimer<\/b><b><br \/><\/b><span style=\"font-weight: 400;\">B\u00e9atrice GURREY, Grand reporter au journal Le Monde et auteure de \u00ab La t\u00eate qui tourne et la parole qui s\u2019en va \u00bb<br \/><div style=\"width:100%\">\r\n<audio class=\"player\" playsinline controls   >\r\n  \r\n  <source src=\"https:\/\/entretiensalzheimer.org\/wp-content\/uploads\/2020\/04\/07-nantes2019-gurrey.mp3\"  type=\"audio\/mp3\"  >\r\n  \r\nYour browser does not support the audio element.\r\n<\/audio>\r\n<\/div>\r\n\r\n<script type=\"text\/javascript\">\r\n\r\n\r\nconst players740 = Plyr.setup('.player', {\r\n\tcontrols:['play', 'progress', 'duration', 'mute', 'volume','download'],\r\n\t});\r\n<\/script>\r\n<br \/><\/span><\/p>\n<p>&#8211;<\/p>\n<p><b>Peut-on pr\u00e9venir la maladie d\u2019Alzheimer ? <\/b><b><br \/><\/b><span style=\"font-weight: 400;\">Docteur Olivier de LADOUCETTE, psychiatre, g\u00e9rontologue et Pr\u00e9sident de la Fondation pour la Recherche sur Alzheimer<br \/><div style=\"width:100%\">\r\n<audio class=\"player\" playsinline controls   >\r\n  \r\n  <source src=\"https:\/\/entretiensalzheimer.org\/wp-content\/uploads\/2020\/04\/08-nantes2019-odl.mp3\"  type=\"audio\/mp3\"  >\r\n  \r\nYour browser does not support the audio element.\r\n<\/audio>\r\n<\/div>\r\n\r\n<script type=\"text\/javascript\">\r\n\r\n\r\nconst players741 = Plyr.setup('.player', {\r\n\tcontrols:['play', 'progress', 'duration', 'mute', 'volume','download'],\r\n\t});\r\n<\/script>\r\n<br \/><\/span><\/p>\n<p>&#8211;<\/p>\n<p><b>Paroles de Familles : un site internet d\u00e9di\u00e9 aux proches aidants <\/b><b><br \/><\/b><span style=\"font-weight: 400;\">Nicolas BODAIRE, Responsable Action familiale \u00e0 l\u2019UDAF44<\/span><span style=\"font-weight: 400;\"><br \/><\/span><span style=\"font-weight: 400;\">Sandrine LAILLE, Administratrice du site \u00ab Paroles de Familles \u00bb<\/span><span style=\"font-weight: 400;\"><br \/><\/span><span style=\"font-weight: 400;\">Sylvia PORTA, Responsable D\u00e9veloppement Action Sociale Bretagne Pays de la Loire \u2013 AG2R LA MONDIALE<br \/><div style=\"width:100%\">\r\n<audio class=\"player\" playsinline controls   >\r\n  \r\n  <source src=\"https:\/\/entretiensalzheimer.org\/wp-content\/uploads\/2020\/04\/09-nantes2019-ag2r.mp3\"  type=\"audio\/mp3\"  >\r\n  \r\nYour browser does not support the audio element.\r\n<\/audio>\r\n<\/div>\r\n\r\n<script type=\"text\/javascript\">\r\n\r\n\r\nconst players742 = Plyr.setup('.player', {\r\n\tcontrols:['play', 'progress', 'duration', 'mute', 'volume','download'],\r\n\t});\r\n<\/script>\r\n<br \/><\/span><\/p>\n<p>&#8211;<\/p>\n<p><b>Un nouveau regard sur la gestion du quotidien d\u2019Alzheimer<\/b><b><br \/><\/b><span style=\"font-weight: 400;\">Colette ROUMANOFF, Metteur en sc\u00e8ne, \u00e9crivaine et directrice de compagnie th\u00e9\u00e2trale \u2013 AUDIENS<br \/><div style=\"width:100%\">\r\n<audio class=\"player\" playsinline controls   >\r\n  \r\n  <source src=\"https:\/\/entretiensalzheimer.org\/wp-content\/uploads\/2020\/04\/10-nantes2019-roumanoff.mp3\"  type=\"audio\/mp3\"  >\r\n  \r\nYour browser does not support the audio element.\r\n<\/audio>\r\n<\/div>\r\n\r\n<script type=\"text\/javascript\">\r\n\r\n\r\nconst players743 = Plyr.setup('.player', {\r\n\tcontrols:['play', 'progress', 'duration', 'mute', 'volume','download'],\r\n\t});\r\n<\/script>\r\n<br \/><\/span><\/p>\n<p>&#8211;<\/p>\n<p><b>Plateforme d\u2019Accompagnement et de r\u00e9pit \u00ab Le Nid des Aidants \u00bb<\/b><b><br \/><\/b><span style=\"font-weight: 400;\">Odile VINEL, Directrice des Jardins d\u2019Olonne LNA Sant\u00e9<\/span><span style=\"font-weight: 400;\"><br \/><\/span><span style=\"font-weight: 400;\">Charline VINET, Coordinatrice Plateforme d\u2019Accompagnement et de R\u00e9pit \u2013 LNA SANTE<br \/><div style=\"width:100%\">\r\n<audio class=\"player\" playsinline controls   >\r\n  \r\n  <source src=\"https:\/\/entretiensalzheimer.org\/wp-content\/uploads\/2020\/04\/11-nantes2019-lna.mp3\"  type=\"audio\/mp3\"  >\r\n  \r\nYour browser does not support the audio element.\r\n<\/audio>\r\n<\/div>\r\n\r\n<script type=\"text\/javascript\">\r\n\r\n\r\nconst players744 = Plyr.setup('.player', {\r\n\tcontrols:['play', 'progress', 'duration', 'mute', 'volume','download'],\r\n\t});\r\n<\/script>\r\n<\/span><\/p>\n<div  style=' margin-top:30px; margin-bottom:30px;'  class='hr hr-custom hr-left hr-icon-no   avia-builder-el-21  el_after_av_hr  el_before_av_button '><span class='hr-inner   inner-border-av-border-fat' style=' width:100%; border-color:#ec407a;' ><span class='hr-inner-style'><\/span><\/span><\/div>\n<h3><strong>\u00c9dition\u00a0<\/strong><strong>2018<\/strong><\/h3>\n<p><b>Introduction<\/b><b><br \/><\/b><span style=\"font-weight: 400;\">Docteur Olivier de LADOUCETTE, psychiatre, g\u00e9rontologue et Pr\u00e9sident de la Fondation pour la Recherche sur Alzheimer<\/span><br \/><div style=\"width:100%\">\r\n<audio class=\"player\" playsinline controls   >\r\n  \r\n  <source src=\"https:\/\/entretiensalzheimer.org\/wp-content\/uploads\/2020\/04\/01-nantes2018-intro.mp3\"  type=\"audio\/mp3\"  >\r\n  \r\nYour browser does not support the audio element.\r\n<\/audio>\r\n<\/div>\r\n\r\n<script type=\"text\/javascript\">\r\n\r\n\r\nconst players592 = Plyr.setup('.player', {\r\n\tcontrols:['play', 'progress', 'duration', 'mute', 'volume','download'],\r\n\t});\r\n<\/script>\r\n<\/p>\n<p>&#8211;<\/p>\n<p><b>De la pr\u00e9vention aux pistes th\u00e9rapeutiques dans la maladie d\u2019Alzheimer <\/b><span style=\"font-weight: 400;\">Professeur Philippe DAMIER, <\/span><i><span style=\"font-weight: 400;\">Neurologue au CHU de Nantes <\/span><\/i><span style=\"font-weight: 400;\">et Docteur Claire BOUTOLEAU-BRETONNI\u00c8RE, <\/span><i><span style=\"font-weight: 400;\">Neurologue au Centre m\u00e9moire de ressource et recherche (CMRR) du CHU de Nantes<br \/><div style=\"width:100%\">\r\n<audio class=\"player\" playsinline controls   >\r\n  \r\n  <source src=\"https:\/\/entretiensalzheimer.org\/wp-content\/uploads\/2020\/04\/02-nantes2018-chu.mp3\"  type=\"audio\/mp3\"  >\r\n  \r\nYour browser does not support the audio element.\r\n<\/audio>\r\n<\/div>\r\n\r\n<script type=\"text\/javascript\">\r\n\r\n\r\nconst players593 = Plyr.setup('.player', {\r\n\tcontrols:['play', 'progress', 'duration', 'mute', 'volume','download'],\r\n\t});\r\n<\/script>\r\n<\/span><\/i><\/p>\n<p>&#8211;<\/p>\n<p><b>Sympt\u00f4mes physique, psychique et social en relation avec les alt\u00e9rations cognitives au cours de la maladie d\u2019Alzheimer<\/b><b><br \/><\/b><span style=\"font-weight: 400;\">Professeur Gilles BERRUT, Chef du p\u00f4le G\u00e9rontologie Clinique au CHU de Nantes, Responsable du G\u00e9rontop\u00f4le des Pays de la Loire<\/span><br \/><div style=\"width:100%\">\r\n<audio class=\"player\" playsinline controls   >\r\n  \r\n  <source src=\"https:\/\/entretiensalzheimer.org\/wp-content\/uploads\/2020\/04\/03-nantes2018-chu.mp3\"  type=\"audio\/mp3\"  >\r\n  \r\nYour browser does not support the audio element.\r\n<\/audio>\r\n<\/div>\r\n\r\n<script type=\"text\/javascript\">\r\n\r\n\r\nconst players594 = Plyr.setup('.player', {\r\n\tcontrols:['play', 'progress', 'duration', 'mute', 'volume','download'],\r\n\t});\r\n<\/script>\r\n<\/p>\n<p>&#8211;<\/p>\n<p><b>Comment faire face aux troubles du comportement d\u2019un malade Alzheimer ?<\/b><b><br \/><\/b><span style=\"font-weight: 400;\">Docteur Olivier DE LADOUCETTE, psychiatre, g\u00e9rontologue et Pr\u00e9sident de la Fondation pour la Recherche sur Alzheimer<br \/><div style=\"width:100%\">\r\n<audio class=\"player\" playsinline controls   >\r\n  \r\n  <source src=\"https:\/\/entretiensalzheimer.org\/wp-content\/uploads\/2020\/04\/04-nantes2018-old.mp3\"  type=\"audio\/mp3\"  >\r\n  \r\nYour browser does not support the audio element.\r\n<\/audio>\r\n<\/div>\r\n\r\n<script type=\"text\/javascript\">\r\n\r\n\r\nconst players607 = Plyr.setup('.player', {\r\n\tcontrols:['play', 'progress', 'duration', 'mute', 'volume','download'],\r\n\t});\r\n<\/script>\r\n<br \/><\/span><\/p>\n<p>&#8211;<\/p>\n<p><b>Echanges avec le public<\/b><b><br \/><\/b><span style=\"font-weight: 400;\">Pr Gilles BERRUT, Dr Claire BOUTOLEAU-BRETONNI\u00c8RE, Pr Philippe DAMIER et Dr Olivier de LADOUCETTE<\/span><br \/><div style=\"width:100%\">\r\n<audio class=\"player\" playsinline controls   >\r\n  \r\n  <source src=\"https:\/\/entretiensalzheimer.org\/wp-content\/uploads\/2020\/04\/05-nantes2018-questions.mp3\"  type=\"audio\/mp3\"  >\r\n  \r\nYour browser does not support the audio element.\r\n<\/audio>\r\n<\/div>\r\n\r\n<script type=\"text\/javascript\">\r\n\r\n\r\nconst players608 = Plyr.setup('.player', {\r\n\tcontrols:['play', 'progress', 'duration', 'mute', 'volume','download'],\r\n\t});\r\n<\/script>\r\n<\/p>\n<p>&#8211;<\/p>\n<p><b>Partage d\u2019exp\u00e9rience sur l\u2019accompagnement d\u2019un proche malade d\u2019Alzheimer<\/b><span style=\"font-weight: 400;\"><br \/><\/span><span style=\"font-weight: 400;\">Christelle BARDET<\/span><br \/><div style=\"width:100%\">\r\n<audio class=\"player\" playsinline controls   >\r\n  \r\n  <source src=\"https:\/\/entretiensalzheimer.org\/wp-content\/uploads\/2020\/04\/06-nantes2018-christelle.mp3\"  type=\"audio\/mp3\"  >\r\n  \r\nYour browser does not support the audio element.\r\n<\/audio>\r\n<\/div>\r\n\r\n<script type=\"text\/javascript\">\r\n\r\n\r\nconst players609 = Plyr.setup('.player', {\r\n\tcontrols:['play', 'progress', 'duration', 'mute', 'volume','download'],\r\n\t});\r\n<\/script>\r\n<\/p>\n<p>&#8211;<\/p>\n<p><b>Le r\u00e9sident au centre de la relation : communiquer autrement<\/b><b><br \/><\/b><span style=\"font-weight: 400;\">Laura LIMA, Directrice du Parc de Diane et Magali FRANCHET, Psychologue clinicienne au Parc de Diane \u2013 LNA Sant\u00e9<\/span><br \/><div style=\"width:100%\">\r\n<audio class=\"player\" playsinline controls   >\r\n  \r\n  <source src=\"https:\/\/entretiensalzheimer.org\/wp-content\/uploads\/2020\/04\/07-nantes2018-lna.mp3\"  type=\"audio\/mp3\"  >\r\n  \r\nYour browser does not support the audio element.\r\n<\/audio>\r\n<\/div>\r\n\r\n<script type=\"text\/javascript\">\r\n\r\n\r\nconst players610 = Plyr.setup('.player', {\r\n\tcontrols:['play', 'progress', 'duration', 'mute', 'volume','download'],\r\n\t});\r\n<\/script>\r\n<\/p>\n<p>&#8211;<\/p>\n<p><b>Lien Knin : quand l\u2019animal fait le lien pour r\u00e9veiller les sens, les souvenirs et les sentiments <\/b><b><br \/><\/b><span style=\"font-weight: 400;\">Sylvia PORTA, Responsable D\u00e9veloppement Action Sociale Bretagne-Pays de la Loire et Cl\u00e9mence ARNAUD, Directrice-Intervenante en m\u00e9diation animale (Association Lien Knin) \u2013 AG2R LA MONDIALE<\/span><br \/><div style=\"width:100%\">\r\n<audio class=\"player\" playsinline controls   >\r\n  \r\n  <source src=\"https:\/\/entretiensalzheimer.org\/wp-content\/uploads\/2020\/04\/08-nantes2018-knin.mp3\"  type=\"audio\/mp3\"  >\r\n  \r\nYour browser does not support the audio element.\r\n<\/audio>\r\n<\/div>\r\n\r\n<script type=\"text\/javascript\">\r\n\r\n\r\nconst players611 = Plyr.setup('.player', {\r\n\tcontrols:['play', 'progress', 'duration', 'mute', 'volume','download'],\r\n\t});\r\n<\/script>\r\n<\/p>\n<p>&#8211;<\/p>\n<p><b>Art-th\u00e9rapie : temps de ressourcement et de cr\u00e9ativit\u00e9 pour nourrir la relation aidant\/aid\u00e9<\/b><b><br \/><\/b><span style=\"font-weight: 400;\">Christelle DEL\u00c9TOILLE, Art-th\u00e9rapeute \u2013 AUDIENS<\/span><br \/><div style=\"width:100%\">\r\n<audio class=\"player\" playsinline controls   >\r\n  \r\n  <source src=\"https:\/\/entretiensalzheimer.org\/wp-content\/uploads\/2020\/04\/09-nantes2018-deletoille.mp3\"  type=\"audio\/mp3\"  >\r\n  \r\nYour browser does not support the audio element.\r\n<\/audio>\r\n<\/div>\r\n\r\n<script type=\"text\/javascript\">\r\n\r\n\r\nconst players612 = Plyr.setup('.player', {\r\n\tcontrols:['play', 'progress', 'duration', 'mute', 'volume','download'],\r\n\t});\r\n<\/script>\r\n<\/p>\n<p>&#8211;<\/p>\n<p><b>Revue de presse critique sur l\u2019actualit\u00e9 scientifique<\/b><b><br \/><\/b><span style=\"font-weight: 400;\">Pr Gilles BERRUT, Dr Claire BOUTOLEAU-BRETONNI\u00c8RE, Pr Philippe DAMIER et Dr Olivier de LADOUCETTE<\/span><br \/><div style=\"width:100%\">\r\n<audio class=\"player\" playsinline controls   >\r\n  \r\n  <source src=\"https:\/\/entretiensalzheimer.org\/wp-content\/uploads\/2020\/04\/10-nantes2018-revue-presse.mp3\"  type=\"audio\/mp3\"  >\r\n  \r\nYour browser does not support the audio element.\r\n<\/audio>\r\n<\/div>\r\n\r\n<script type=\"text\/javascript\">\r\n\r\n\r\nconst players613 = Plyr.setup('.player', {\r\n\tcontrols:['play', 'progress', 'duration', 'mute', 'volume','download'],\r\n\t});\r\n<\/script>\r\n<\/p>\n\n<\/div>\n<\/div>\n<\/section>\n<section class=\"av_tab_section\"  itemscope=\"itemscope\" itemtype=\"https:\/\/schema.org\/CreativeWork\" ><div aria-controls=\"tab-id-4\" role=\"tab\" tabindex=\"0\" data-fake-id=\"#tab-id-4\" class=\"tab \"  itemprop=\"headline\" >BORDEAUX<\/div>\n<div id=\"tab-id-4-container\" class=\"tab_content \" aria-hidden=\"true\">\n<div class=\"tab_inner_content invers-color\"  itemprop=\"text\" >\n<p><div  class='avia-button-wrap avia-button-center  avia-builder-el-22  el_after_av_hr  el_before_av_button ' ><a href='https:\/\/entretiensalzheimer.org\/wp-content\/uploads\/2020\/04\/Programme-Entretiens-2018-Bordeaux-BAT.pdf'  class='avia-button   avia-icon_select-yes-left-icon avia-color-custom avia-size-medium avia-position-center '  target=\"_blank\"  style='background-color:#397ca3; border-color:#397ca3; color:#ffffff; ' ><span class='avia_button_icon avia_button_icon_left ' aria-hidden='true' data-av_icon='\ue84e' data-av_iconfont='entypo-fontello'><\/span><span class='avia_iconbox_title' >T\u00e9l\u00e9chargez le programme 2018<\/span><\/a><\/div><br \/>\n<div  class='avia-button-wrap avia-button-center  avia-builder-el-23  el_after_av_button  el_before_av_button ' ><a href='https:\/\/entretiensalzheimer.org\/wp-content\/uploads\/2020\/04\/programme-bordeaux-v5-web-planche.pdf'  class='avia-button   avia-icon_select-yes-left-icon avia-color-custom avia-size-medium avia-position-center '  target=\"_blank\"  style='background-color:#397ca3; border-color:#397ca3; color:#ffffff; ' ><span class='avia_button_icon avia_button_icon_left ' aria-hidden='true' data-av_icon='\ue84e' data-av_iconfont='entypo-fontello'><\/span><span class='avia_iconbox_title' >T\u00e9l\u00e9chargez le programme 2019<\/span><\/a><\/div><br \/>\n<div  class='avia-button-wrap avia-button-center  avia-builder-el-24  el_after_av_button  el_before_av_hr ' ><a href='https:\/\/entretiensalzheimer.org\/wp-content\/uploads\/2023\/04\/BORDEAUX-programme-Entretiens-Alzheimer-2021.pdf'  class='avia-button   avia-icon_select-yes-left-icon avia-color-custom avia-size-medium avia-position-center '  target=\"_blank\"  style='background-color:#397ca3; border-color:#397ca3; color:#ffffff; ' ><span class='avia_button_icon avia_button_icon_left ' aria-hidden='true' data-av_icon='\ue84e' data-av_iconfont='entypo-fontello'><\/span><span class='avia_iconbox_title' >T\u00e9l\u00e9chargez le programme 2021<\/span><\/a><\/div><\/p>\n<h3><strong>\u00c9dition\u00a0<\/strong><strong>2019<\/strong><\/h3>\n<p><b>L\u2019aromath\u00e9rapie, une aide pr\u00e9cieuse pour stimuler les sens<\/b><b><br \/><\/b><b>Atelier anim\u00e9 par Virginie Brevard<\/b><span style=\"font-weight: 400;\">, <\/span><i><span style=\"font-weight: 400;\">Docteur en Pharmacie, Aromath\u00e9rapeute, Olfactoth\u00e9rapeute<\/span><\/i><i><span style=\"font-weight: 400;\"><br \/><\/span><\/i><span style=\"font-weight: 400;\">Pr\u00e9sent\u00e9 par LNA SANT\u00c9<br \/>&gt; <strong><a href=\"https:\/\/alzheimer-recherche.org\/wp-content\/uploads\/2019\/11\/Atelier-Aromatherapie-LNA-SANTE.pdf\">T\u00e9l\u00e9charger la fiche ici<\/a><\/strong><br \/><\/span><\/p>\n<p>&#8211;<\/p>\n<p><b>Do-In, m\u00e9thode d\u2019auto relaxation pour aidants<\/b><b><br \/><\/b><b>Atelier anim\u00e9 par Christine Choquenet-Desbois<\/b><span style=\"font-weight: 400;\">, <\/span><i><span style=\"font-weight: 400;\">Praticienne en Shiatsu \u00e0 Bordeaux<\/span><\/i><i><span style=\"font-weight: 400;\"><br \/><\/span><\/i><span style=\"font-weight: 400;\">Pr\u00e9sent\u00e9 par AG2R LA MONDIALE<br \/>&gt; <strong><a href=\"https:\/\/alzheimer-recherche.org\/wp-content\/uploads\/2019\/11\/Atelier-DO-IN-AG2R.pdf\">T\u00e9l\u00e9charger la fiche ici<\/a><\/strong><br \/><\/span><\/p>\n<p>&#8211;<\/p>\n<p><b>Protection des majeurs<\/b><b><br \/><\/b><b>Atelier anim\u00e9 par \u00c9ric Dubreuil<\/b><span style=\"font-weight: 400;\">, <\/span><i><span style=\"font-weight: 400;\">Mandataire judiciaire<\/span><\/i><i><span style=\"font-weight: 400;\"><br \/><\/span><\/i><span style=\"font-weight: 400;\">Pr\u00e9sent\u00e9 par AUDIENS<br \/>&gt; <strong><a href=\"https:\/\/alzheimer-recherche.org\/wp-content\/uploads\/2019\/11\/Protection-majeurs.pdf\">T\u00e9l\u00e9charger la fiche ici<\/a><\/strong><\/span><\/p>\n<div  style=' margin-top:30px; margin-bottom:30px;'  class='hr hr-custom hr-left hr-icon-no   avia-builder-el-25  el_after_av_button  el_before_av_button '><span class='hr-inner   inner-border-av-border-fat' style=' width:100%; border-color:#ec407a;' ><span class='hr-inner-style'><\/span><\/span><\/div>\n<h3><strong>\u00c9dition\u00a0<\/strong><strong>2018<\/strong><\/h3>\n<p><b>Introduction<\/b><b><br \/><\/b><span style=\"font-weight: 400;\">Jean-Luc ANG\u00c9LIS, directeur de la Fondation Recherche Alzheimer et\u00a0 Vincent LAMY, d\u00e9l\u00e9gu\u00e9 territorial ENGIE r\u00e9gion Nouvelle-Aquitaine<br \/><div style=\"width:100%\">\r\n<audio class=\"player\" playsinline controls   >\r\n  \r\n  <source src=\"https:\/\/entretiensalzheimer.org\/wp-content\/uploads\/2020\/04\/01-bordeaux2018-intro.mp3\"  type=\"audio\/mp3\"  >\r\n  \r\nYour browser does not support the audio element.\r\n<\/audio>\r\n<\/div>\r\n\r\n<script type=\"text\/javascript\">\r\n\r\n\r\nconst players776 = Plyr.setup('.player', {\r\n\tcontrols:['play', 'progress', 'duration', 'mute', 'volume','download'],\r\n\t});\r\n<\/script>\r\n<br \/><\/span><\/p>\n<p>&#8211;<\/p>\n<p><span style=\"font-weight: 400;\">Pr Jean-Fran\u00e7ois Dartigues, Professeur de sant\u00e9 publique et neurologue au CHU de Bordeaux, pr\u00e9sident du Comit\u00e9 Scientifique de la Fondation Recherche Alzheimer<br \/><div style=\"width:100%\">\r\n<audio class=\"player\" playsinline controls   >\r\n  \r\n  <source src=\"https:\/\/entretiensalzheimer.org\/wp-content\/uploads\/2020\/04\/01-bordeaux2018-dartigues.mp3\"  type=\"audio\/mp3\"  >\r\n  \r\nYour browser does not support the audio element.\r\n<\/audio>\r\n<\/div>\r\n\r\n<script type=\"text\/javascript\">\r\n\r\n\r\nconst players777 = Plyr.setup('.player', {\r\n\tcontrols:['play', 'progress', 'duration', 'mute', 'volume','download'],\r\n\t});\r\n<\/script>\r\n<br \/><\/span><\/p>\n<p>&#8211;<\/p>\n<p><b>Baisse de la pr\u00e9valence de la maladie d\u2019Alzheimer<\/b><b><br \/><\/b><span style=\"font-weight: 400;\">Dr Catherine Helmer, M\u00e9decin-\u00e9pid\u00e9miologiste et chercheur au Centre de recherche Inserm-Universit\u00e9 de Bordeaux \u00ab Bordeaux Population Health \u00bb<br \/><div style=\"width:100%\">\r\n<audio class=\"player\" playsinline controls   >\r\n  \r\n  <source src=\"https:\/\/entretiensalzheimer.org\/wp-content\/uploads\/2020\/04\/03-bordeaux2018-helmer.mp3\"  type=\"audio\/mp3\"  >\r\n  \r\nYour browser does not support the audio element.\r\n<\/audio>\r\n<\/div>\r\n\r\n<script type=\"text\/javascript\">\r\n\r\n\r\nconst players778 = Plyr.setup('.player', {\r\n\tcontrols:['play', 'progress', 'duration', 'mute', 'volume','download'],\r\n\t});\r\n<\/script>\r\n<br \/><\/span><\/p>\n<p>&#8211;<\/p>\n<p><b>Facteurs cardiom\u00e9taboliques et mode de vie : quels impacts sur l\u2019apparition de la d\u00e9mence ?<\/b><span style=\"font-weight: 400;\"><br \/><\/span><span style=\"font-weight: 400;\">Maude WAGNER, Doctorante en biostatistiques au Centre de recherche Inserm-Universit\u00e9 de Bordeaux \u00ab Bordeaux Population Health \u00bb<br \/><div style=\"width:100%\">\r\n<audio class=\"player\" playsinline controls   >\r\n  \r\n  <source src=\"https:\/\/entretiensalzheimer.org\/wp-content\/uploads\/2020\/04\/04-bordeaux2018-wagner.mp3\"  type=\"audio\/mp3\"  >\r\n  \r\nYour browser does not support the audio element.\r\n<\/audio>\r\n<\/div>\r\n\r\n<script type=\"text\/javascript\">\r\n\r\n\r\nconst players779 = Plyr.setup('.player', {\r\n\tcontrols:['play', 'progress', 'duration', 'mute', 'volume','download'],\r\n\t});\r\n<\/script>\r\n<br \/><\/span><\/p>\n<p>&#8211;<\/p>\n<p><b>Echanges avec le public <\/b><span style=\"font-weight: 400;\">\u2013 Pr Jean-Fran\u00e7ois DARTIGUES et Dr Catherine HELMER<br \/><div style=\"width:100%\">\r\n<audio class=\"player\" playsinline controls   >\r\n  \r\n  <source src=\"https:\/\/entretiensalzheimer.org\/wp-content\/uploads\/2020\/04\/05-bordeaux2018-questions.mp3\"  type=\"audio\/mp3\"  >\r\n  \r\nYour browser does not support the audio element.\r\n<\/audio>\r\n<\/div>\r\n\r\n<script type=\"text\/javascript\">\r\n\r\n\r\nconst players780 = Plyr.setup('.player', {\r\n\tcontrols:['play', 'progress', 'duration', 'mute', 'volume','download'],\r\n\t});\r\n<\/script>\r\n<br \/><\/span><\/p>\n<p>&#8211;<\/p>\n<p><b>Accompagnement du couple aidant\/aid\u00e9 : Int\u00e9r\u00eats de l\u2019intervention \u00e0 domicile<\/b><span style=\"font-weight: 400;\"><br \/><\/span><span style=\"font-weight: 400;\">Ghislaine NICOLAS, Charg\u00e9e de d\u00e9veloppement \u2013 Attach\u00e9e aux relations ext\u00e9rieures AG2R LA MONDIALE et Alexia LAGARDE, Docteur en psychologie, Coordinatrice de sant\u00e9 en g\u00e9riatrie \u2013 Dispositif MAIA Bergerac \u2013 chercheur attach\u00e9 au sein de l\u2019Universit\u00e9 de Bordeaux<br \/><div style=\"width:100%\">\r\n<audio class=\"player\" playsinline controls   >\r\n  \r\n  <source src=\"https:\/\/entretiensalzheimer.org\/wp-content\/uploads\/2020\/04\/06-bordeaux2018-ag2r.mp3\"  type=\"audio\/mp3\"  >\r\n  \r\nYour browser does not support the audio element.\r\n<\/audio>\r\n<\/div>\r\n\r\n<script type=\"text\/javascript\">\r\n\r\n\r\nconst players781 = Plyr.setup('.player', {\r\n\tcontrols:['play', 'progress', 'duration', 'mute', 'volume','download'],\r\n\t});\r\n<\/script>\r\n<br \/><\/span><\/p>\n<p>&#8211;<\/p>\n<p><b>Du domicile \u00e0 l\u2019accueil de jour : parcours de vie et accompagnement<\/b><span style=\"font-weight: 400;\">\u00a0 Sandrine ELIA, <\/span><i><span style=\"font-weight: 400;\">M\u00e9decin Responsable Territorial Autonomie \u2013 P\u00f4le Territorial de Solidarit\u00e9 de Bordeaux \u2013 Direction G\u00e9n\u00e9rale Adjointe charg\u00e9e de la Solidarit\u00e9 \u2013 D\u00e9partement de la Gironde<\/span><\/i><i><span style=\"font-weight: 400;\"><br \/><\/span><\/i><span style=\"font-weight: 400;\">\u00c9liane CLUSTE-DEGAS, <\/span><i><span style=\"font-weight: 400;\">Psychologue DAPA \u2013 Service des Accueils et de l\u2019Appui M\u00e9dico-Social \u2013 P\u00f4le Solidarit\u00e9 Autonomie \u2013 D\u00e9partement de la Gironde<\/span><\/i> <span style=\"font-weight: 400;\"><br \/><\/span><span style=\"font-weight: 400;\">Alexandra GILARD, <\/span><i><span style=\"font-weight: 400;\">Maitresse de Maison Accueil de Jour<\/span><\/i><span style=\"font-weight: 400;\"><br \/><\/span><span style=\"font-weight: 400;\">Fanny GAUTRET, <\/span><i><span style=\"font-weight: 400;\">Psychologue \u2013 EHPAD Les Jardins de Leysotte<\/span><\/i><span style=\"font-weight: 400;\"> \u2013 LNA Sant\u00e9<br \/><div style=\"width:100%\">\r\n<audio class=\"player\" playsinline controls   >\r\n  \r\n  <source src=\"https:\/\/entretiensalzheimer.org\/wp-content\/uploads\/2020\/04\/07-bordeaux2018-lna.mp3\"  type=\"audio\/mp3\"  >\r\n  \r\nYour browser does not support the audio element.\r\n<\/audio>\r\n<\/div>\r\n\r\n<script type=\"text\/javascript\">\r\n\r\n\r\nconst players782 = Plyr.setup('.player', {\r\n\tcontrols:['play', 'progress', 'duration', 'mute', 'volume','download'],\r\n\t});\r\n<\/script>\r\n<br \/><\/span><\/p>\n<p>&#8211;<\/p>\n<p><b>Art-th\u00e9rapie : temps de ressourcement et de cr\u00e9ativit\u00e9 pour nourrir la relation aidant\/aid\u00e9<\/b><b><br \/><\/b><span style=\"font-weight: 400;\">Christelle DEL\u00c9TOILLE, Art-th\u00e9rapeute \u2013 AUDIENS<br \/><div style=\"width:100%\">\r\n<audio class=\"player\" playsinline controls   >\r\n  \r\n  <source src=\"https:\/\/entretiensalzheimer.org\/wp-content\/uploads\/2020\/04\/08-bordeaux2018-deletoille.mp3\"  type=\"audio\/mp3\"  >\r\n  \r\nYour browser does not support the audio element.\r\n<\/audio>\r\n<\/div>\r\n\r\n<script type=\"text\/javascript\">\r\n\r\n\r\nconst players783 = Plyr.setup('.player', {\r\n\tcontrols:['play', 'progress', 'duration', 'mute', 'volume','download'],\r\n\t});\r\n<\/script>\r\n<br \/><\/span><\/p>\n<p>&#8211;<\/p>\n<p><b>Temps d\u2019\u00e9changes et de conseils avec le public<\/b><span style=\"font-weight: 400;\"> \u2013 Pr Jean-Fran\u00e7ois DARTIGUES et Dr Catherine HELMER<br \/><div style=\"width:100%\">\r\n<audio class=\"player\" playsinline controls   >\r\n  \r\n  <source src=\"https:\/\/entretiensalzheimer.org\/wp-content\/uploads\/2020\/04\/09-bordeaux2018-temps-echanges.mp3\"  type=\"audio\/mp3\"  >\r\n  \r\nYour browser does not support the audio element.\r\n<\/audio>\r\n<\/div>\r\n\r\n<script type=\"text\/javascript\">\r\n\r\n\r\nconst players784 = Plyr.setup('.player', {\r\n\tcontrols:['play', 'progress', 'duration', 'mute', 'volume','download'],\r\n\t});\r\n<\/script>\r\n<br \/><\/span><\/p>\n<p>&#8211;<\/p>\n<p><b>Revue de presse critique sur l\u2019actualit\u00e9 scientifique<\/b><span style=\"font-weight: 400;\"> \u2013 Pr Jean-Fran\u00e7ois DARTIGUES et Dr Catherine HELMER<br \/><div style=\"width:100%\">\r\n<audio class=\"player\" playsinline controls   >\r\n  \r\n  <source src=\"https:\/\/entretiensalzheimer.org\/wp-content\/uploads\/2020\/04\/10-bordeaux2018-revue-de-presse.mp3\"  type=\"audio\/mp3\"  >\r\n  \r\nYour browser does not support the audio element.\r\n<\/audio>\r\n<\/div>\r\n\r\n<script type=\"text\/javascript\">\r\n\r\n\r\nconst players785 = Plyr.setup('.player', {\r\n\tcontrols:['play', 'progress', 'duration', 'mute', 'volume','download'],\r\n\t});\r\n<\/script>\r\n<br \/><\/span><\/p>\n\n<\/div>\n<\/div>\n<\/section>\n<section class=\"av_tab_section\"  itemscope=\"itemscope\" itemtype=\"https:\/\/schema.org\/CreativeWork\" ><div aria-controls=\"tab-id-5\" role=\"tab\" tabindex=\"0\" data-fake-id=\"#tab-id-5\" class=\"tab \"  itemprop=\"headline\" >MARSEILLE<\/div>\n<div id=\"tab-id-5-container\" class=\"tab_content \" aria-hidden=\"true\">\n<div class=\"tab_inner_content invers-color\"  itemprop=\"text\" >\n<div  class='avia-button-wrap avia-button-center  avia-builder-el-26  el_after_av_hr  avia-builder-el-last ' ><a href='https:\/\/entretiensalzheimer.org\/wp-content\/uploads\/2021\/06\/programme-marseille-web.pdf'  class='avia-button   avia-icon_select-yes-left-icon avia-color-custom avia-size-medium avia-position-center '  target=\"_blank\"  style='background-color:#397ca3; border-color:#397ca3; color:#ffffff; ' ><span class='avia_button_icon avia_button_icon_left ' aria-hidden='true' data-av_icon='\ue84e' data-av_iconfont='entypo-fontello'><\/span><span class='avia_iconbox_title' >T\u00e9l\u00e9chargez le programme 2021<\/span><\/a><\/div>\n<h3><strong>\u00c9dition\u00a0<\/strong><strong>2021<\/strong><\/h3>\n\n<\/div>\n<\/div>\n<\/section>\n<\/div>\n<\/p><\/div>\n<section class=\"av_textblock_section \"  itemscope=\"itemscope\" itemtype=\"https:\/\/schema.org\/CreativeWork\" ><div class='avia_textblock  '   itemprop=\"text\" >        <div class=\"pmp-container\">\n            <div class=\"pmp-header\">\n                <h1>Bordeaux 2023<\/h1>\n                <p>3 podcasts disponibles<\/p>\n            <\/div>\n            \n                                    \n            <div class=\"pmp-card\">\n                <div class=\"pmp-content\">\n                    <div class=\"pmp-speakers-images\">\n                                                                                                                                                    <div class=\"pmp-speaker-image\">\n                                                                            <img loading=\"lazy\" decoding=\"async\" width=\"80\" height=\"80\" src=\"https:\/\/entretiensalzheimer.org\/wp-content\/uploads\/2021\/10\/Sylvie-JUSTOME-80x80.jpg\" class=\"attachment-thumbnail size-thumbnail wp-post-image\" alt=\"\" srcset=\"https:\/\/entretiensalzheimer.org\/wp-content\/uploads\/2021\/10\/Sylvie-JUSTOME-80x80.jpg 80w, https:\/\/entretiensalzheimer.org\/wp-content\/uploads\/2021\/10\/Sylvie-JUSTOME-36x36.jpg 36w, https:\/\/entretiensalzheimer.org\/wp-content\/uploads\/2021\/10\/Sylvie-JUSTOME-180x180.jpg 180w\" sizes=\"auto, (max-width: 80px) 100vw, 80px\" \/>                                                                    <\/div>\n                                                                                                                                                            <div class=\"pmp-speaker-image\">\n                                                                            <img loading=\"lazy\" decoding=\"async\" width=\"80\" height=\"80\" src=\"https:\/\/entretiensalzheimer.org\/wp-content\/uploads\/2021\/11\/Jean-Luc-Angelis-Fond.-Alzheimer-\u252c\u00ae-ph-jacob-57-41-1-80x80.jpg\" class=\"attachment-thumbnail size-thumbnail wp-post-image\" alt=\"\" srcset=\"https:\/\/entretiensalzheimer.org\/wp-content\/uploads\/2021\/11\/Jean-Luc-Angelis-Fond.-Alzheimer-\u252c\u00ae-ph-jacob-57-41-1-80x80.jpg 80w, https:\/\/entretiensalzheimer.org\/wp-content\/uploads\/2021\/11\/Jean-Luc-Angelis-Fond.-Alzheimer-\u252c\u00ae-ph-jacob-57-41-1-36x36.jpg 36w, https:\/\/entretiensalzheimer.org\/wp-content\/uploads\/2021\/11\/Jean-Luc-Angelis-Fond.-Alzheimer-\u252c\u00ae-ph-jacob-57-41-1-180x180.jpg 180w\" sizes=\"auto, (max-width: 80px) 100vw, 80px\" \/>                                                                    <\/div>\n                                                                                                            \n                                                <button class=\"pmp-play-button-mini\" data-audio-url=\"https:\/\/entretiensalzheimer.org\/wp-content\/uploads\/2023\/10\/intro-EA-Bordeaux-2023.mp3\" data-duration=\"9:36\">\n                            <span class=\"pmp-play-icon\">\u25b6<\/span>\n                        <\/button>\n                                            <\/div>\n                    \n                    <div class=\"pmp-info\">\n                        <h2 class=\"pmp-podcast-title\">Introduction<\/h2>\n                        \n                                                                                                                                                    <div class=\"pmp-speaker-info\">\n                                    <h3>Sylvie JUSTOME<\/h3>\n                                                                        <div class=\"pmp-speaker-title\">Adjointe au Maire charg\u00e9e de la sant\u00e9, de la S\u00e9curit\u00e9 sanitaire et des Risques majeurs<\/div>\n                                                                    <\/div>\n                                                                                                                                                            <div class=\"pmp-speaker-info\">\n                                    <h3>Jean-Luc ANGELIS<\/h3>\n                                                                        <div class=\"pmp-speaker-title\">Directeur de la Fondation Recherche Alzheimer<\/div>\n                                                                    <\/div>\n                                                                                                            \n                        <div class=\"pmp-description\">\n                                                    <\/div>\n                    <\/div>\n                <\/div>\n                \n                                <div class=\"pmp-audio-player\" data-duration=\"9:36\">\n                    <audio preload=\"metadata\">\n                        <source src=\"https:\/\/entretiensalzheimer.org\/wp-content\/uploads\/2023\/10\/intro-EA-Bordeaux-2023.mp3\" type=\"audio\/mpeg\">\n                        Votre navigateur ne supporte pas l'audio HTML5.\n                    <\/audio>\n                    \n                    <div class=\"pmp-player-controls\">\n                        <button class=\"pmp-play-pause-btn\">\n                            <span class=\"pmp-play-icon\">\u25b6<\/span>\n                        <\/button>\n                        \n                        <div class=\"pmp-progress-container\">\n                            <span class=\"pmp-time-display\">00:00<\/span>\n                            <div class=\"pmp-progress-bar\">\n                                <div class=\"pmp-progress-fill\"><\/div>\n                            <\/div>\n                            <span class=\"pmp-duration-display\">9:36<\/span>\n                        <\/div>\n                        \n                        <div class=\"pmp-volume-container\">\n                            <span class=\"pmp-volume-icon\">\ud83d\udd0a<\/span>\n                            <div class=\"pmp-volume-bar\">\n                                <div class=\"pmp-volume-fill\"><\/div>\n                            <\/div>\n                        <\/div>\n                    <\/div>\n                <\/div>\n                            <\/div>\n                                    \n            <div class=\"pmp-card\">\n                <div class=\"pmp-content\">\n                    <div class=\"pmp-speakers-images\">\n                                                                                                                                                    <div class=\"pmp-speaker-image\">\n                                                                            <img loading=\"lazy\" decoding=\"async\" width=\"80\" height=\"80\" src=\"https:\/\/entretiensalzheimer.org\/wp-content\/uploads\/2023\/04\/Pr-Bruno-Dubois-80x80.jpg\" class=\"attachment-thumbnail size-thumbnail wp-post-image\" alt=\"\" srcset=\"https:\/\/entretiensalzheimer.org\/wp-content\/uploads\/2023\/04\/Pr-Bruno-Dubois-80x80.jpg 80w, https:\/\/entretiensalzheimer.org\/wp-content\/uploads\/2023\/04\/Pr-Bruno-Dubois-36x36.jpg 36w, https:\/\/entretiensalzheimer.org\/wp-content\/uploads\/2023\/04\/Pr-Bruno-Dubois-180x180.jpg 180w\" sizes=\"auto, (max-width: 80px) 100vw, 80px\" \/>                                                                    <\/div>\n                                                                                                            \n                                                <button class=\"pmp-play-button-mini\" data-audio-url=\"https:\/\/entretiensalzheimer.org\/wp-content\/uploads\/2023\/10\/BD-actualite-EA-Bordeaux-2023.mp3\" data-duration=\"43:04\">\n                            <span class=\"pmp-play-icon\">\u25b6<\/span>\n                        <\/button>\n                                            <\/div>\n                    \n                    <div class=\"pmp-info\">\n                        <h2 class=\"pmp-podcast-title\">L&#039;actualit\u00e9 de la recherche<\/h2>\n                        \n                                                                                                                                                    <div class=\"pmp-speaker-info\">\n                                    <h3>Pr Bruno DUBOIS<\/h3>\n                                                                        <div class=\"pmp-speaker-title\">Neurologue, membre de l&#039;Acad\u00e9mie de m\u00e9decine et directeur scientifique\u00a0de la Fondation Recherche Alzheimer<\/div>\n                                                                    <\/div>\n                                                                                                            \n                        <div class=\"pmp-description\">\n                                                    <\/div>\n                    <\/div>\n                <\/div>\n                \n                                <div class=\"pmp-audio-player\" data-duration=\"43:04\">\n                    <audio preload=\"metadata\">\n                        <source src=\"https:\/\/entretiensalzheimer.org\/wp-content\/uploads\/2023\/10\/BD-actualite-EA-Bordeaux-2023.mp3\" type=\"audio\/mpeg\">\n                        Votre navigateur ne supporte pas l'audio HTML5.\n                    <\/audio>\n                    \n                    <div class=\"pmp-player-controls\">\n                        <button class=\"pmp-play-pause-btn\">\n                            <span class=\"pmp-play-icon\">\u25b6<\/span>\n                        <\/button>\n                        \n                        <div class=\"pmp-progress-container\">\n                            <span class=\"pmp-time-display\">00:00<\/span>\n                            <div class=\"pmp-progress-bar\">\n                                <div class=\"pmp-progress-fill\"><\/div>\n                            <\/div>\n                            <span class=\"pmp-duration-display\">43:04<\/span>\n                        <\/div>\n                        \n                        <div class=\"pmp-volume-container\">\n                            <span class=\"pmp-volume-icon\">\ud83d\udd0a<\/span>\n                            <div class=\"pmp-volume-bar\">\n                                <div class=\"pmp-volume-fill\"><\/div>\n                            <\/div>\n                        <\/div>\n                    <\/div>\n                <\/div>\n                            <\/div>\n                                    \n            <div class=\"pmp-card\">\n                <div class=\"pmp-content\">\n                    <div class=\"pmp-speakers-images\">\n                                                                                                                                                    <div class=\"pmp-speaker-image\">\n                                                                            <img loading=\"lazy\" decoding=\"async\" width=\"80\" height=\"80\" src=\"https:\/\/entretiensalzheimer.org\/wp-content\/uploads\/2021\/10\/Vincent-PLANCHE-80x80.jpg\" class=\"attachment-thumbnail size-thumbnail wp-post-image\" alt=\"\" srcset=\"https:\/\/entretiensalzheimer.org\/wp-content\/uploads\/2021\/10\/Vincent-PLANCHE-80x80.jpg 80w, https:\/\/entretiensalzheimer.org\/wp-content\/uploads\/2021\/10\/Vincent-PLANCHE-36x36.jpg 36w, https:\/\/entretiensalzheimer.org\/wp-content\/uploads\/2021\/10\/Vincent-PLANCHE-180x180.jpg 180w\" sizes=\"auto, (max-width: 80px) 100vw, 80px\" \/>                                                                    <\/div>\n                                                                                                            \n                                                <button class=\"pmp-play-button-mini\" data-audio-url=\"https:\/\/entretiensalzheimer.org\/wp-content\/uploads\/2023\/10\/VP-maladies-apparentees-EA-Bordeaux-2023.mp3\" data-duration=\"25:31\">\n                            <span class=\"pmp-play-icon\">\u25b6<\/span>\n                        <\/button>\n                                            <\/div>\n                    \n                    <div class=\"pmp-info\">\n                        <h2 class=\"pmp-podcast-title\">Les maladies apparent\u00e9es \u00e0 Alzheimer<\/h2>\n                        \n                                                                                                                                                    <div class=\"pmp-speaker-info\">\n                                    <h3>Dr Vincent PLANCHE<\/h3>\n                                                                        <div class=\"pmp-speaker-title\">Neurologue, MCU-PH, responsable du Centre M\u00e9moire Ressources et Recherche du CHU de Bordeaux<\/div>\n                                                                    <\/div>\n                                                                                                            \n                        <div class=\"pmp-description\">\n                                                    <\/div>\n                    <\/div>\n                <\/div>\n                \n                                <div class=\"pmp-audio-player\" data-duration=\"25:31\">\n                    <audio preload=\"metadata\">\n                        <source src=\"https:\/\/entretiensalzheimer.org\/wp-content\/uploads\/2023\/10\/VP-maladies-apparentees-EA-Bordeaux-2023.mp3\" type=\"audio\/mpeg\">\n                        Votre navigateur ne supporte pas l'audio HTML5.\n                    <\/audio>\n                    \n                    <div class=\"pmp-player-controls\">\n                        <button class=\"pmp-play-pause-btn\">\n                            <span class=\"pmp-play-icon\">\u25b6<\/span>\n                        <\/button>\n                        \n                        <div class=\"pmp-progress-container\">\n                            <span class=\"pmp-time-display\">00:00<\/span>\n                            <div class=\"pmp-progress-bar\">\n                                <div class=\"pmp-progress-fill\"><\/div>\n                            <\/div>\n                            <span class=\"pmp-duration-display\">25:31<\/span>\n                        <\/div>\n                        \n                        <div class=\"pmp-volume-container\">\n                            <span class=\"pmp-volume-icon\">\ud83d\udd0a<\/span>\n                            <div class=\"pmp-volume-bar\">\n                                <div class=\"pmp-volume-fill\"><\/div>\n                            <\/div>\n                        <\/div>\n                    <\/div>\n                <\/div>\n                            <\/div>\n                    <\/div>\n        \n<\/div><\/section>\n","protected":false},"excerpt":{"rendered":"","protected":false},"author":3,"featured_media":0,"parent":0,"menu_order":0,"comment_status":"closed","ping_status":"closed","template":"","meta":{"footnotes":""},"class_list":["post-18307","page","type-page","status-publish","hentry"],"_links":{"self":[{"href":"https:\/\/entretiensalzheimer.org\/index.php\/wp-json\/wp\/v2\/pages\/18307","targetHints":{"allow":["GET"]}}],"collection":[{"href":"https:\/\/entretiensalzheimer.org\/index.php\/wp-json\/wp\/v2\/pages"}],"about":[{"href":"https:\/\/entretiensalzheimer.org\/index.php\/wp-json\/wp\/v2\/types\/page"}],"author":[{"embeddable":true,"href":"https:\/\/entretiensalzheimer.org\/index.php\/wp-json\/wp\/v2\/users\/3"}],"replies":[{"embeddable":true,"href":"https:\/\/entretiensalzheimer.org\/index.php\/wp-json\/wp\/v2\/comments?post=18307"}],"version-history":[{"count":12,"href":"https:\/\/entretiensalzheimer.org\/index.php\/wp-json\/wp\/v2\/pages\/18307\/revisions"}],"predecessor-version":[{"id":21348,"href":"https:\/\/entretiensalzheimer.org\/index.php\/wp-json\/wp\/v2\/pages\/18307\/revisions\/21348"}],"wp:attachment":[{"href":"https:\/\/entretiensalzheimer.org\/index.php\/wp-json\/wp\/v2\/media?parent=18307"}],"curies":[{"name":"wp","href":"https:\/\/api.w.org\/{rel}","templated":true}]}}