{"id":20292,"date":"2025-02-11T16:02:20","date_gmt":"2025-02-11T15:02:20","guid":{"rendered":"https:\/\/entretiensalzheimer.org\/?page_id=20292"},"modified":"2026-01-07T12:21:16","modified_gmt":"2026-01-07T11:21:16","slug":"rennes","status":"publish","type":"page","link":"https:\/\/entretiensalzheimer.org\/index.php\/rennes\/","title":{"rendered":"RENNES"},"content":{"rendered":"<div id='av_section_1'  class='avia-section main_color avia-section-huge avia-no-border-styling  avia-full-stretch av-section-color-overlay-active avia-bg-style-scroll  avia-builder-el-0  el_before_av_hr  avia-builder-el-first   container_wrap fullsize' style='background-repeat: no-repeat; background-image: url(https:\/\/entretiensalzheimer.org\/wp-content\/uploads\/2025\/09\/bg-header.jpg);background-attachment: scroll; background-position: top left;  '  data-section-bg-repeat='stretch'><div class='av-section-color-overlay-wrap'><div class='av-section-color-overlay' style='opacity: 0.8; background-color: #8232a7; '><\/div><div class='container' ><main  role=\"main\" itemprop=\"mainContentOfPage\"  class='template-page content  av-content-full alpha units'><div class='post-entry post-entry-type-page post-entry-20292'><div class='entry-content-wrapper clearfix'>\n<div class=\"flex_column av_one_full  flex_column_div av-zero-column-padding first  avia-builder-el-1  avia-builder-el-no-sibling  \" style='margin-top:0px; margin-bottom:-30px; border-radius:0px; '><section class=\"av_textblock_section \"  itemscope=\"itemscope\" itemtype=\"https:\/\/schema.org\/CreativeWork\" ><div class='avia_textblock  av_inherit_color '  style='font-size:30px; color:#ffffff; '  itemprop=\"text\" ><p style=\"text-align: center;\">Entretiens Alzheimer<\/p>\n<div  style='height:60px' class='hr hr-invisible   avia-builder-el-3  el_before_av_hr  avia-builder-el-first '><span class='hr-inner ' ><span class='hr-inner-style'><\/span><\/span><\/div>\n<h1 style=\"text-align: center;\"><strong>Rennes<\/strong><\/h1>\n<div  style='height:1px; margin-top:-40px'  class='hr hr-invisible   avia-builder-el-4  el_after_av_hr  el_before_av_hr '><span class='hr-inner ' ><span class='hr-inner-style'><\/span><\/span><\/div>\n<p style=\"text-align: center;\">2<sup>e<\/sup> \u00e9dition<\/p>\n<div  style='height:40px' class='hr hr-invisible   avia-builder-el-5  el_after_av_hr  avia-builder-el-last '><span class='hr-inner ' ><span class='hr-inner-style'><\/span><\/span><\/div>\n<p style=\"text-align: center;\">Date \u00e0 venir &#8211; H\u00f4tel de Rennes M\u00e9tropole<\/p>\n<p style=\"text-align: center;\">Ouverture des inscriptions mi-juin !<\/p>\n<\/div><\/section><\/div><\/div><\/div><\/main><!-- close content main element --><\/div><\/div><\/div><div id='after_section_1'  class='main_color av_default_container_wrap container_wrap fullsize' style=' '  ><div class='container' ><div class='template-page content  av-content-full alpha units'><div class='post-entry post-entry-type-page post-entry-20292'><div class='entry-content-wrapper clearfix'><div  style='height:50px' class='hr hr-invisible   avia-builder-el-6  el_after_av_section  el_before_av_one_full  avia-builder-el-first '><span class='hr-inner ' ><span class='hr-inner-style'><\/span><\/span><\/div><\/p>\n<div class=\"flex_column av_one_full  flex_column_div av-zero-column-padding first  avia-builder-el-7  el_after_av_hr  avia-builder-el-last  \" style='border-radius:0px; '><section class=\"av_textblock_section \"  itemscope=\"itemscope\" itemtype=\"https:\/\/schema.org\/CreativeWork\" ><div class='avia_textblock  '   itemprop=\"text\" ><h1 style=\"text-align: center;\">ARCHIVES<\/h1>\n<\/div><\/section><br \/>\n<div  class=\"togglecontainer  av-elegant-toggle toggle_close_all  avia-builder-el-9  el_after_av_textblock  avia-builder-el-last \" >\n<section class=\"av_toggle_section\"  itemscope=\"itemscope\" itemtype=\"https:\/\/schema.org\/CreativeWork\"  >    <div role=\"tablist\" class=\"single_toggle\" data-tags=\"{Tout} \"  >        <p data-fake-id=\"#toggle-id-1\" class=\"toggler \"  itemprop=\"headline\"  style='background-color: #8f47ad; '  role=\"tab\" tabindex=\"0\" aria-controls=\"toggle-id-1-container\">Programme<span class=\"toggle_icon\" >        <span class=\"vert_icon\"><\/span><span class=\"hor_icon\"><\/span><\/span><\/p>        <div id=\"toggle-id-1-container\" class=\"toggle_wrap \"  >            <div class=\"toggle_content invers-color \"  itemprop=\"text\"  style='background-color: #8f47ad; ' ><p>D\u00e9couvrez le programme 2025<\/p>\n<div  class='avia-button-wrap avia-button-center  avia-builder-el-10  el_before_av_button  avia-builder-el-first ' ><a href='https:\/\/entretiensalzheimer.org\/wp-content\/uploads\/2025\/09\/programme-entretiens-Rennes-2025.pdf'  class='avia-button   avia-icon_select-no avia-color-theme-color avia-size-medium avia-position-center '  target=\"_blank\"   ><span class='avia_iconbox_title' >Programme Rennes 2025<\/span><\/a><\/div>\n            <\/div>        <\/div>    <\/div><\/section>\n<section class=\"av_toggle_section\"  itemscope=\"itemscope\" itemtype=\"https:\/\/schema.org\/CreativeWork\"  >    <div role=\"tablist\" class=\"single_toggle\" data-tags=\"{Tout} \"  >        <p data-fake-id=\"#toggle-id-2\" class=\"toggler \"  itemprop=\"headline\"  style='background-color: #8f47ad; '  role=\"tab\" tabindex=\"0\" aria-controls=\"toggle-id-2-container\">Podcasts 2025<span class=\"toggle_icon\" >        <span class=\"vert_icon\"><\/span><span class=\"hor_icon\"><\/span><\/span><\/p>        <div id=\"toggle-id-2-container\" class=\"toggle_wrap \"  >            <div class=\"toggle_content invers-color \"  itemprop=\"text\"  style='background-color: #8f47ad; ' >        <div class=\"pmp-container\">\n            <div class=\"pmp-header\">\n                <h1>Rennes 2025<\/h1>\n                <p>6 podcasts disponibles<\/p>\n            <\/div>\n            \n                                    \n            <div class=\"pmp-card\">\n                <div class=\"pmp-content\">\n                    <div class=\"pmp-speakers-images\">\n                                                                                                                                                    <div class=\"pmp-speaker-image\">\n                                                                            <img loading=\"lazy\" decoding=\"async\" width=\"80\" height=\"80\" src=\"https:\/\/entretiensalzheimer.org\/wp-content\/uploads\/2023\/04\/Pr-Bruno-Dubois-80x80.jpg\" class=\"attachment-thumbnail size-thumbnail wp-post-image\" alt=\"\" srcset=\"https:\/\/entretiensalzheimer.org\/wp-content\/uploads\/2023\/04\/Pr-Bruno-Dubois-80x80.jpg 80w, https:\/\/entretiensalzheimer.org\/wp-content\/uploads\/2023\/04\/Pr-Bruno-Dubois-36x36.jpg 36w, https:\/\/entretiensalzheimer.org\/wp-content\/uploads\/2023\/04\/Pr-Bruno-Dubois-180x180.jpg 180w\" sizes=\"auto, (max-width: 80px) 100vw, 80px\" \/>                                                                    <\/div>\n                                                                                                            \n                                                <button class=\"pmp-play-button-mini\" data-audio-url=\"https:\/\/entretiensalzheimer.org\/wp-content\/uploads\/2025\/10\/Rennes-1-BD-Actualite-2025.mp3\" data-duration=\"31:43\">\n                            <span class=\"pmp-play-icon\">\u25b6<\/span>\n                        <\/button>\n                                            <\/div>\n                    \n                    <div class=\"pmp-info\">\n                        <h2 class=\"pmp-podcast-title\">Actualit\u00e9 de la recherche<\/h2>\n                        \n                                                                                                                                                    <div class=\"pmp-speaker-info\">\n                                    <h3>Pr Bruno DUBOIS<\/h3>\n                                                                        <div class=\"pmp-speaker-title\">Neurologue, membre de l&#039;Acad\u00e9mie de m\u00e9decine et directeur scientifique\u00a0de la Fondation Recherche Alzheimer<\/div>\n                                                                    <\/div>\n                                                                                                            \n                        <div class=\"pmp-description\">\n                                                    <\/div>\n                    <\/div>\n                <\/div>\n                \n                                <div class=\"pmp-audio-player\" data-duration=\"31:43\">\n                    <audio preload=\"metadata\">\n                        <source src=\"https:\/\/entretiensalzheimer.org\/wp-content\/uploads\/2025\/10\/Rennes-1-BD-Actualite-2025.mp3\" type=\"audio\/mpeg\">\n                        Votre navigateur ne supporte pas l'audio HTML5.\n                    <\/audio>\n                    \n                    <div class=\"pmp-player-controls\">\n                        <button class=\"pmp-play-pause-btn\">\n                            <span class=\"pmp-play-icon\">\u25b6<\/span>\n                        <\/button>\n                        \n                        <div class=\"pmp-progress-container\">\n                            <span class=\"pmp-time-display\">00:00<\/span>\n                            <div class=\"pmp-progress-bar\">\n                                <div class=\"pmp-progress-fill\"><\/div>\n                            <\/div>\n                            <span class=\"pmp-duration-display\">31:43<\/span>\n                        <\/div>\n                        \n                        <div class=\"pmp-volume-container\">\n                            <span class=\"pmp-volume-icon\">\ud83d\udd0a<\/span>\n                            <div class=\"pmp-volume-bar\">\n                                <div class=\"pmp-volume-fill\"><\/div>\n                            <\/div>\n                        <\/div>\n                    <\/div>\n                <\/div>\n                            <\/div>\n                                    \n            <div class=\"pmp-card\">\n                <div class=\"pmp-content\">\n                    <div class=\"pmp-speakers-images\">\n                                                                                                                                                    <div class=\"pmp-speaker-image\">\n                                                                            <img loading=\"lazy\" decoding=\"async\" width=\"80\" height=\"80\" src=\"https:\/\/entretiensalzheimer.org\/wp-content\/uploads\/2022\/02\/belliard-80x80.jpg\" class=\"attachment-thumbnail size-thumbnail wp-post-image\" alt=\"\" srcset=\"https:\/\/entretiensalzheimer.org\/wp-content\/uploads\/2022\/02\/belliard-80x80.jpg 80w, https:\/\/entretiensalzheimer.org\/wp-content\/uploads\/2022\/02\/belliard-36x36.jpg 36w, https:\/\/entretiensalzheimer.org\/wp-content\/uploads\/2022\/02\/belliard-180x180.jpg 180w, https:\/\/entretiensalzheimer.org\/wp-content\/uploads\/2022\/02\/belliard.jpg 200w\" sizes=\"auto, (max-width: 80px) 100vw, 80px\" \/>                                                                    <\/div>\n                                                                                                            \n                                                <button class=\"pmp-play-button-mini\" data-audio-url=\"https:\/\/entretiensalzheimer.org\/wp-content\/uploads\/2025\/10\/Rennes-2-Prediction-Dr-Serge-Belliard-2025.mp3\" data-duration=\"26:52\">\n                            <span class=\"pmp-play-icon\">\u25b6<\/span>\n                        <\/button>\n                                            <\/div>\n                    \n                    <div class=\"pmp-info\">\n                        <h2 class=\"pmp-podcast-title\">Peut-on pr\u00e9dire la maladie d&#039;Alzheimer ?<\/h2>\n                        \n                                                                                                                                                    <div class=\"pmp-speaker-info\">\n                                    <h3>Dr Serge BELLIARD<\/h3>\n                                                                        <div class=\"pmp-speaker-title\">Neurologue, cofondateur du centre M\u00e9moire de Ressources et de Recherche et chef du service de neurologie de Rennes<\/div>\n                                                                    <\/div>\n                                                                                                            \n                        <div class=\"pmp-description\">\n                                                    <\/div>\n                    <\/div>\n                <\/div>\n                \n                                <div class=\"pmp-audio-player\" data-duration=\"26:52\">\n                    <audio preload=\"metadata\">\n                        <source src=\"https:\/\/entretiensalzheimer.org\/wp-content\/uploads\/2025\/10\/Rennes-2-Prediction-Dr-Serge-Belliard-2025.mp3\" type=\"audio\/mpeg\">\n                        Votre navigateur ne supporte pas l'audio HTML5.\n                    <\/audio>\n                    \n                    <div class=\"pmp-player-controls\">\n                        <button class=\"pmp-play-pause-btn\">\n                            <span class=\"pmp-play-icon\">\u25b6<\/span>\n                        <\/button>\n                        \n                        <div class=\"pmp-progress-container\">\n                            <span class=\"pmp-time-display\">00:00<\/span>\n                            <div class=\"pmp-progress-bar\">\n                                <div class=\"pmp-progress-fill\"><\/div>\n                            <\/div>\n                            <span class=\"pmp-duration-display\">26:52<\/span>\n                        <\/div>\n                        \n                        <div class=\"pmp-volume-container\">\n                            <span class=\"pmp-volume-icon\">\ud83d\udd0a<\/span>\n                            <div class=\"pmp-volume-bar\">\n                                <div class=\"pmp-volume-fill\"><\/div>\n                            <\/div>\n                        <\/div>\n                    <\/div>\n                <\/div>\n                            <\/div>\n                                    \n            <div class=\"pmp-card\">\n                <div class=\"pmp-content\">\n                    <div class=\"pmp-speakers-images\">\n                                                                                                                                                    <div class=\"pmp-speaker-image\">\n                                                                            <img loading=\"lazy\" decoding=\"async\" width=\"80\" height=\"80\" src=\"https:\/\/entretiensalzheimer.org\/wp-content\/uploads\/2025\/10\/kevin-charras-80x80.jpg\" class=\"attachment-thumbnail size-thumbnail wp-post-image\" alt=\"\" srcset=\"https:\/\/entretiensalzheimer.org\/wp-content\/uploads\/2025\/10\/kevin-charras-80x80.jpg 80w, https:\/\/entretiensalzheimer.org\/wp-content\/uploads\/2025\/10\/kevin-charras-36x36.jpg 36w, https:\/\/entretiensalzheimer.org\/wp-content\/uploads\/2025\/10\/kevin-charras-180x180.jpg 180w\" sizes=\"auto, (max-width: 80px) 100vw, 80px\" \/>                                                                    <\/div>\n                                                                                                                                                            <div class=\"pmp-speaker-image\">\n                                                                            <img loading=\"lazy\" decoding=\"async\" width=\"80\" height=\"80\" src=\"https:\/\/entretiensalzheimer.org\/wp-content\/uploads\/2025\/10\/remy-thirion-80x80.jpeg\" class=\"attachment-thumbnail size-thumbnail wp-post-image\" alt=\"\" srcset=\"https:\/\/entretiensalzheimer.org\/wp-content\/uploads\/2025\/10\/remy-thirion-80x80.jpeg 80w, https:\/\/entretiensalzheimer.org\/wp-content\/uploads\/2025\/10\/remy-thirion-36x36.jpeg 36w, https:\/\/entretiensalzheimer.org\/wp-content\/uploads\/2025\/10\/remy-thirion-180x180.jpeg 180w, https:\/\/entretiensalzheimer.org\/wp-content\/uploads\/2025\/10\/remy-thirion.jpeg 200w\" sizes=\"auto, (max-width: 80px) 100vw, 80px\" \/>                                                                    <\/div>\n                                                                                                            \n                                                <button class=\"pmp-play-button-mini\" data-audio-url=\"https:\/\/entretiensalzheimer.org\/wp-content\/uploads\/2025\/10\/Rennes-3-Thirion-Charras-Troubles-du-comportement-2025.mp3\" data-duration=\"20:50\">\n                            <span class=\"pmp-play-icon\">\u25b6<\/span>\n                        <\/button>\n                                            <\/div>\n                    \n                    <div class=\"pmp-info\">\n                        <h2 class=\"pmp-podcast-title\">Les troubles du comportement<\/h2>\n                        \n                                                                                                                                                    <div class=\"pmp-speaker-info\">\n                                    <h3>K\u00e9vin CHARRAS<\/h3>\n                                                                        <div class=\"pmp-speaker-title\">Directeur du Living Lab Rennes<\/div>\n                                                                    <\/div>\n                                                                                                                                                            <div class=\"pmp-speaker-info\">\n                                    <h3>Dr R\u00e9my THIRION<\/h3>\n                                                                        <div class=\"pmp-speaker-title\">G\u00e9riatre, responsable de l\u2019UCC au CHU de Rennes, consultations m\u00e9moires et HDJ g\u00e9riatrique<\/div>\n                                                                    <\/div>\n                                                                                                            \n                        <div class=\"pmp-description\">\n                                                    <\/div>\n                    <\/div>\n                <\/div>\n                \n                                <div class=\"pmp-audio-player\" data-duration=\"20:50\">\n                    <audio preload=\"metadata\">\n                        <source src=\"https:\/\/entretiensalzheimer.org\/wp-content\/uploads\/2025\/10\/Rennes-3-Thirion-Charras-Troubles-du-comportement-2025.mp3\" type=\"audio\/mpeg\">\n                        Votre navigateur ne supporte pas l'audio HTML5.\n                    <\/audio>\n                    \n                    <div class=\"pmp-player-controls\">\n                        <button class=\"pmp-play-pause-btn\">\n                            <span class=\"pmp-play-icon\">\u25b6<\/span>\n                        <\/button>\n                        \n                        <div class=\"pmp-progress-container\">\n                            <span class=\"pmp-time-display\">00:00<\/span>\n                            <div class=\"pmp-progress-bar\">\n                                <div class=\"pmp-progress-fill\"><\/div>\n                            <\/div>\n                            <span class=\"pmp-duration-display\">20:50<\/span>\n                        <\/div>\n                        \n                        <div class=\"pmp-volume-container\">\n                            <span class=\"pmp-volume-icon\">\ud83d\udd0a<\/span>\n                            <div class=\"pmp-volume-bar\">\n                                <div class=\"pmp-volume-fill\"><\/div>\n                            <\/div>\n                        <\/div>\n                    <\/div>\n                <\/div>\n                            <\/div>\n                                    \n            <div class=\"pmp-card\">\n                <div class=\"pmp-content\">\n                    <div class=\"pmp-speakers-images\">\n                                                                                                                                                    <div class=\"pmp-speaker-image\">\n                                                                            <img loading=\"lazy\" decoding=\"async\" width=\"80\" height=\"80\" src=\"https:\/\/entretiensalzheimer.org\/wp-content\/uploads\/2025\/10\/kevin-charras-80x80.jpg\" class=\"attachment-thumbnail size-thumbnail wp-post-image\" alt=\"\" srcset=\"https:\/\/entretiensalzheimer.org\/wp-content\/uploads\/2025\/10\/kevin-charras-80x80.jpg 80w, https:\/\/entretiensalzheimer.org\/wp-content\/uploads\/2025\/10\/kevin-charras-36x36.jpg 36w, https:\/\/entretiensalzheimer.org\/wp-content\/uploads\/2025\/10\/kevin-charras-180x180.jpg 180w\" sizes=\"auto, (max-width: 80px) 100vw, 80px\" \/>                                                                    <\/div>\n                                                                                                                                                            <div class=\"pmp-speaker-image\">\n                                                                            <img loading=\"lazy\" decoding=\"async\" width=\"80\" height=\"80\" src=\"https:\/\/entretiensalzheimer.org\/wp-content\/uploads\/2025\/10\/remy-thirion-80x80.jpeg\" class=\"attachment-thumbnail size-thumbnail wp-post-image\" alt=\"\" srcset=\"https:\/\/entretiensalzheimer.org\/wp-content\/uploads\/2025\/10\/remy-thirion-80x80.jpeg 80w, https:\/\/entretiensalzheimer.org\/wp-content\/uploads\/2025\/10\/remy-thirion-36x36.jpeg 36w, https:\/\/entretiensalzheimer.org\/wp-content\/uploads\/2025\/10\/remy-thirion-180x180.jpeg 180w, https:\/\/entretiensalzheimer.org\/wp-content\/uploads\/2025\/10\/remy-thirion.jpeg 200w\" sizes=\"auto, (max-width: 80px) 100vw, 80px\" \/>                                                                    <\/div>\n                                                                                                                                                            <div class=\"pmp-speaker-image\">\n                                                                            <img loading=\"lazy\" decoding=\"async\" width=\"80\" height=\"80\" src=\"https:\/\/entretiensalzheimer.org\/wp-content\/uploads\/2022\/02\/belliard-80x80.jpg\" class=\"attachment-thumbnail size-thumbnail wp-post-image\" alt=\"\" srcset=\"https:\/\/entretiensalzheimer.org\/wp-content\/uploads\/2022\/02\/belliard-80x80.jpg 80w, https:\/\/entretiensalzheimer.org\/wp-content\/uploads\/2022\/02\/belliard-36x36.jpg 36w, https:\/\/entretiensalzheimer.org\/wp-content\/uploads\/2022\/02\/belliard-180x180.jpg 180w, https:\/\/entretiensalzheimer.org\/wp-content\/uploads\/2022\/02\/belliard.jpg 200w\" sizes=\"auto, (max-width: 80px) 100vw, 80px\" \/>                                                                    <\/div>\n                                                                                                                                                            <div class=\"pmp-speaker-image\">\n                                                                            <img loading=\"lazy\" decoding=\"async\" width=\"80\" height=\"80\" src=\"https:\/\/entretiensalzheimer.org\/wp-content\/uploads\/2023\/04\/Pr-Bruno-Dubois-80x80.jpg\" class=\"attachment-thumbnail size-thumbnail wp-post-image\" alt=\"\" srcset=\"https:\/\/entretiensalzheimer.org\/wp-content\/uploads\/2023\/04\/Pr-Bruno-Dubois-80x80.jpg 80w, https:\/\/entretiensalzheimer.org\/wp-content\/uploads\/2023\/04\/Pr-Bruno-Dubois-36x36.jpg 36w, https:\/\/entretiensalzheimer.org\/wp-content\/uploads\/2023\/04\/Pr-Bruno-Dubois-180x180.jpg 180w\" sizes=\"auto, (max-width: 80px) 100vw, 80px\" \/>                                                                    <\/div>\n                                                                                                            \n                                                <button class=\"pmp-play-button-mini\" data-audio-url=\"https:\/\/entretiensalzheimer.org\/wp-content\/uploads\/2025\/10\/Rennes-4-QR-2025.mp3\" data-duration=\"19:44\">\n                            <span class=\"pmp-play-icon\">\u25b6<\/span>\n                        <\/button>\n                                            <\/div>\n                    \n                    <div class=\"pmp-info\">\n                        <h2 class=\"pmp-podcast-title\">Questions \/ R\u00e9ponses<\/h2>\n                        \n                                                                                                                                                    <div class=\"pmp-speaker-info\">\n                                    <h3>K\u00e9vin CHARRAS<\/h3>\n                                                                        <div class=\"pmp-speaker-title\">Directeur du Living Lab Rennes<\/div>\n                                                                    <\/div>\n                                                                                                                                                            <div class=\"pmp-speaker-info\">\n                                    <h3>Dr R\u00e9my THIRION<\/h3>\n                                                                        <div class=\"pmp-speaker-title\">G\u00e9riatre, responsable de l\u2019UCC au CHU de Rennes, consultations m\u00e9moires et HDJ g\u00e9riatrique<\/div>\n                                                                    <\/div>\n                                                                                                                                                            <div class=\"pmp-speaker-info\">\n                                    <h3>Dr Serge BELLIARD<\/h3>\n                                                                        <div class=\"pmp-speaker-title\">Neurologue, cofondateur du centre M\u00e9moire de Ressources et de Recherche et chef du service de neurologie de Rennes<\/div>\n                                                                    <\/div>\n                                                                                                                                                            <div class=\"pmp-speaker-info\">\n                                    <h3>Pr Bruno DUBOIS<\/h3>\n                                                                        <div class=\"pmp-speaker-title\">Neurologue, membre de l&#039;Acad\u00e9mie de m\u00e9decine et directeur scientifique\u00a0de la Fondation Recherche Alzheimer<\/div>\n                                                                    <\/div>\n                                                                                                            \n                        <div class=\"pmp-description\">\n                                                    <\/div>\n                    <\/div>\n                <\/div>\n                \n                                <div class=\"pmp-audio-player\" data-duration=\"19:44\">\n                    <audio preload=\"metadata\">\n                        <source src=\"https:\/\/entretiensalzheimer.org\/wp-content\/uploads\/2025\/10\/Rennes-4-QR-2025.mp3\" type=\"audio\/mpeg\">\n                        Votre navigateur ne supporte pas l'audio HTML5.\n                    <\/audio>\n                    \n                    <div class=\"pmp-player-controls\">\n                        <button class=\"pmp-play-pause-btn\">\n                            <span class=\"pmp-play-icon\">\u25b6<\/span>\n                        <\/button>\n                        \n                        <div class=\"pmp-progress-container\">\n                            <span class=\"pmp-time-display\">00:00<\/span>\n                            <div class=\"pmp-progress-bar\">\n                                <div class=\"pmp-progress-fill\"><\/div>\n                            <\/div>\n                            <span class=\"pmp-duration-display\">19:44<\/span>\n                        <\/div>\n                        \n                        <div class=\"pmp-volume-container\">\n                            <span class=\"pmp-volume-icon\">\ud83d\udd0a<\/span>\n                            <div class=\"pmp-volume-bar\">\n                                <div class=\"pmp-volume-fill\"><\/div>\n                            <\/div>\n                        <\/div>\n                    <\/div>\n                <\/div>\n                            <\/div>\n                                    \n            <div class=\"pmp-card\">\n                <div class=\"pmp-content\">\n                    <div class=\"pmp-speakers-images\">\n                                                                                                                                                    <div class=\"pmp-speaker-image\">\n                                                                            <img loading=\"lazy\" decoding=\"async\" width=\"80\" height=\"80\" src=\"https:\/\/entretiensalzheimer.org\/wp-content\/uploads\/2023\/11\/Laure-jouatel-80x80.jpg\" class=\"attachment-thumbnail size-thumbnail wp-post-image\" alt=\"\" srcset=\"https:\/\/entretiensalzheimer.org\/wp-content\/uploads\/2023\/11\/Laure-jouatel-80x80.jpg 80w, https:\/\/entretiensalzheimer.org\/wp-content\/uploads\/2023\/11\/Laure-jouatel-36x36.jpg 36w, https:\/\/entretiensalzheimer.org\/wp-content\/uploads\/2023\/11\/Laure-jouatel-180x180.jpg 180w, https:\/\/entretiensalzheimer.org\/wp-content\/uploads\/2023\/11\/Laure-jouatel.jpg 200w\" sizes=\"auto, (max-width: 80px) 100vw, 80px\" \/>                                                                    <\/div>\n                                                                                                            \n                                                <button class=\"pmp-play-button-mini\" data-audio-url=\"https:\/\/entretiensalzheimer.org\/wp-content\/uploads\/2025\/10\/Rennes-5-Laure-Jouatel-LNA-film-2025.mp3\" data-duration=\"13:21\">\n                            <span class=\"pmp-play-icon\">\u25b6<\/span>\n                        <\/button>\n                                            <\/div>\n                    \n                    <div class=\"pmp-info\">\n                        <h2 class=\"pmp-podcast-title\">Retour sur \u00ab Les Esprits libres \u00bb, un autre soin est possible - LNA SANTE<\/h2>\n                        \n                                                                                                                                                    <div class=\"pmp-speaker-info\">\n                                    <h3>Laure JOUATEL<\/h3>\n                                                                        <div class=\"pmp-speaker-title\">Directrice m\u00e9dicale m\u00e9dico-social LNA Sant\u00e9. Co-pilote de la D\u00e9marche SENS<\/div>\n                                                                    <\/div>\n                                                                                                            \n                        <div class=\"pmp-description\">\n                                                    <\/div>\n                    <\/div>\n                <\/div>\n                \n                                <div class=\"pmp-audio-player\" data-duration=\"13:21\">\n                    <audio preload=\"metadata\">\n                        <source src=\"https:\/\/entretiensalzheimer.org\/wp-content\/uploads\/2025\/10\/Rennes-5-Laure-Jouatel-LNA-film-2025.mp3\" type=\"audio\/mpeg\">\n                        Votre navigateur ne supporte pas l'audio HTML5.\n                    <\/audio>\n                    \n                    <div class=\"pmp-player-controls\">\n                        <button class=\"pmp-play-pause-btn\">\n                            <span class=\"pmp-play-icon\">\u25b6<\/span>\n                        <\/button>\n                        \n                        <div class=\"pmp-progress-container\">\n                            <span class=\"pmp-time-display\">00:00<\/span>\n                            <div class=\"pmp-progress-bar\">\n                                <div class=\"pmp-progress-fill\"><\/div>\n                            <\/div>\n                            <span class=\"pmp-duration-display\">13:21<\/span>\n                        <\/div>\n                        \n                        <div class=\"pmp-volume-container\">\n                            <span class=\"pmp-volume-icon\">\ud83d\udd0a<\/span>\n                            <div class=\"pmp-volume-bar\">\n                                <div class=\"pmp-volume-fill\"><\/div>\n                            <\/div>\n                        <\/div>\n                    <\/div>\n                <\/div>\n                            <\/div>\n                                    \n            <div class=\"pmp-card\">\n                <div class=\"pmp-content\">\n                    <div class=\"pmp-speakers-images\">\n                                                                                                                                                    <div class=\"pmp-speaker-image\">\n                                                                            <img loading=\"lazy\" decoding=\"async\" width=\"80\" height=\"80\" src=\"https:\/\/entretiensalzheimer.org\/wp-content\/uploads\/2025\/10\/globalcite-logo-80x80.jpg\" class=\"attachment-thumbnail size-thumbnail wp-post-image\" alt=\"\" srcset=\"https:\/\/entretiensalzheimer.org\/wp-content\/uploads\/2025\/10\/globalcite-logo-80x80.jpg 80w, https:\/\/entretiensalzheimer.org\/wp-content\/uploads\/2025\/10\/globalcite-logo-36x36.jpg 36w, https:\/\/entretiensalzheimer.org\/wp-content\/uploads\/2025\/10\/globalcite-logo-180x180.jpg 180w\" sizes=\"auto, (max-width: 80px) 100vw, 80px\" \/>                                                                    <\/div>\n                                                                                                            \n                                                <button class=\"pmp-play-button-mini\" data-audio-url=\"https:\/\/entretiensalzheimer.org\/wp-content\/uploads\/2025\/10\/Rennes-6-Globalcite-2025.mp3\" data-duration=\"12:54\">\n                            <span class=\"pmp-play-icon\">\u25b6<\/span>\n                        <\/button>\n                                            <\/div>\n                    \n                    <div class=\"pmp-info\">\n                        <h2 class=\"pmp-podcast-title\">Globalcit\u00e9, vers une soci\u00e9t\u00e9 plus inclusive et adapt\u00e9e aux d\u00e9fis pos\u00e9s par les maladies neuro-\u00e9volutives<\/h2>\n                        \n                                                                                                                                                    <div class=\"pmp-speaker-info\">\n                                    <h3>Fr\u00e9d\u00e9ric BREMOND<\/h3>\n                                                                        <div class=\"pmp-speaker-title\">Pr\u00e9sident de l&#039;association GlobalCit\u00e9<\/div>\n                                                                    <\/div>\n                                                                                                            \n                        <div class=\"pmp-description\">\n                                                    <\/div>\n                    <\/div>\n                <\/div>\n                \n                                <div class=\"pmp-audio-player\" data-duration=\"12:54\">\n                    <audio preload=\"metadata\">\n                        <source src=\"https:\/\/entretiensalzheimer.org\/wp-content\/uploads\/2025\/10\/Rennes-6-Globalcite-2025.mp3\" type=\"audio\/mpeg\">\n                        Votre navigateur ne supporte pas l'audio HTML5.\n                    <\/audio>\n                    \n                    <div class=\"pmp-player-controls\">\n                        <button class=\"pmp-play-pause-btn\">\n                            <span class=\"pmp-play-icon\">\u25b6<\/span>\n                        <\/button>\n                        \n                        <div class=\"pmp-progress-container\">\n                            <span class=\"pmp-time-display\">00:00<\/span>\n                            <div class=\"pmp-progress-bar\">\n                                <div class=\"pmp-progress-fill\"><\/div>\n                            <\/div>\n                            <span class=\"pmp-duration-display\">12:54<\/span>\n                        <\/div>\n                        \n                        <div class=\"pmp-volume-container\">\n                            <span class=\"pmp-volume-icon\">\ud83d\udd0a<\/span>\n                            <div class=\"pmp-volume-bar\">\n                                <div class=\"pmp-volume-fill\"><\/div>\n                            <\/div>\n                        <\/div>\n                    <\/div>\n                <\/div>\n                            <\/div>\n                    <\/div>\n        \n            <\/div>        <\/div>    <\/div><\/section>\n<section class=\"av_toggle_section\"  itemscope=\"itemscope\" itemtype=\"https:\/\/schema.org\/CreativeWork\"  >    <div role=\"tablist\" class=\"single_toggle\" data-tags=\"{Tout} \"  >        <p data-fake-id=\"#toggle-id-3\" class=\"toggler \"  itemprop=\"headline\"  style='background-color: #8f47ad; '  role=\"tab\" tabindex=\"0\" aria-controls=\"toggle-id-3-container\">Guide des aidants<span class=\"toggle_icon\" >        <span class=\"vert_icon\"><\/span><span class=\"hor_icon\"><\/span><\/span><\/p>        <div id=\"toggle-id-3-container\" class=\"toggle_wrap \"  >            <div class=\"toggle_content invers-color \"  itemprop=\"text\"  style='background-color: #8f47ad; ' ><p>T\u00e9l\u00e9chargez le Petit Guide des Aidants de la Fondation<\/p>\n<div  class='avia-button-wrap avia-button-center  avia-builder-el-11  el_after_av_button  avia-builder-el-last ' ><a href='https:\/\/uniscontrealzheimer.fr\/index.php\/le-petit-guide-des-aidants\/' class='avia-button   avia-icon_select-yes-left-icon avia-color-theme-color avia-size-medium avia-position-center ' target=\"_blank\" rel=\"noopener\"><span class='avia_button_icon avia_button_icon_left ' aria-hidden='true' data-av_icon='\ue84e' data-av_iconfont='entypo-fontello'><\/span><span class='avia_iconbox_title' >Guide des aidants<\/span><\/a><\/div>\n            <\/div>        <\/div>    <\/div><\/section>\n<\/div><\/p><\/div>\n","protected":false},"excerpt":{"rendered":"","protected":false},"author":4,"featured_media":0,"parent":0,"menu_order":0,"comment_status":"closed","ping_status":"closed","template":"","meta":{"footnotes":""},"class_list":["post-20292","page","type-page","status-publish","hentry"],"_links":{"self":[{"href":"https:\/\/entretiensalzheimer.org\/index.php\/wp-json\/wp\/v2\/pages\/20292","targetHints":{"allow":["GET"]}}],"collection":[{"href":"https:\/\/entretiensalzheimer.org\/index.php\/wp-json\/wp\/v2\/pages"}],"about":[{"href":"https:\/\/entretiensalzheimer.org\/index.php\/wp-json\/wp\/v2\/types\/page"}],"author":[{"embeddable":true,"href":"https:\/\/entretiensalzheimer.org\/index.php\/wp-json\/wp\/v2\/users\/4"}],"replies":[{"embeddable":true,"href":"https:\/\/entretiensalzheimer.org\/index.php\/wp-json\/wp\/v2\/comments?post=20292"}],"version-history":[{"count":27,"href":"https:\/\/entretiensalzheimer.org\/index.php\/wp-json\/wp\/v2\/pages\/20292\/revisions"}],"predecessor-version":[{"id":22011,"href":"https:\/\/entretiensalzheimer.org\/index.php\/wp-json\/wp\/v2\/pages\/20292\/revisions\/22011"}],"wp:attachment":[{"href":"https:\/\/entretiensalzheimer.org\/index.php\/wp-json\/wp\/v2\/media?parent=20292"}],"curies":[{"name":"wp","href":"https:\/\/api.w.org\/{rel}","templated":true}]}}