{"id":96,"date":"2020-04-08T16:30:07","date_gmt":"2020-04-08T14:30:07","guid":{"rendered":"https:\/\/entretiensalzheimer.org\/?page_id=96"},"modified":"2021-07-12T16:12:32","modified_gmt":"2021-07-12T14:12:32","slug":"f-a-q","status":"publish","type":"page","link":"https:\/\/entretiensalzheimer.org\/index.php\/f-a-q\/","title":{"rendered":"F.A.Q"},"content":{"rendered":"<div  style='padding-bottom:10px; ' class='av-special-heading av-special-heading-h1    avia-builder-el-0  el_before_av_toggle_container  avia-builder-el-first  '><h1 class='av-special-heading-tag '  itemprop=\"headline\"  >FOIRE AUX QUESTIONS<\/h1><div class='special-heading-border'><div class='special-heading-inner-border' ><\/div><\/div><\/div>\n<div  class=\"togglecontainer   toggle_close_all  avia-builder-el-1  el_after_av_heading  avia-builder-el-last \" >\n<section class=\"av_toggle_section\"  itemscope=\"itemscope\" itemtype=\"https:\/\/schema.org\/CreativeWork\"  >    <div role=\"tablist\" class=\"single_toggle\" data-tags=\"{Tout} \"  >        <p data-fake-id=\"#toggle-id-1\" class=\"toggler \"  itemprop=\"headline\"    role=\"tab\" tabindex=\"0\" aria-controls=\"toggle-id-1-container\">Qu\u2019est-ce que la maladie d\u2019Alzheimer ?<span class=\"toggle_icon\" >        <span class=\"vert_icon\"><\/span><span class=\"hor_icon\"><\/span><\/span><\/p>        <div id=\"toggle-id-1-container\" class=\"toggle_wrap \"  >            <div class=\"toggle_content invers-color \"  itemprop=\"text\"   ><p><span style=\"font-weight: 400;\">La maladie d\u2019Alzheimer est une pathologie complexe qui entra\u00eene un dysfonctionnement des connections entre neurones. Elle a pour cons\u00e9quence une alt\u00e9ration des facult\u00e9s cognitives telles que la m\u00e9moire, le langage, le raisonnement ou encore l\u2019attention. Mieux la comprendre, \u00e9tudier son \u00e9volution, identifier ses causes et ses facteurs de risques, sont autant d\u2019\u00e9l\u00e9ments indispensables \u00e0 la mise au point de traitements efficaces. Mais il existe aussi d\u2019autres maladies, dites \u00ab apparent\u00e9es \u00bb. <\/span><\/p>\n            <\/div>        <\/div>    <\/div><\/section>\n<section class=\"av_toggle_section\"  itemscope=\"itemscope\" itemtype=\"https:\/\/schema.org\/CreativeWork\"  >    <div role=\"tablist\" class=\"single_toggle\" data-tags=\"{Tout} \"  >        <p data-fake-id=\"#toggle-id-2\" class=\"toggler \"  itemprop=\"headline\"    role=\"tab\" tabindex=\"0\" aria-controls=\"toggle-id-2-container\">La maladie d\u2019Alzheimer est-elle h\u00e9r\u00e9ditaire ?<span class=\"toggle_icon\" >        <span class=\"vert_icon\"><\/span><span class=\"hor_icon\"><\/span><\/span><\/p>        <div id=\"toggle-id-2-container\" class=\"toggle_wrap \"  >            <div class=\"toggle_content invers-color \"  itemprop=\"text\"   ><p><span style=\"font-weight: 400;\">A l\u2019origine, la maladie d\u2019Alzheimer n\u2019est pas h\u00e9r\u00e9ditaire. Elle est la r\u00e9sultante de ph\u00e9nom\u00e8nes neurobiologiques anormaux (cascade amylo\u00efde et accumulation de prot\u00e9ines dans le cerveau). Toutefois, il existe de rares cas repr\u00e9sentant 1% des patients qui d\u00e9veloppent une forme d\u2019Alzheimer h\u00e9r\u00e9ditaire.\u00a0<\/span><\/p>\n<p><span style=\"font-weight: 400;\">La forme h\u00e9r\u00e9ditaire de la maladie se distingue par la pr\u00e9cocit\u00e9 de la survenue des l\u00e9sions et de l\u2019apparition des sympt\u00f4mes. Elle se d\u00e9clare g\u00e9n\u00e9ralement entre 50 et 65 ans et est de type autosomique dominante (se transmet de g\u00e9n\u00e9ration en g\u00e9n\u00e9ration). Les recherches dans le domaine ont permis de mettre en \u00e9vidence la responsabilit\u00e9 de la mutation de trois g\u00e8nes : PSEN1, PSEN2, APP. La symptomatologie est souvent marqu\u00e9e par des probl\u00e8mes de m\u00e9moire mais peuvent aussi concerner pr\u00e9cocement le langage, la production de gestes et les capacit\u00e9s d\u2019analyse visuo-perceptives et\/ou visuo-spatiales, contrairement aux formes sporadiques de la Maladie d\u2019Alzheimer dont ces troubles se manifestent plus tardivement.<\/span><\/p>\n<p><span style=\"font-weight: 400;\">Pour en savoir plus, vous pouvez consulter la page du Centre National de R\u00e9f\u00e9rence de la Maladie d\u2019Alzheimer Jeune au sujet des formes h\u00e9r\u00e9ditaires : <\/span><a href=\"http:\/\/www.alzheimer-genetique.fr\/patients\"><span style=\"font-weight: 400;\">http:\/\/www.alzheimer-genetique.fr\/patients<\/span><\/a><\/p>\n            <\/div>        <\/div>    <\/div><\/section>\n<section class=\"av_toggle_section\"  itemscope=\"itemscope\" itemtype=\"https:\/\/schema.org\/CreativeWork\"  >    <div role=\"tablist\" class=\"single_toggle\" data-tags=\"{Tout} \"  >        <p data-fake-id=\"#toggle-id-3\" class=\"toggler \"  itemprop=\"headline\"    role=\"tab\" tabindex=\"0\" aria-controls=\"toggle-id-3-container\">Pourquoi d\u00e9veloppe-t-on la maladie d\u2019Alzheimer ?<span class=\"toggle_icon\" >        <span class=\"vert_icon\"><\/span><span class=\"hor_icon\"><\/span><\/span><\/p>        <div id=\"toggle-id-3-container\" class=\"toggle_wrap \"  >            <div class=\"toggle_content invers-color \"  itemprop=\"text\"   ><p><span style=\"font-weight: 400;\">R\u00e9ponse du Dr Nicolas Villain<\/span> <span style=\"font-weight: 400;\">:<\/span><\/p>\n<p><iframe loading=\"lazy\" src=\"https:\/\/www.youtube.com\/embed\/J6-7neWL-AQ\" width=\"560\" height=\"315\" frameborder=\"0\" allowfullscreen=\"allowfullscreen\"><\/iframe><\/p>\n            <\/div>        <\/div>    <\/div><\/section>\n<section class=\"av_toggle_section\"  itemscope=\"itemscope\" itemtype=\"https:\/\/schema.org\/CreativeWork\"  >    <div role=\"tablist\" class=\"single_toggle\" data-tags=\"{Tout} \"  >        <p data-fake-id=\"#toggle-id-4\" class=\"toggler \"  itemprop=\"headline\"    role=\"tab\" tabindex=\"0\" aria-controls=\"toggle-id-4-container\">En quoi consistent les tests neuro-psychologiques ?<span class=\"toggle_icon\" >        <span class=\"vert_icon\"><\/span><span class=\"hor_icon\"><\/span><\/span><\/p>        <div id=\"toggle-id-4-container\" class=\"toggle_wrap \"  >            <div class=\"toggle_content invers-color \"  itemprop=\"text\"   ><p><span style=\"font-weight: 400;\">R\u00e9ponse de Jo\u00ebl Bonheur, neuropsychologue :<\/span><\/p>\n<p><iframe loading=\"lazy\" src=\"https:\/\/www.youtube.com\/embed\/XJOZDuP-QAw\" width=\"560\" height=\"315\" frameborder=\"0\" allowfullscreen=\"allowfullscreen\"><\/iframe><\/p>\n            <\/div>        <\/div>    <\/div><\/section>\n<section class=\"av_toggle_section\"  itemscope=\"itemscope\" itemtype=\"https:\/\/schema.org\/CreativeWork\"  >    <div role=\"tablist\" class=\"single_toggle\" data-tags=\"{Tout} \"  >        <p data-fake-id=\"#toggle-id-5\" class=\"toggler \"  itemprop=\"headline\"    role=\"tab\" tabindex=\"0\" aria-controls=\"toggle-id-5-container\">Faut-il faire un IRM pour diagnostiquer la maladie d\u2019Alzheimer ?<span class=\"toggle_icon\" >        <span class=\"vert_icon\"><\/span><span class=\"hor_icon\"><\/span><\/span><\/p>        <div id=\"toggle-id-5-container\" class=\"toggle_wrap \"  >            <div class=\"toggle_content invers-color \"  itemprop=\"text\"   ><p><span style=\"font-weight: 400;\">R\u00e9ponse de Jo\u00ebl Bonheur, neuropsychologue :<\/span><\/p>\n<p><iframe loading=\"lazy\" src=\"https:\/\/www.youtube.com\/embed\/QQAG6F_qTkI\" width=\"560\" height=\"315\" frameborder=\"0\" allowfullscreen=\"allowfullscreen\"><\/iframe><\/p>\n            <\/div>        <\/div>    <\/div><\/section>\n<section class=\"av_toggle_section\"  itemscope=\"itemscope\" itemtype=\"https:\/\/schema.org\/CreativeWork\"  >    <div role=\"tablist\" class=\"single_toggle\" data-tags=\"{Tout} \"  >        <p data-fake-id=\"#toggle-id-6\" class=\"toggler \"  itemprop=\"headline\"    role=\"tab\" tabindex=\"0\" aria-controls=\"toggle-id-6-container\">Quand passer les examens ?<span class=\"toggle_icon\" >        <span class=\"vert_icon\"><\/span><span class=\"hor_icon\"><\/span><\/span><\/p>        <div id=\"toggle-id-6-container\" class=\"toggle_wrap \"  >            <div class=\"toggle_content invers-color \"  itemprop=\"text\"   ><p><span style=\"font-weight: 400;\">En r\u00e9alit\u00e9, l\u2019\u00e2ge importe peu. Si vous constatez avoir des troubles de m\u00e9moire fr\u00e9quents et g\u00eanants dans le quotidien et que cela vous inqui\u00e8te, nous vous conseillons d\u00e8s \u00e0 pr\u00e9sent d\u2019en parler \u00e0 votre m\u00e9decin traitant afin qu\u2019il vous indique la marche \u00e0 suivre. Celui-ci pourra vous orienter vers un centre hospitalier pour une consultation m\u00e9moire ou bien aupr\u00e8s d\u2019une neuropsychologue exer\u00e7ant en lib\u00e9ral.\u00a0<\/span><\/p>\n<p><span style=\"font-weight: 400;\">Il est \u00e0 pr\u00e9ciser que la m\u00e9moire est fragile et vuln\u00e9rable. Ainsi, la fatigue, le stress, le manque de concentration et d\u2019attention, les troubles du sommeil (syndrome d\u2019apn\u00e9e du sommeil) ou bien des soucis personnels (d\u00e9pression, anxi\u00e9t\u00e9) peuvent engendrer des oublis dans le quotidien. Par ailleurs, des ant\u00e9c\u00e9dents de traumatismes cr\u00e2niens ou d\u2019accidents vasculaires c\u00e9r\u00e9braux peuvent \u00e9galement g\u00e9n\u00e9rer des probl\u00e8mes de m\u00e9moire sans qu\u2019ils soient le signe d\u2019une maladie neurod\u00e9g\u00e9n\u00e9rative de type Alzheimer.<\/span><\/p>\n<p><span style=\"font-weight: 400;\">Si vos doutes persistent, la prudence est pr\u00e9f\u00e9rable. N\u2019attendez pas, parlez-en \u00e0 votre m\u00e9decin.<\/span><\/p>\n            <\/div>        <\/div>    <\/div><\/section>\n<section class=\"av_toggle_section\"  itemscope=\"itemscope\" itemtype=\"https:\/\/schema.org\/CreativeWork\"  >    <div role=\"tablist\" class=\"single_toggle\" data-tags=\"{Tout} \"  >        <p data-fake-id=\"#toggle-id-7\" class=\"toggler \"  itemprop=\"headline\"    role=\"tab\" tabindex=\"0\" aria-controls=\"toggle-id-7-container\">Apr\u00e8s un diagnostic Alzheimer, quelle est l\u2019\u00e9volution de la maladie ?<span class=\"toggle_icon\" >        <span class=\"vert_icon\"><\/span><span class=\"hor_icon\"><\/span><\/span><\/p>        <div id=\"toggle-id-7-container\" class=\"toggle_wrap \"  >            <div class=\"toggle_content invers-color \"  itemprop=\"text\"   ><p><span style=\"font-weight: 400;\">R\u00e9ponse du Dr St\u00e9phane Epelbaum :<\/span><\/p>\n<p><iframe loading=\"lazy\" src=\"https:\/\/www.youtube.com\/embed\/vnYOshOGOOY\" width=\"560\" height=\"315\" frameborder=\"0\" allowfullscreen=\"allowfullscreen\"><\/iframe><\/p>\n            <\/div>        <\/div>    <\/div><\/section>\n<section class=\"av_toggle_section\"  itemscope=\"itemscope\" itemtype=\"https:\/\/schema.org\/CreativeWork\"  >    <div role=\"tablist\" class=\"single_toggle\" data-tags=\"{Tout} \"  >        <p data-fake-id=\"#toggle-id-8\" class=\"toggler \"  itemprop=\"headline\"    role=\"tab\" tabindex=\"0\" aria-controls=\"toggle-id-8-container\">Qu\u2018est-ce qu\u2019une Tauopathie ?<span class=\"toggle_icon\" >        <span class=\"vert_icon\"><\/span><span class=\"hor_icon\"><\/span><\/span><\/p>        <div id=\"toggle-id-8-container\" class=\"toggle_wrap \"  >            <div class=\"toggle_content invers-color \"  itemprop=\"text\"   ><p><span style=\"font-weight: 400;\">R\u00e9ponse de la chercheuse Florence Clavaguera :<\/span><\/p>\n<p><iframe loading=\"lazy\" src=\"https:\/\/www.youtube.com\/embed\/PIBJ5TiL6Pw\" width=\"560\" height=\"315\" frameborder=\"0\" allowfullscreen=\"allowfullscreen\"><\/iframe><\/p>\n            <\/div>        <\/div>    <\/div><\/section>\n<section class=\"av_toggle_section\"  itemscope=\"itemscope\" itemtype=\"https:\/\/schema.org\/CreativeWork\"  >    <div role=\"tablist\" class=\"single_toggle\" data-tags=\"{Tout} \"  >        <p data-fake-id=\"#toggle-id-9\" class=\"toggler \"  itemprop=\"headline\"    role=\"tab\" tabindex=\"0\" aria-controls=\"toggle-id-9-container\">La maladie d\u2019Alzheimer peut-elle survenir suite \u00e0 un choc traumatique ?<span class=\"toggle_icon\" >        <span class=\"vert_icon\"><\/span><span class=\"hor_icon\"><\/span><\/span><\/p>        <div id=\"toggle-id-9-container\" class=\"toggle_wrap \"  >            <div class=\"toggle_content invers-color \"  itemprop=\"text\"   ><p><span style=\"font-weight: 400;\">R\u00e9ponse du Dr Olivier de Ladoucette :<\/span><\/p>\n<p><iframe loading=\"lazy\" src=\"https:\/\/www.youtube.com\/embed\/SQf4qiYZ6K4\" width=\"560\" height=\"315\" frameborder=\"0\" allowfullscreen=\"allowfullscreen\"><\/iframe><\/p>\n            <\/div>        <\/div>    <\/div><\/section>\n<section class=\"av_toggle_section\"  itemscope=\"itemscope\" itemtype=\"https:\/\/schema.org\/CreativeWork\"  >    <div role=\"tablist\" class=\"single_toggle\" data-tags=\"{Tout} \"  >        <p data-fake-id=\"#toggle-id-10\" class=\"toggler \"  itemprop=\"headline\"    role=\"tab\" tabindex=\"0\" aria-controls=\"toggle-id-10-container\">Quelles sont les th\u00e9rapies non m\u00e9dicamenteuses qui peuvent aider un malade Alzheimer ?<span class=\"toggle_icon\" >        <span class=\"vert_icon\"><\/span><span class=\"hor_icon\"><\/span><\/span><\/p>        <div id=\"toggle-id-10-container\" class=\"toggle_wrap \"  >            <div class=\"toggle_content invers-color \"  itemprop=\"text\"   ><p><span style=\"font-weight: 400;\">R\u00e9ponse du Dr Olivier de Ladoucette :<\/span><\/p>\n<p><iframe loading=\"lazy\" src=\"https:\/\/www.youtube.com\/embed\/odMY5eRtwrE\" width=\"560\" height=\"315\" frameborder=\"0\" allowfullscreen=\"allowfullscreen\"><\/iframe><\/p>\n            <\/div>        <\/div>    <\/div><\/section>\n<section class=\"av_toggle_section\"  itemscope=\"itemscope\" itemtype=\"https:\/\/schema.org\/CreativeWork\"  >    <div role=\"tablist\" class=\"single_toggle\" data-tags=\"{Tout} \"  >        <p data-fake-id=\"#toggle-id-11\" class=\"toggler \"  itemprop=\"headline\"    role=\"tab\" tabindex=\"0\" aria-controls=\"toggle-id-11-container\">Quelles sont les m\u00e9thodes actuellement disponibles pour stimuler efficacement un patient Alzheimer ?<span class=\"toggle_icon\" >        <span class=\"vert_icon\"><\/span><span class=\"hor_icon\"><\/span><\/span><\/p>        <div id=\"toggle-id-11-container\" class=\"toggle_wrap \"  >            <div class=\"toggle_content invers-color \"  itemprop=\"text\"   ><p><span style=\"font-weight: 400;\">R\u00e9ponse du Dr St\u00e9phane Epelbaum :<\/span><\/p>\n<p><iframe loading=\"lazy\" src=\"https:\/\/www.youtube.com\/embed\/tQn3Usc90Kg\" width=\"560\" height=\"315\" frameborder=\"0\" allowfullscreen=\"allowfullscreen\"><\/iframe><\/p>\n            <\/div>        <\/div>    <\/div><\/section>\n<section class=\"av_toggle_section\"  itemscope=\"itemscope\" itemtype=\"https:\/\/schema.org\/CreativeWork\"  >    <div role=\"tablist\" class=\"single_toggle\" data-tags=\"{Tout} \"  >        <p data-fake-id=\"#toggle-id-12\" class=\"toggler \"  itemprop=\"headline\"    role=\"tab\" tabindex=\"0\" aria-controls=\"toggle-id-12-container\">Comment r\u00e9agir quand la personne se rend compte qu\u2019elle perd la m\u00e9moire ?<span class=\"toggle_icon\" >        <span class=\"vert_icon\"><\/span><span class=\"hor_icon\"><\/span><\/span><\/p>        <div id=\"toggle-id-12-container\" class=\"toggle_wrap \"  >            <div class=\"toggle_content invers-color \"  itemprop=\"text\"   ><p><span style=\"font-weight: 400;\">R\u00e9ponse du Dr Olivier de Ladoucette :<\/span><\/p>\n<p><iframe loading=\"lazy\" src=\"https:\/\/www.youtube.com\/embed\/ZsV03elq4N8\" width=\"560\" height=\"315\" frameborder=\"0\" allowfullscreen=\"allowfullscreen\"><\/iframe><\/p>\n            <\/div>        <\/div>    <\/div><\/section>\n<section class=\"av_toggle_section\"  itemscope=\"itemscope\" itemtype=\"https:\/\/schema.org\/CreativeWork\"  >    <div role=\"tablist\" class=\"single_toggle\" data-tags=\"{Tout} \"  >        <p data-fake-id=\"#toggle-id-13\" class=\"toggler \"  itemprop=\"headline\"    role=\"tab\" tabindex=\"0\" aria-controls=\"toggle-id-13-container\">Comment agir devant une connaissance qui a la maladie d\u2019Alzheimer et ne vous reconna\u00eet plus ?<span class=\"toggle_icon\" >        <span class=\"vert_icon\"><\/span><span class=\"hor_icon\"><\/span><\/span><\/p>        <div id=\"toggle-id-13-container\" class=\"toggle_wrap \"  >            <div class=\"toggle_content invers-color \"  itemprop=\"text\"   ><p><span style=\"font-weight: 400;\">R\u00e9ponse du Dr Olivier de Ladoucette :<\/span><\/p>\n<p><iframe loading=\"lazy\" src=\"https:\/\/www.youtube.com\/embed\/mZL9GhgraPc\" width=\"560\" height=\"315\" frameborder=\"0\" allowfullscreen=\"allowfullscreen\"><\/iframe><\/p>\n            <\/div>        <\/div>    <\/div><\/section>\n<section class=\"av_toggle_section\"  itemscope=\"itemscope\" itemtype=\"https:\/\/schema.org\/CreativeWork\"  >    <div role=\"tablist\" class=\"single_toggle\" data-tags=\"{Tout} \"  >        <p data-fake-id=\"#toggle-id-14\" class=\"toggler \"  itemprop=\"headline\"    role=\"tab\" tabindex=\"0\" aria-controls=\"toggle-id-14-container\">Faut-il dire \u00e0 notre proche qu\u2018il est atteint de la maladie d\u2019Alzheimer ?<span class=\"toggle_icon\" >        <span class=\"vert_icon\"><\/span><span class=\"hor_icon\"><\/span><\/span><\/p>        <div id=\"toggle-id-14-container\" class=\"toggle_wrap \"  >            <div class=\"toggle_content invers-color \"  itemprop=\"text\"   ><p><span style=\"font-weight: 400;\">R\u00e9ponse du Dr Olivier de Ladoucette :<\/span><\/p>\n<p><iframe loading=\"lazy\" src=\"https:\/\/www.youtube.com\/embed\/Gx-97nVn0qw\" width=\"560\" height=\"315\" frameborder=\"0\" allowfullscreen=\"allowfullscreen\"><\/iframe><\/p>\n            <\/div>        <\/div>    <\/div><\/section>\n<section class=\"av_toggle_section\"  itemscope=\"itemscope\" itemtype=\"https:\/\/schema.org\/CreativeWork\"  >    <div role=\"tablist\" class=\"single_toggle\" data-tags=\"{Tout} \"  >        <p data-fake-id=\"#toggle-id-15\" class=\"toggler \"  itemprop=\"headline\"    role=\"tab\" tabindex=\"0\" aria-controls=\"toggle-id-15-container\">Que faire face au d\u00e9ni du conjoint ?<span class=\"toggle_icon\" >        <span class=\"vert_icon\"><\/span><span class=\"hor_icon\"><\/span><\/span><\/p>        <div id=\"toggle-id-15-container\" class=\"toggle_wrap \"  >            <div class=\"toggle_content invers-color \"  itemprop=\"text\"   ><p><span style=\"font-weight: 400;\">R\u00e9ponse du Dr Olivier de Ladoucette :<\/span><\/p>\n<p><iframe loading=\"lazy\" src=\"https:\/\/www.youtube.com\/embed\/FomxuqkdPeI\" width=\"560\" height=\"315\" frameborder=\"0\" allowfullscreen=\"allowfullscreen\"><\/iframe><\/p>\n            <\/div>        <\/div>    <\/div><\/section>\n<section class=\"av_toggle_section\"  itemscope=\"itemscope\" itemtype=\"https:\/\/schema.org\/CreativeWork\"  >    <div role=\"tablist\" class=\"single_toggle\" data-tags=\"{Tout} \"  >        <p data-fake-id=\"#toggle-id-16\" class=\"toggler \"  itemprop=\"headline\"    role=\"tab\" tabindex=\"0\" aria-controls=\"toggle-id-16-container\">Quels conseils pour une pr\u00e9vention de cette maladie ?<span class=\"toggle_icon\" >        <span class=\"vert_icon\"><\/span><span class=\"hor_icon\"><\/span><\/span><\/p>        <div id=\"toggle-id-16-container\" class=\"toggle_wrap \"  >            <div class=\"toggle_content invers-color \"  itemprop=\"text\"   ><p><span style=\"font-weight: 400;\">Selon plusieurs \u00e9tudes, l\u2019apparition des sympt\u00f4mes de la maladie d\u2019Alzheimer pourrait \u00eatre retard\u00e9e dans 30% des cas gr\u00e2ce \u00e0 une pr\u00e9vention de certains facteurs de risques. Pour en savoir plus : <\/span><a href=\"https:\/\/alzheimerprevention.info\/\"><span style=\"font-weight: 400;\">https:\/\/alzheimerprevention.info\/<\/span><\/a><\/p>\n            <\/div>        <\/div>    <\/div><\/section>\n<section class=\"av_toggle_section\"  itemscope=\"itemscope\" itemtype=\"https:\/\/schema.org\/CreativeWork\"  >    <div role=\"tablist\" class=\"single_toggle\" data-tags=\"{Tout} \"  >        <p data-fake-id=\"#toggle-id-17\" class=\"toggler \"  itemprop=\"headline\"    role=\"tab\" tabindex=\"0\" aria-controls=\"toggle-id-17-container\">Quel est l\u2018int\u00e9r\u00eat de l\u2019activit\u00e9 physique en pr\u00e9vention du d\u00e9clin cognitif ?<span class=\"toggle_icon\" >        <span class=\"vert_icon\"><\/span><span class=\"hor_icon\"><\/span><\/span><\/p>        <div id=\"toggle-id-17-container\" class=\"toggle_wrap \"  >            <div class=\"toggle_content invers-color \"  itemprop=\"text\"   ><p><span style=\"font-weight: 400;\">R\u00e9ponse du Dr Olivier de Ladoucette :<\/span><\/p>\n<p><iframe loading=\"lazy\" src=\"https:\/\/www.youtube.com\/embed\/0LqHjsjZFj4\" width=\"560\" height=\"315\" frameborder=\"0\" allowfullscreen=\"allowfullscreen\"><\/iframe><\/p>\n            <\/div>        <\/div>    <\/div><\/section>\n<section class=\"av_toggle_section\"  itemscope=\"itemscope\" itemtype=\"https:\/\/schema.org\/CreativeWork\"  >    <div role=\"tablist\" class=\"single_toggle\" data-tags=\"{Tout} \"  >        <p data-fake-id=\"#toggle-id-18\" class=\"toggler \"  itemprop=\"headline\"    role=\"tab\" tabindex=\"0\" aria-controls=\"toggle-id-18-container\">Quel est le r\u00f4le de l\u2018alimentation dans la pr\u00e9vention de la maladie d\u2019Alzheimer ?<span class=\"toggle_icon\" >        <span class=\"vert_icon\"><\/span><span class=\"hor_icon\"><\/span><\/span><\/p>        <div id=\"toggle-id-18-container\" class=\"toggle_wrap \"  >            <div class=\"toggle_content invers-color \"  itemprop=\"text\"   ><p><span style=\"font-weight: 400;\">R\u00e9ponse du Dr Olivier de Ladoucette :<\/span><\/p>\n<p><iframe loading=\"lazy\" src=\"https:\/\/www.youtube.com\/embed\/RQzcQWbjU2E\" width=\"560\" height=\"315\" frameborder=\"0\" allowfullscreen=\"allowfullscreen\"><\/iframe><\/p>\n            <\/div>        <\/div>    <\/div><\/section>\n<\/div>\n","protected":false},"excerpt":{"rendered":"","protected":false},"author":1,"featured_media":0,"parent":0,"menu_order":0,"comment_status":"closed","ping_status":"closed","template":"","meta":{"footnotes":""},"class_list":["post-96","page","type-page","status-publish","hentry"],"_links":{"self":[{"href":"https:\/\/entretiensalzheimer.org\/index.php\/wp-json\/wp\/v2\/pages\/96","targetHints":{"allow":["GET"]}}],"collection":[{"href":"https:\/\/entretiensalzheimer.org\/index.php\/wp-json\/wp\/v2\/pages"}],"about":[{"href":"https:\/\/entretiensalzheimer.org\/index.php\/wp-json\/wp\/v2\/types\/page"}],"author":[{"embeddable":true,"href":"https:\/\/entretiensalzheimer.org\/index.php\/wp-json\/wp\/v2\/users\/1"}],"replies":[{"embeddable":true,"href":"https:\/\/entretiensalzheimer.org\/index.php\/wp-json\/wp\/v2\/comments?post=96"}],"version-history":[{"count":7,"href":"https:\/\/entretiensalzheimer.org\/index.php\/wp-json\/wp\/v2\/pages\/96\/revisions"}],"predecessor-version":[{"id":6788,"href":"https:\/\/entretiensalzheimer.org\/index.php\/wp-json\/wp\/v2\/pages\/96\/revisions\/6788"}],"wp:attachment":[{"href":"https:\/\/entretiensalzheimer.org\/index.php\/wp-json\/wp\/v2\/media?parent=96"}],"curies":[{"name":"wp","href":"https:\/\/api.w.org\/{rel}","templated":true}]}}