{"id":9835,"date":"2021-12-23T14:29:34","date_gmt":"2021-12-23T13:29:34","guid":{"rendered":"https:\/\/entretiensalzheimer.org\/?page_id=9835"},"modified":"2026-01-07T12:10:09","modified_gmt":"2026-01-07T11:10:09","slug":"nice","status":"publish","type":"page","link":"https:\/\/entretiensalzheimer.org\/index.php\/nice\/","title":{"rendered":"NICE"},"content":{"rendered":"<div id='av_section_1'  class='avia-section main_color avia-section-huge avia-no-border-styling  avia-full-stretch av-section-color-overlay-active avia-bg-style-scroll  avia-builder-el-0  el_before_av_hr  avia-builder-el-first   container_wrap fullsize' style='background-repeat: no-repeat; background-image: url(https:\/\/entretiensalzheimer.org\/wp-content\/uploads\/2025\/09\/bg-header.jpg);background-attachment: scroll; background-position: top left;  '  data-section-bg-repeat='stretch'><div class='av-section-color-overlay-wrap'><div class='av-section-color-overlay' style='opacity: 0.8; background-color: #8232a7; '><\/div><div class='container' ><main  role=\"main\" itemprop=\"mainContentOfPage\"  class='template-page content  av-content-full alpha units'><div class='post-entry post-entry-type-page post-entry-9835'><div class='entry-content-wrapper clearfix'>\n<div class=\"flex_column av_one_full  flex_column_div av-zero-column-padding first  avia-builder-el-1  avia-builder-el-no-sibling  \" style='margin-top:0px; margin-bottom:-30px; border-radius:0px; '><section class=\"av_textblock_section \"  itemscope=\"itemscope\" itemtype=\"https:\/\/schema.org\/CreativeWork\" ><div class='avia_textblock  av_inherit_color '  style='font-size:30px; color:#ffffff; '  itemprop=\"text\" ><p style=\"text-align: center;\">Entretiens Alzheimer<\/p>\n<div  style='height:60px' class='hr hr-invisible   avia-builder-el-3  el_before_av_hr  avia-builder-el-first '><span class='hr-inner ' ><span class='hr-inner-style'><\/span><\/span><\/div>\n<h1 style=\"text-align: center;\"><strong>NICE<\/strong><\/h1>\n<div  style='height:1px; margin-top:-40px'  class='hr hr-invisible   avia-builder-el-4  el_after_av_hr  el_before_av_hr '><span class='hr-inner ' ><span class='hr-inner-style'><\/span><\/span><\/div>\n<p style=\"text-align: center;\">5<sup>\u00e8me<\/sup> \u00e9dition<\/p>\n<div  style='height:40px' class='hr hr-invisible   avia-builder-el-5  el_after_av_hr  avia-builder-el-last '><span class='hr-inner ' ><span class='hr-inner-style'><\/span><\/span><\/div>\n<p style=\"text-align: center;\">Jeudi 8 octobre 2026 &#8211; H\u00f4tel Aston La Scala<\/p>\n<p style=\"text-align: center;\">Ouverture des inscriptions mi-juin !<\/p>\n<\/div><\/section><\/div>\n<\/div><\/div><\/main><!-- close content main element --><\/div><\/div><\/div><div id='after_section_1'  class='main_color av_default_container_wrap container_wrap fullsize' style=' '  ><div class='container' ><div class='template-page content  av-content-full alpha units'><div class='post-entry post-entry-type-page post-entry-9835'><div class='entry-content-wrapper clearfix'>\n<div  style=' margin-top:30px; margin-bottom:30px;'  class='hr hr-custom hr-center hr-icon-no   avia-builder-el-6  el_after_av_section  el_before_av_one_full  avia-builder-el-first '><span class='hr-inner   inner-border-av-border-thin' style=' width:500px; border-color:#a8a8e4;' ><span class='hr-inner-style'><\/span><\/span><\/div>\n<div class=\"flex_column av_one_full  flex_column_div av-zero-column-padding first  avia-builder-el-7  el_after_av_hr  avia-builder-el-last  \" style='border-radius:0px; '><section class=\"av_textblock_section \"  itemscope=\"itemscope\" itemtype=\"https:\/\/schema.org\/CreativeWork\" ><div class='avia_textblock  '   itemprop=\"text\" ><h1 style=\"text-align: center;\">ARCHIVES<\/h1>\n<\/div><\/section><br \/>\n<div  class=\"togglecontainer  av-elegant-toggle toggle_close_all  avia-builder-el-9  el_after_av_textblock  avia-builder-el-last \" >\n<section class=\"av_toggle_section\"  itemscope=\"itemscope\" itemtype=\"https:\/\/schema.org\/CreativeWork\"  >    <div role=\"tablist\" class=\"single_toggle\" data-tags=\"{Tout} \"  >        <p data-fake-id=\"#toggle-id-1\" class=\"toggler \"  itemprop=\"headline\"  style='background-color: #8f47ad; '  role=\"tab\" tabindex=\"0\" aria-controls=\"toggle-id-1-container\">Programme<span class=\"toggle_icon\" >        <span class=\"vert_icon\"><\/span><span class=\"hor_icon\"><\/span><\/span><\/p>        <div id=\"toggle-id-1-container\" class=\"toggle_wrap \"  >            <div class=\"toggle_content invers-color \"  itemprop=\"text\"  style='background-color: #8f47ad; ' ><p>D\u00e9couvrez le programme de 2025 :<\/p>\n<div  class='avia-button-wrap avia-button-center  avia-builder-el-10  el_before_av_button  avia-builder-el-first ' ><a href='https:\/\/entretiensalzheimer.org\/wp-content\/uploads\/2025\/10\/programme-entretiens-Nice-2025.pdf'  class='avia-button   avia-icon_select-yes-left-icon avia-color-theme-color avia-size-medium avia-position-center '  target=\"_blank\"   ><span class='avia_button_icon avia_button_icon_left ' aria-hidden='true' data-av_icon='\ue84e' data-av_iconfont='entypo-fontello'><\/span><span class='avia_iconbox_title' >Programme 2025<\/span><\/a><\/div>\n            <\/div>        <\/div>    <\/div><\/section>\n<section class=\"av_toggle_section\"  itemscope=\"itemscope\" itemtype=\"https:\/\/schema.org\/CreativeWork\"  >    <div role=\"tablist\" class=\"single_toggle\" data-tags=\"{Tout} \"  >        <p data-fake-id=\"#toggle-id-2\" class=\"toggler \"  itemprop=\"headline\"  style='background-color: #8f47ad; '  role=\"tab\" tabindex=\"0\" aria-controls=\"toggle-id-2-container\">Podcasts 2025<span class=\"toggle_icon\" >        <span class=\"vert_icon\"><\/span><span class=\"hor_icon\"><\/span><\/span><\/p>        <div id=\"toggle-id-2-container\" class=\"toggle_wrap \"  >            <div class=\"toggle_content invers-color \"  itemprop=\"text\"  style='background-color: #8f47ad; ' >        <div class=\"pmp-container\">\n            <div class=\"pmp-header\">\n                <h1>Nice 2025<\/h1>\n                <p>7 podcasts disponibles<\/p>\n            <\/div>\n            \n                                    \n            <div class=\"pmp-card\">\n                <div class=\"pmp-content\">\n                    <div class=\"pmp-speakers-images\">\n                                                                                                                                                    <div class=\"pmp-speaker-image\">\n                                                                            <img loading=\"lazy\" decoding=\"async\" width=\"80\" height=\"80\" src=\"https:\/\/entretiensalzheimer.org\/wp-content\/uploads\/2023\/11\/LogoVdN-1-80x80.jpg\" class=\"attachment-thumbnail size-thumbnail wp-post-image\" alt=\"\" srcset=\"https:\/\/entretiensalzheimer.org\/wp-content\/uploads\/2023\/11\/LogoVdN-1-80x80.jpg 80w, https:\/\/entretiensalzheimer.org\/wp-content\/uploads\/2023\/11\/LogoVdN-1-300x300.jpg 300w, https:\/\/entretiensalzheimer.org\/wp-content\/uploads\/2023\/11\/LogoVdN-1-768x768.jpg 768w, https:\/\/entretiensalzheimer.org\/wp-content\/uploads\/2023\/11\/LogoVdN-1-36x36.jpg 36w, https:\/\/entretiensalzheimer.org\/wp-content\/uploads\/2023\/11\/LogoVdN-1-180x180.jpg 180w, https:\/\/entretiensalzheimer.org\/wp-content\/uploads\/2023\/11\/LogoVdN-1-705x705.jpg 705w, https:\/\/entretiensalzheimer.org\/wp-content\/uploads\/2023\/11\/LogoVdN-1.jpg 787w\" sizes=\"auto, (max-width: 80px) 100vw, 80px\" \/>                                                                    <\/div>\n                                                                                                            \n                                                <button class=\"pmp-play-button-mini\" data-audio-url=\"https:\/\/entretiensalzheimer.org\/wp-content\/uploads\/2025\/10\/Nice-1-intro-Mme-Prot-2025.mp3\" data-duration=\"05:05\">\n                            <span class=\"pmp-play-icon\">\u25b6<\/span>\n                        <\/button>\n                                            <\/div>\n                    \n                    <div class=\"pmp-info\">\n                        <h2 class=\"pmp-podcast-title\">Introduction<\/h2>\n                        \n                                                                                                                                                    <div class=\"pmp-speaker-info\">\n                                    <h3>Madame Barbara PROT<\/h3>\n                                                                        <div class=\"pmp-speaker-title\">Conseill\u00e8re Municipale de Nice<\/div>\n                                                                    <\/div>\n                                                                                                            \n                        <div class=\"pmp-description\">\n                                                    <\/div>\n                    <\/div>\n                <\/div>\n                \n                                <div class=\"pmp-audio-player\" data-duration=\"05:05\">\n                    <audio preload=\"metadata\">\n                        <source src=\"https:\/\/entretiensalzheimer.org\/wp-content\/uploads\/2025\/10\/Nice-1-intro-Mme-Prot-2025.mp3\" type=\"audio\/mpeg\">\n                        Votre navigateur ne supporte pas l'audio HTML5.\n                    <\/audio>\n                    \n                    <div class=\"pmp-player-controls\">\n                        <button class=\"pmp-play-pause-btn\">\n                            <span class=\"pmp-play-icon\">\u25b6<\/span>\n                        <\/button>\n                        \n                        <div class=\"pmp-progress-container\">\n                            <span class=\"pmp-time-display\">00:00<\/span>\n                            <div class=\"pmp-progress-bar\">\n                                <div class=\"pmp-progress-fill\"><\/div>\n                            <\/div>\n                            <span class=\"pmp-duration-display\">05:05<\/span>\n                        <\/div>\n                        \n                        <div class=\"pmp-volume-container\">\n                            <span class=\"pmp-volume-icon\">\ud83d\udd0a<\/span>\n                            <div class=\"pmp-volume-bar\">\n                                <div class=\"pmp-volume-fill\"><\/div>\n                            <\/div>\n                        <\/div>\n                    <\/div>\n                <\/div>\n                            <\/div>\n                                    \n            <div class=\"pmp-card\">\n                <div class=\"pmp-content\">\n                    <div class=\"pmp-speakers-images\">\n                                                                                                                                                    <div class=\"pmp-speaker-image\">\n                                                                            <img loading=\"lazy\" decoding=\"async\" width=\"80\" height=\"80\" src=\"https:\/\/entretiensalzheimer.org\/wp-content\/uploads\/2023\/04\/Pr-Bruno-Dubois-80x80.jpg\" class=\"attachment-thumbnail size-thumbnail wp-post-image\" alt=\"\" srcset=\"https:\/\/entretiensalzheimer.org\/wp-content\/uploads\/2023\/04\/Pr-Bruno-Dubois-80x80.jpg 80w, https:\/\/entretiensalzheimer.org\/wp-content\/uploads\/2023\/04\/Pr-Bruno-Dubois-36x36.jpg 36w, https:\/\/entretiensalzheimer.org\/wp-content\/uploads\/2023\/04\/Pr-Bruno-Dubois-180x180.jpg 180w\" sizes=\"auto, (max-width: 80px) 100vw, 80px\" \/>                                                                    <\/div>\n                                                                                                            \n                                                <button class=\"pmp-play-button-mini\" data-audio-url=\"https:\/\/entretiensalzheimer.org\/wp-content\/uploads\/2025\/10\/Nice-2-actualite-BD-2025.mp3\" data-duration=\"45:32\">\n                            <span class=\"pmp-play-icon\">\u25b6<\/span>\n                        <\/button>\n                                            <\/div>\n                    \n                    <div class=\"pmp-info\">\n                        <h2 class=\"pmp-podcast-title\">Actualit\u00e9 de la recherche<\/h2>\n                        \n                                                                                                                                                    <div class=\"pmp-speaker-info\">\n                                    <h3>Pr Bruno DUBOIS<\/h3>\n                                                                        <div class=\"pmp-speaker-title\">Neurologue, membre de l&#039;Acad\u00e9mie de m\u00e9decine et directeur scientifique\u00a0de la Fondation Recherche Alzheimer<\/div>\n                                                                    <\/div>\n                                                                                                            \n                        <div class=\"pmp-description\">\n                                                    <\/div>\n                    <\/div>\n                <\/div>\n                \n                                <div class=\"pmp-audio-player\" data-duration=\"45:32\">\n                    <audio preload=\"metadata\">\n                        <source src=\"https:\/\/entretiensalzheimer.org\/wp-content\/uploads\/2025\/10\/Nice-2-actualite-BD-2025.mp3\" type=\"audio\/mpeg\">\n                        Votre navigateur ne supporte pas l'audio HTML5.\n                    <\/audio>\n                    \n                    <div class=\"pmp-player-controls\">\n                        <button class=\"pmp-play-pause-btn\">\n                            <span class=\"pmp-play-icon\">\u25b6<\/span>\n                        <\/button>\n                        \n                        <div class=\"pmp-progress-container\">\n                            <span class=\"pmp-time-display\">00:00<\/span>\n                            <div class=\"pmp-progress-bar\">\n                                <div class=\"pmp-progress-fill\"><\/div>\n                            <\/div>\n                            <span class=\"pmp-duration-display\">45:32<\/span>\n                        <\/div>\n                        \n                        <div class=\"pmp-volume-container\">\n                            <span class=\"pmp-volume-icon\">\ud83d\udd0a<\/span>\n                            <div class=\"pmp-volume-bar\">\n                                <div class=\"pmp-volume-fill\"><\/div>\n                            <\/div>\n                        <\/div>\n                    <\/div>\n                <\/div>\n                            <\/div>\n                                    \n            <div class=\"pmp-card\">\n                <div class=\"pmp-content\">\n                    <div class=\"pmp-speakers-images\">\n                                                                                                                                                    <div class=\"pmp-speaker-image\">\n                                                                            <img loading=\"lazy\" decoding=\"async\" width=\"80\" height=\"80\" src=\"https:\/\/entretiensalzheimer.org\/wp-content\/uploads\/2025\/10\/guillaume-sacco-vf-80x80.jpg\" class=\"attachment-thumbnail size-thumbnail wp-post-image\" alt=\"\" srcset=\"https:\/\/entretiensalzheimer.org\/wp-content\/uploads\/2025\/10\/guillaume-sacco-vf-80x80.jpg 80w, https:\/\/entretiensalzheimer.org\/wp-content\/uploads\/2025\/10\/guillaume-sacco-vf-300x300.jpg 300w, https:\/\/entretiensalzheimer.org\/wp-content\/uploads\/2025\/10\/guillaume-sacco-vf-36x36.jpg 36w, https:\/\/entretiensalzheimer.org\/wp-content\/uploads\/2025\/10\/guillaume-sacco-vf-180x180.jpg 180w, https:\/\/entretiensalzheimer.org\/wp-content\/uploads\/2025\/10\/guillaume-sacco-vf.jpg 400w\" sizes=\"auto, (max-width: 80px) 100vw, 80px\" \/>                                                                    <\/div>\n                                                                                                            \n                                                <button class=\"pmp-play-button-mini\" data-audio-url=\"https:\/\/entretiensalzheimer.org\/wp-content\/uploads\/2025\/10\/Nice-3-prediction-Pr-Sacco-2025.mp3\" data-duration=\"28:19\">\n                            <span class=\"pmp-play-icon\">\u25b6<\/span>\n                        <\/button>\n                                            <\/div>\n                    \n                    <div class=\"pmp-info\">\n                        <h2 class=\"pmp-podcast-title\">Peut-on pr\u00e9dire la maladie d&#039;Alzheimer ?<\/h2>\n                        \n                                                                                                                                                    <div class=\"pmp-speaker-info\">\n                                    <h3>Pr Guillaume SACCO<\/h3>\n                                                                        <div class=\"pmp-speaker-title\">Chef de service clinique g\u00e9riatrique du cerveau et du mouvement, au CHU de Nice, Centre M\u00e9moire de Ressources et de Recherche, Equipe AlzPark, Universit\u00e9 C\u00f4te d\u2019Azur, Institut Claude Pompidou<\/div>\n                                                                    <\/div>\n                                                                                                            \n                        <div class=\"pmp-description\">\n                                                    <\/div>\n                    <\/div>\n                <\/div>\n                \n                                <div class=\"pmp-audio-player\" data-duration=\"28:19\">\n                    <audio preload=\"metadata\">\n                        <source src=\"https:\/\/entretiensalzheimer.org\/wp-content\/uploads\/2025\/10\/Nice-3-prediction-Pr-Sacco-2025.mp3\" type=\"audio\/mpeg\">\n                        Votre navigateur ne supporte pas l'audio HTML5.\n                    <\/audio>\n                    \n                    <div class=\"pmp-player-controls\">\n                        <button class=\"pmp-play-pause-btn\">\n                            <span class=\"pmp-play-icon\">\u25b6<\/span>\n                        <\/button>\n                        \n                        <div class=\"pmp-progress-container\">\n                            <span class=\"pmp-time-display\">00:00<\/span>\n                            <div class=\"pmp-progress-bar\">\n                                <div class=\"pmp-progress-fill\"><\/div>\n                            <\/div>\n                            <span class=\"pmp-duration-display\">28:19<\/span>\n                        <\/div>\n                        \n                        <div class=\"pmp-volume-container\">\n                            <span class=\"pmp-volume-icon\">\ud83d\udd0a<\/span>\n                            <div class=\"pmp-volume-bar\">\n                                <div class=\"pmp-volume-fill\"><\/div>\n                            <\/div>\n                        <\/div>\n                    <\/div>\n                <\/div>\n                            <\/div>\n                                    \n            <div class=\"pmp-card\">\n                <div class=\"pmp-content\">\n                    <div class=\"pmp-speakers-images\">\n                                                                                                                                                    <div class=\"pmp-speaker-image\">\n                                                                            <img loading=\"lazy\" decoding=\"async\" width=\"80\" height=\"80\" src=\"https:\/\/entretiensalzheimer.org\/wp-content\/uploads\/2025\/10\/guillaume-sacco-vf-80x80.jpg\" class=\"attachment-thumbnail size-thumbnail wp-post-image\" alt=\"\" srcset=\"https:\/\/entretiensalzheimer.org\/wp-content\/uploads\/2025\/10\/guillaume-sacco-vf-80x80.jpg 80w, https:\/\/entretiensalzheimer.org\/wp-content\/uploads\/2025\/10\/guillaume-sacco-vf-300x300.jpg 300w, https:\/\/entretiensalzheimer.org\/wp-content\/uploads\/2025\/10\/guillaume-sacco-vf-36x36.jpg 36w, https:\/\/entretiensalzheimer.org\/wp-content\/uploads\/2025\/10\/guillaume-sacco-vf-180x180.jpg 180w, https:\/\/entretiensalzheimer.org\/wp-content\/uploads\/2025\/10\/guillaume-sacco-vf.jpg 400w\" sizes=\"auto, (max-width: 80px) 100vw, 80px\" \/>                                                                    <\/div>\n                                                                                                            \n                                                <button class=\"pmp-play-button-mini\" data-audio-url=\"https:\/\/entretiensalzheimer.org\/wp-content\/uploads\/2025\/10\/Nice-4-prevention-Pr-Sacco-2025.mp3\" data-duration=\"38:38\">\n                            <span class=\"pmp-play-icon\">\u25b6<\/span>\n                        <\/button>\n                                            <\/div>\n                    \n                    <div class=\"pmp-info\">\n                        <h2 class=\"pmp-podcast-title\">Comment pr\u00e9venir la maladie d&#039;Alzheimer<\/h2>\n                        \n                                                                                                                                                    <div class=\"pmp-speaker-info\">\n                                    <h3>Pr Guillaume SACCO<\/h3>\n                                                                        <div class=\"pmp-speaker-title\">Chef de service clinique g\u00e9riatrique du cerveau et du mouvement, au CHU de Nice, Centre M\u00e9moire de Ressources et de Recherche, Equipe AlzPark, Universit\u00e9 C\u00f4te d\u2019Azur, Institut Claude Pompidou<\/div>\n                                                                    <\/div>\n                                                                                                            \n                        <div class=\"pmp-description\">\n                                                    <\/div>\n                    <\/div>\n                <\/div>\n                \n                                <div class=\"pmp-audio-player\" data-duration=\"38:38\">\n                    <audio preload=\"metadata\">\n                        <source src=\"https:\/\/entretiensalzheimer.org\/wp-content\/uploads\/2025\/10\/Nice-4-prevention-Pr-Sacco-2025.mp3\" type=\"audio\/mpeg\">\n                        Votre navigateur ne supporte pas l'audio HTML5.\n                    <\/audio>\n                    \n                    <div class=\"pmp-player-controls\">\n                        <button class=\"pmp-play-pause-btn\">\n                            <span class=\"pmp-play-icon\">\u25b6<\/span>\n                        <\/button>\n                        \n                        <div class=\"pmp-progress-container\">\n                            <span class=\"pmp-time-display\">00:00<\/span>\n                            <div class=\"pmp-progress-bar\">\n                                <div class=\"pmp-progress-fill\"><\/div>\n                            <\/div>\n                            <span class=\"pmp-duration-display\">38:38<\/span>\n                        <\/div>\n                        \n                        <div class=\"pmp-volume-container\">\n                            <span class=\"pmp-volume-icon\">\ud83d\udd0a<\/span>\n                            <div class=\"pmp-volume-bar\">\n                                <div class=\"pmp-volume-fill\"><\/div>\n                            <\/div>\n                        <\/div>\n                    <\/div>\n                <\/div>\n                            <\/div>\n                                    \n            <div class=\"pmp-card\">\n                <div class=\"pmp-content\">\n                    <div class=\"pmp-speakers-images\">\n                                                                                                                                                    <div class=\"pmp-speaker-image\">\n                                                                            <img loading=\"lazy\" decoding=\"async\" width=\"80\" height=\"80\" src=\"https:\/\/entretiensalzheimer.org\/wp-content\/uploads\/2025\/10\/Katia-LE-DOARE-80x80.jpg\" class=\"attachment-thumbnail size-thumbnail wp-post-image\" alt=\"\" srcset=\"https:\/\/entretiensalzheimer.org\/wp-content\/uploads\/2025\/10\/Katia-LE-DOARE-80x80.jpg 80w, https:\/\/entretiensalzheimer.org\/wp-content\/uploads\/2025\/10\/Katia-LE-DOARE-36x36.jpg 36w, https:\/\/entretiensalzheimer.org\/wp-content\/uploads\/2025\/10\/Katia-LE-DOARE-180x180.jpg 180w\" sizes=\"auto, (max-width: 80px) 100vw, 80px\" \/>                                                                    <\/div>\n                                                                                                            \n                                                <button class=\"pmp-play-button-mini\" data-audio-url=\"https:\/\/entretiensalzheimer.org\/wp-content\/uploads\/2025\/10\/Nice-5-LNA-SANTE-2025.mp3\" data-duration=\"23:39\">\n                            <span class=\"pmp-play-icon\">\u25b6<\/span>\n                        <\/button>\n                                            <\/div>\n                    \n                    <div class=\"pmp-info\">\n                        <h2 class=\"pmp-podcast-title\">Retour d&#039;exp\u00e9rience sur l&#039;exp\u00e9rimentation des tenues civiles en Unit\u00e9 Prot\u00e9g\u00e9e du personnel soignant et h\u00f4telier<\/h2>\n                        \n                                                                                                                                                    <div class=\"pmp-speaker-info\">\n                                    <h3>Katia LEDOARE, represent\u00e9e par le Dr ATTAILLIA<\/h3>\n                                                                        <div class=\"pmp-speaker-title\">Directrice de la maison de retraite m\u00e9dicalis\u00e9e la Villa de Rimiez<\/div>\n                                                                    <\/div>\n                                                                                                            \n                        <div class=\"pmp-description\">\n                                                    <\/div>\n                    <\/div>\n                <\/div>\n                \n                                <div class=\"pmp-audio-player\" data-duration=\"23:39\">\n                    <audio preload=\"metadata\">\n                        <source src=\"https:\/\/entretiensalzheimer.org\/wp-content\/uploads\/2025\/10\/Nice-5-LNA-SANTE-2025.mp3\" type=\"audio\/mpeg\">\n                        Votre navigateur ne supporte pas l'audio HTML5.\n                    <\/audio>\n                    \n                    <div class=\"pmp-player-controls\">\n                        <button class=\"pmp-play-pause-btn\">\n                            <span class=\"pmp-play-icon\">\u25b6<\/span>\n                        <\/button>\n                        \n                        <div class=\"pmp-progress-container\">\n                            <span class=\"pmp-time-display\">00:00<\/span>\n                            <div class=\"pmp-progress-bar\">\n                                <div class=\"pmp-progress-fill\"><\/div>\n                            <\/div>\n                            <span class=\"pmp-duration-display\">23:39<\/span>\n                        <\/div>\n                        \n                        <div class=\"pmp-volume-container\">\n                            <span class=\"pmp-volume-icon\">\ud83d\udd0a<\/span>\n                            <div class=\"pmp-volume-bar\">\n                                <div class=\"pmp-volume-fill\"><\/div>\n                            <\/div>\n                        <\/div>\n                    <\/div>\n                <\/div>\n                            <\/div>\n                                    \n            <div class=\"pmp-card\">\n                <div class=\"pmp-content\">\n                    <div class=\"pmp-speakers-images\">\n                                                                                                                                                    <div class=\"pmp-speaker-image\">\n                                                                            <img loading=\"lazy\" decoding=\"async\" width=\"80\" height=\"80\" src=\"https:\/\/entretiensalzheimer.org\/wp-content\/uploads\/2025\/10\/marie-rossetti-80x80.jpg\" class=\"attachment-thumbnail size-thumbnail wp-post-image\" alt=\"\" srcset=\"https:\/\/entretiensalzheimer.org\/wp-content\/uploads\/2025\/10\/marie-rossetti-80x80.jpg 80w, https:\/\/entretiensalzheimer.org\/wp-content\/uploads\/2025\/10\/marie-rossetti-36x36.jpg 36w, https:\/\/entretiensalzheimer.org\/wp-content\/uploads\/2025\/10\/marie-rossetti-180x180.jpg 180w\" sizes=\"auto, (max-width: 80px) 100vw, 80px\" \/>                                                                    <\/div>\n                                                                                                            \n                                                <button class=\"pmp-play-button-mini\" data-audio-url=\"https:\/\/entretiensalzheimer.org\/wp-content\/uploads\/2025\/10\/Nice-6-Nutrisens-2025.mp3\" data-duration=\"10:45\">\n                            <span class=\"pmp-play-icon\">\u25b6<\/span>\n                        <\/button>\n                                            <\/div>\n                    \n                    <div class=\"pmp-info\">\n                        <h2 class=\"pmp-podcast-title\">Manger main : la nutrition au service de l&#039;autonomie - NUTRISENS<\/h2>\n                        \n                                                                                                                                                    <div class=\"pmp-speaker-info\">\n                                    <h3>Marie ROSSETTI<\/h3>\n                                                                        <div class=\"pmp-speaker-title\">Responsable grands comptes de NUTRISENS<\/div>\n                                                                    <\/div>\n                                                                                                            \n                        <div class=\"pmp-description\">\n                                                    <\/div>\n                    <\/div>\n                <\/div>\n                \n                                <div class=\"pmp-audio-player\" data-duration=\"10:45\">\n                    <audio preload=\"metadata\">\n                        <source src=\"https:\/\/entretiensalzheimer.org\/wp-content\/uploads\/2025\/10\/Nice-6-Nutrisens-2025.mp3\" type=\"audio\/mpeg\">\n                        Votre navigateur ne supporte pas l'audio HTML5.\n                    <\/audio>\n                    \n                    <div class=\"pmp-player-controls\">\n                        <button class=\"pmp-play-pause-btn\">\n                            <span class=\"pmp-play-icon\">\u25b6<\/span>\n                        <\/button>\n                        \n                        <div class=\"pmp-progress-container\">\n                            <span class=\"pmp-time-display\">00:00<\/span>\n                            <div class=\"pmp-progress-bar\">\n                                <div class=\"pmp-progress-fill\"><\/div>\n                            <\/div>\n                            <span class=\"pmp-duration-display\">10:45<\/span>\n                        <\/div>\n                        \n                        <div class=\"pmp-volume-container\">\n                            <span class=\"pmp-volume-icon\">\ud83d\udd0a<\/span>\n                            <div class=\"pmp-volume-bar\">\n                                <div class=\"pmp-volume-fill\"><\/div>\n                            <\/div>\n                        <\/div>\n                    <\/div>\n                <\/div>\n                            <\/div>\n                                    \n            <div class=\"pmp-card\">\n                <div class=\"pmp-content\">\n                    <div class=\"pmp-speakers-images\">\n                                                                                                                                                    <div class=\"pmp-speaker-image\">\n                                                                            <div style=\"width: 80px; height: 80px; background: #8B5A9F; display: flex; align-items: center; justify-content: center; color: white; font-weight: bold;\">\n                                            E                                        <\/div>\n                                                                    <\/div>\n                                                                                                            \n                                                <button class=\"pmp-play-button-mini\" data-audio-url=\"https:\/\/entretiensalzheimer.org\/wp-content\/uploads\/2025\/10\/Nice-7-ESA-2025.mp3\" data-duration=\"17:32\">\n                            <span class=\"pmp-play-icon\">\u25b6<\/span>\n                        <\/button>\n                                            <\/div>\n                    \n                    <div class=\"pmp-info\">\n                        <h2 class=\"pmp-podcast-title\">Pr\u00e9sentation de l\u2019Equipe Sp\u00e9cialis\u00e9e Alzheimer (ESA) du Service Autonomie \u00e0 Domicile du CCAS de Nice<\/h2>\n                        \n                                                                                                                                                    <div class=\"pmp-speaker-info\">\n                                    <h3>Equipe ESA du CCAS de Nice<\/h3>\n                                                                    <\/div>\n                                                                                                            \n                        <div class=\"pmp-description\">\n                                                    <\/div>\n                    <\/div>\n                <\/div>\n                \n                                <div class=\"pmp-audio-player\" data-duration=\"17:32\">\n                    <audio preload=\"metadata\">\n                        <source src=\"https:\/\/entretiensalzheimer.org\/wp-content\/uploads\/2025\/10\/Nice-7-ESA-2025.mp3\" type=\"audio\/mpeg\">\n                        Votre navigateur ne supporte pas l'audio HTML5.\n                    <\/audio>\n                    \n                    <div class=\"pmp-player-controls\">\n                        <button class=\"pmp-play-pause-btn\">\n                            <span class=\"pmp-play-icon\">\u25b6<\/span>\n                        <\/button>\n                        \n                        <div class=\"pmp-progress-container\">\n                            <span class=\"pmp-time-display\">00:00<\/span>\n                            <div class=\"pmp-progress-bar\">\n                                <div class=\"pmp-progress-fill\"><\/div>\n                            <\/div>\n                            <span class=\"pmp-duration-display\">17:32<\/span>\n                        <\/div>\n                        \n                        <div class=\"pmp-volume-container\">\n                            <span class=\"pmp-volume-icon\">\ud83d\udd0a<\/span>\n                            <div class=\"pmp-volume-bar\">\n                                <div class=\"pmp-volume-fill\"><\/div>\n                            <\/div>\n                        <\/div>\n                    <\/div>\n                <\/div>\n                            <\/div>\n                    <\/div>\n        \n            <\/div>        <\/div>    <\/div><\/section>\n<section class=\"av_toggle_section\"  itemscope=\"itemscope\" itemtype=\"https:\/\/schema.org\/CreativeWork\"  >    <div role=\"tablist\" class=\"single_toggle\" data-tags=\"{Tout} \"  >        <p data-fake-id=\"#toggle-id-3\" class=\"toggler \"  itemprop=\"headline\"  style='background-color: #8f47ad; '  role=\"tab\" tabindex=\"0\" aria-controls=\"toggle-id-3-container\">Podcasts<span class=\"toggle_icon\" >        <span class=\"vert_icon\"><\/span><span class=\"hor_icon\"><\/span><\/span><\/p>        <div id=\"toggle-id-3-container\" class=\"toggle_wrap \"  >            <div class=\"toggle_content invers-color \"  itemprop=\"text\"  style='background-color: #8f47ad; ' ><p><img loading=\"lazy\" decoding=\"async\" class=\"size-thumbnail wp-image-9124 alignleft\" src=\"https:\/\/entretiensalzheimer.org\/wp-content\/uploads\/2021\/11\/photo-remygenthon-80x80.jpg\" alt=\"\" width=\"80\" height=\"80\" srcset=\"https:\/\/entretiensalzheimer.org\/wp-content\/uploads\/2021\/11\/photo-remygenthon-80x80.jpg 80w, https:\/\/entretiensalzheimer.org\/wp-content\/uploads\/2021\/11\/photo-remygenthon-36x36.jpg 36w, https:\/\/entretiensalzheimer.org\/wp-content\/uploads\/2021\/11\/photo-remygenthon-180x180.jpg 180w\" sizes=\"auto, (max-width: 80px) 100vw, 80px\" \/><\/p>\n<p><strong>Actualit\u00e9 de la recherche<\/strong><\/p>\n<p><strong>Dr R\u00e9my GENTHON<\/strong>, <em>Directeur Scientifique de la Fondation Recherche Alzheimer<\/em><\/p>\n<!--[if lt IE 9]><script>document.createElement('audio');<\/script><![endif]-->\n<audio class=\"wp-audio-shortcode\" id=\"audio-9835-1\" preload=\"none\" style=\"width: 100%;\" controls=\"controls\"><source type=\"audio\/mpeg\" src=\"https:\/\/entretiensalzheimer.org\/wp-content\/uploads\/2024\/11\/Actualite-r.-genthon-EA-Nice-2024.mp3?_=1\" \/><a href=\"https:\/\/entretiensalzheimer.org\/wp-content\/uploads\/2024\/11\/Actualite-r.-genthon-EA-Nice-2024.mp3\">https:\/\/entretiensalzheimer.org\/wp-content\/uploads\/2024\/11\/Actualite-r.-genthon-EA-Nice-2024.mp3<\/a><\/audio>\n<hr \/>\n<p><img loading=\"lazy\" decoding=\"async\" class=\"size-thumbnail wp-image-9124 alignleft\" src=\"https:\/\/entretiensalzheimer.org\/wp-content\/uploads\/2021\/11\/photo-remygenthon-80x80.jpg\" alt=\"\" width=\"80\" height=\"80\" srcset=\"https:\/\/entretiensalzheimer.org\/wp-content\/uploads\/2021\/11\/photo-remygenthon-80x80.jpg 80w, https:\/\/entretiensalzheimer.org\/wp-content\/uploads\/2021\/11\/photo-remygenthon-36x36.jpg 36w, https:\/\/entretiensalzheimer.org\/wp-content\/uploads\/2021\/11\/photo-remygenthon-180x180.jpg 180w\" sizes=\"auto, (max-width: 80px) 100vw, 80px\" \/><\/p>\n<p><strong>Le diagnostic pr\u00e9coce<\/strong><\/p>\n<p><strong>Dr R\u00e9my GENTHON<\/strong>, <em>Directeur Scientifique de la Fondation Recherche Alzheimer<\/em><\/p>\n<audio class=\"wp-audio-shortcode\" id=\"audio-9835-2\" preload=\"none\" style=\"width: 100%;\" controls=\"controls\"><source type=\"audio\/mpeg\" src=\"https:\/\/entretiensalzheimer.org\/wp-content\/uploads\/2024\/11\/diagnostic-precoce-R-Genton-EA-Nice-2024.mp3?_=2\" \/><a href=\"https:\/\/entretiensalzheimer.org\/wp-content\/uploads\/2024\/11\/diagnostic-precoce-R-Genton-EA-Nice-2024.mp3\">https:\/\/entretiensalzheimer.org\/wp-content\/uploads\/2024\/11\/diagnostic-precoce-R-Genton-EA-Nice-2024.mp3<\/a><\/audio>\n<hr \/>\n<p><img loading=\"lazy\" decoding=\"async\" class=\"size-thumbnail wp-image-7257 alignleft\" src=\"https:\/\/entretiensalzheimer.org\/wp-content\/uploads\/2021\/09\/DE-LADOUCETTE-OLIVIER-\u00a9E.Durand-NotreTemps-80x80.jpg\" alt=\"\" width=\"80\" height=\"80\" srcset=\"https:\/\/entretiensalzheimer.org\/wp-content\/uploads\/2021\/09\/DE-LADOUCETTE-OLIVIER-\u00a9E.Durand-NotreTemps-80x80.jpg 80w, https:\/\/entretiensalzheimer.org\/wp-content\/uploads\/2021\/09\/DE-LADOUCETTE-OLIVIER-\u00a9E.Durand-NotreTemps-36x36.jpg 36w, https:\/\/entretiensalzheimer.org\/wp-content\/uploads\/2021\/09\/DE-LADOUCETTE-OLIVIER-\u00a9E.Durand-NotreTemps-180x180.jpg 180w\" sizes=\"auto, (max-width: 80px) 100vw, 80px\" \/><\/p>\n<p><strong>Le burn-out des aidants<\/strong><\/p>\n<p><strong>Dr Olivier de LADOUCETTE<\/strong>, <em>Psychiatre, g\u00e9riatre et Pr\u00e9sident de la Fondation Recherche Alzheimer<\/em><\/p>\n<audio class=\"wp-audio-shortcode\" id=\"audio-9835-3\" preload=\"none\" style=\"width: 100%;\" controls=\"controls\"><source type=\"audio\/mpeg\" src=\"https:\/\/entretiensalzheimer.org\/wp-content\/uploads\/2024\/11\/Burn-out-des-aidants-ODL-EA-Nice-2024.mp3?_=3\" \/><a href=\"https:\/\/entretiensalzheimer.org\/wp-content\/uploads\/2024\/11\/Burn-out-des-aidants-ODL-EA-Nice-2024.mp3\">https:\/\/entretiensalzheimer.org\/wp-content\/uploads\/2024\/11\/Burn-out-des-aidants-ODL-EA-Nice-2024.mp3<\/a><\/audio>\n<hr \/>\n<p><img loading=\"lazy\" decoding=\"async\" class=\"size-thumbnail wp-image-19053 alignleft\" src=\"https:\/\/entretiensalzheimer.org\/wp-content\/uploads\/2023\/11\/philippe-robert-nice-80x80.jpg\" alt=\"\" width=\"80\" height=\"80\" srcset=\"https:\/\/entretiensalzheimer.org\/wp-content\/uploads\/2023\/11\/philippe-robert-nice-80x80.jpg 80w, https:\/\/entretiensalzheimer.org\/wp-content\/uploads\/2023\/11\/philippe-robert-nice-36x36.jpg 36w, https:\/\/entretiensalzheimer.org\/wp-content\/uploads\/2023\/11\/philippe-robert-nice-180x180.jpg 180w\" sizes=\"auto, (max-width: 80px) 100vw, 80px\" \/><\/p>\n<p><strong>Projets de recherche \u00e0 Nice<\/strong><\/p>\n<p><strong>Pr Philippe ROBERT<\/strong>, <em>Professeur de psychiatrie \u00e0 l\u2019Universit\u00e9 C\u00f4te d\u2019Azur, Directeur de l&rsquo;\u00e9quipe CoBTek<\/em><\/p>\n<audio class=\"wp-audio-shortcode\" id=\"audio-9835-4\" preload=\"none\" style=\"width: 100%;\" controls=\"controls\"><source type=\"audio\/mpeg\" src=\"https:\/\/entretiensalzheimer.org\/wp-content\/uploads\/2024\/11\/P-Robert-projets-de-recherche-nice-EA-Nice-2024.mp3?_=4\" \/><a href=\"https:\/\/entretiensalzheimer.org\/wp-content\/uploads\/2024\/11\/P-Robert-projets-de-recherche-nice-EA-Nice-2024.mp3\">https:\/\/entretiensalzheimer.org\/wp-content\/uploads\/2024\/11\/P-Robert-projets-de-recherche-nice-EA-Nice-2024.mp3<\/a><\/audio>\n            <\/div>        <\/div>    <\/div><\/section>\n<section class=\"av_toggle_section\"  itemscope=\"itemscope\" itemtype=\"https:\/\/schema.org\/CreativeWork\"  >    <div role=\"tablist\" class=\"single_toggle\" data-tags=\"{Tout} \"  >        <p data-fake-id=\"#toggle-id-4\" class=\"toggler \"  itemprop=\"headline\"  style='background-color: #8f47ad; '  role=\"tab\" tabindex=\"0\" aria-controls=\"toggle-id-4-container\">Guide des aidants<span class=\"toggle_icon\" >        <span class=\"vert_icon\"><\/span><span class=\"hor_icon\"><\/span><\/span><\/p>        <div id=\"toggle-id-4-container\" class=\"toggle_wrap \"  >            <div class=\"toggle_content invers-color \"  itemprop=\"text\"  style='background-color: #8f47ad; ' ><p>T\u00e9l\u00e9chargez le Petit Guide des Aidants de la Fondation<\/p>\n<div  class='avia-button-wrap avia-button-center  avia-builder-el-11  el_after_av_button  avia-builder-el-last ' ><a href='https:\/\/uniscontrealzheimer.fr\/index.php\/le-petit-guide-des-aidants\/' class='avia-button   avia-icon_select-yes-left-icon avia-color-theme-color avia-size-medium avia-position-center ' target=\"_blank\" rel=\"noopener\"><span class='avia_button_icon avia_button_icon_left ' aria-hidden='true' data-av_icon='\ue84e' data-av_iconfont='entypo-fontello'><\/span><span class='avia_iconbox_title' >Guide des aidants<\/span><\/a><\/div>\n            <\/div>        <\/div>    <\/div><\/section>\n<\/div><\/p><\/div>\n","protected":false},"excerpt":{"rendered":"","protected":false},"author":4,"featured_media":0,"parent":0,"menu_order":0,"comment_status":"closed","ping_status":"closed","template":"","meta":{"footnotes":""},"class_list":["post-9835","page","type-page","status-publish","hentry"],"_links":{"self":[{"href":"https:\/\/entretiensalzheimer.org\/index.php\/wp-json\/wp\/v2\/pages\/9835","targetHints":{"allow":["GET"]}}],"collection":[{"href":"https:\/\/entretiensalzheimer.org\/index.php\/wp-json\/wp\/v2\/pages"}],"about":[{"href":"https:\/\/entretiensalzheimer.org\/index.php\/wp-json\/wp\/v2\/types\/page"}],"author":[{"embeddable":true,"href":"https:\/\/entretiensalzheimer.org\/index.php\/wp-json\/wp\/v2\/users\/4"}],"replies":[{"embeddable":true,"href":"https:\/\/entretiensalzheimer.org\/index.php\/wp-json\/wp\/v2\/comments?post=9835"}],"version-history":[{"count":74,"href":"https:\/\/entretiensalzheimer.org\/index.php\/wp-json\/wp\/v2\/pages\/9835\/revisions"}],"predecessor-version":[{"id":21991,"href":"https:\/\/entretiensalzheimer.org\/index.php\/wp-json\/wp\/v2\/pages\/9835\/revisions\/21991"}],"wp:attachment":[{"href":"https:\/\/entretiensalzheimer.org\/index.php\/wp-json\/wp\/v2\/media?parent=9835"}],"curies":[{"name":"wp","href":"https:\/\/api.w.org\/{rel}","templated":true}]}}